{"id":1668,"date":"2024-04-03T19:22:02","date_gmt":"2024-04-03T17:22:02","guid":{"rendered":"podlove-2024-04-03t16:59:17+00:00-bcf44782072f061"},"modified":"2024-04-19T16:18:01","modified_gmt":"2024-04-19T14:18:01","slug":"rb_127-sco-auf-gehts-zum-doon-hill-fairy-trail-die-feen-besuchen","status":"publish","type":"podcast","link":"https:\/\/www.reisetagebuch-podcast.de\/wordpress\/2024\/04\/03\/rb_127-sco-auf-gehts-zum-doon-hill-fairy-trail-die-feen-besuchen\/","title":{"rendered":"rb_127 &#8211; SCO &#8211; auf gehts zum Doon Hill Fairy Trail &#8211; die Feen besuchen &#8211; 2023-07-11"},"content":{"rendered":"\n\t\t\n            <div class=\"podlove-web-player intrinsic-ignore podlove-web-player-loading\" id=\"player-69f18fda4a2c1\"><root data-test=\"player--xl\" style=\"max-width:950px;min-width:260px;\">\n  <div class=\"tablet:px-6 tablet:pt-6 mobile:px-4 mobile:pt-4 flex flex-col\">\n    <div class=\"flex-col items-center mobile:flex tablet:hidden\">\n      <show-title class=\"text-sm\"><\/show-title>\n      <episode-title class=\"text-base mb-2\"><\/episode-title>\n      <subscribe-button class=\"mb-4 mobile:flex tablet:hidden\"><\/subscribe-button>\n      <poster class=\"rounded-sm w-48 shadow overflow-hidden\"><\/poster>\n      <divider class=\"w-full my-6\"><\/divider>\n    <\/div>\n\n    <div class=\"tablet:flex flex-grow\">\n      <div class=\"w-64 mobile:hidden tablet:block tablet:mr-6\">\n        <poster class=\"rounded-sm shadow overflow-hidden\"><\/poster>\n      <\/div>\n      <div class=\"w-full\">\n        <div class=\"hidden tablet:block\">\n          <show-title class=\"text-base\"><\/show-title>\n          <episode-title class=\"text-xl desktop:text-2xl\"><\/episode-title>\n          <divider class=\"w-full my-4\"><\/divider>\n        <\/div>\n        <div class=\"flex items-center justify-between\">\n          <div class=\"block\">\n            <play-state on=\"active\">\n              <speed-control class=\"flex items-center\"><\/speed-control>\n            <\/play-state>\n          <\/div>\n\n          <div class=\"flex\">\n            <play-state on=\"active\">\n              <chapter-previous class=\"mx-2 block\"><\/chapter-previous>\n            <\/play-state>\n            <play-state on=\"active\">\n              <step-backward class=\"mx-2 block\"><\/step-backward>\n            <\/play-state>\n\n            <play-button class=\"mx-2 block\" :label=\"$t('PLAYER.PLAY_EPISODE')\"><\/play-button>\n\n            <play-state on=\"active\">\n              <step-forward class=\"mx-2 block\"><\/step-forward>\n            <\/play-state>\n            <play-state on=\"active\">\n              <chapter-next class=\"mx-2 block\"><\/chapter-next>\n            <\/play-state>\n          <\/div>\n\n          <div class=\"block\">\n            <play-state on=\"active\">\n              <volume-control class=\"flex items-center\"><\/volume-control>\n            <\/play-state>\n          <\/div>\n        <\/div>\n        <div class=\"flex w-full\">\n          <progress-bar><\/progress-bar>\n        <\/div>\n        <div class=\"flex w-full -mt-2\">\n          <div class=\"w-3\/12 text-left\">\n            <timer-current class=\"text-sm\"><\/timer-current>\n          <\/div>\n          <div class=\"w-6\/12 text-center truncate\">\n            <play-state on=\"active\">\n              <current-chapter class=\"text-sm\"><\/current-chapter>\n            <\/play-state>\n          <\/div>\n          <div class=\"w-3\/12 text-right\">\n            <timer-duration class=\"text-sm\"><\/timer-duration>\n          <\/div>\n        <\/div>\n      <\/div>\n    <\/div>\n    <divider class=\"w-full mt-6 mb-3\"><\/divider>\n    <div class=\"flex justify-between\">\n      <div class=\"flex mobile:w-full tablet:w-3\/12 desktop:w-3\/12 justify-between\">\n        <tab-trigger tab=\"chapters\">\n          <icon type=\"chapter\"><\/icon>\n        <\/tab-trigger>\n        <tab-trigger tab=\"transcripts\">\n          <icon type=\"transcripts\"><\/icon>\n        <\/tab-trigger>\n        <tab-trigger tab=\"files\">\n          <icon type=\"download\"><\/icon>\n        <\/tab-trigger>\n        <tab-trigger tab=\"playlist\">\n          <icon type=\"playlist\"><\/icon>\n        <\/tab-trigger>\n        <tab-trigger tab=\"share\">\n          <icon type=\"share\"><\/icon>\n        <\/tab-trigger>\n      <\/div>\n      <subscribe-button class=\"mt-1 mobile:hidden tablet:flex\"><\/subscribe-button>\n    <\/div>\n  <\/div>\n  <div class=\"w-full relative overflow-hidden\">\n    <tab name=\"chapters\">\n      <tab-chapters><\/tab-chapters>\n    <\/tab>\n    <tab name=\"transcripts\">\n      <tab-transcripts><\/tab-transcripts>\n    <\/tab>\n    <tab name=\"files\">\n      <tab-files><\/tab-files>\n    <\/tab>\n    <tab name=\"playlist\">\n      <tab-playlist><\/tab-playlist>\n    <\/tab>\n    <tab name=\"share\">\n      <tab-share><\/tab-share>\n    <\/tab>\n    <tab-overflow><\/tab-overflow>\n  <\/div>\n  <error><\/error>\n<\/root>\n<\/div>\n            <script>\n              document.addEventListener(\"DOMContentLoaded\", function() {\n                var player = document.getElementById(\"player-69f18fda4a2c1\");\n                podlovePlayerCache.add([{\"url\":\"https:\\\/\\\/www.reisetagebuch-podcast.de\\\/wordpress\\\/wp-json\\\/podlove-web-player\\\/shortcode\\\/publisher\\\/1668\",\"data\":{\"version\":5,\"show\":{\"title\":\"Reisetagebuch Podcast\",\"subtitle\":\"Wenn einer eine Reise tut, dann hat er viel zu erz\\u00e4hlen\",\"summary\":\"Ich erz\\u00e4hle euch meine Reisen und nehme euch ein St\\u00fcck weit mit...\",\"poster\":\"https:\\\/\\\/www.reisetagebuch-podcast.de\\\/wordpress\\\/podlove\\\/image\\\/687474703a2f2f7777772e726569736574616765627563682d706f64636173742e64652f776f726470726573732f77702d636f6e74656e742f75706c6f6164732f323031362f30352f4c6f676f30312d4b6f7069652d313430302e706e67\\\/500\\\/0\\\/0\\\/reisetagebuch-podcast\",\"link\":\"https:\\\/\\\/www.reisetagebuch-podcast.de\\\/wordpress\"},\"title\":\"rb_127 - SCO - auf gehts zum Doon Hill Fairy Trail - die Feen besuchen - 2023-07-11\",\"subtitle\":\"\",\"summary\":\"\",\"publicationDate\":\"2024-04-03T19:22:02+02:00\",\"duration\":\"00:13:26.692\",\"poster\":\"https:\\\/\\\/www.reisetagebuch-podcast.de\\\/wordpress\\\/podlove\\\/image\\\/687474703a2f2f7777772e726569736574616765627563682d706f64636173742e64652f776f726470726573732f77702d636f6e74656e742f75706c6f6164732f323031362f30352f4c6f676f30312d4b6f7069652d313430302e706e67\\\/500\\\/0\\\/0\\\/reisetagebuch-podcast\",\"link\":\"https:\\\/\\\/www.reisetagebuch-podcast.de\\\/wordpress\\\/2024\\\/04\\\/03\\\/rb_127-sco-auf-gehts-zum-doon-hill-fairy-trail-die-feen-besuchen\\\/\",\"chapters\":[],\"audio\":[{\"url\":\"https:\\\/\\\/www.reisetagebuch-podcast.de\\\/wordpress\\\/podlove\\\/file\\\/877\\\/s\\\/webplayer\\\/c\\\/website\\\/rb_127-sco-auf-gehts-zum-doon-hill-fairy-trail-die-feen-besuchen.m4a\",\"size\":\"9077314\",\"title\":\"MPEG-4 AAC Audio (m4a)\",\"mimeType\":\"audio\\\/mp4\"},{\"url\":\"https:\\\/\\\/www.reisetagebuch-podcast.de\\\/wordpress\\\/podlove\\\/file\\\/875\\\/s\\\/webplayer\\\/c\\\/website\\\/rb_127-sco-auf-gehts-zum-doon-hill-fairy-trail-die-feen-besuchen.mp3\",\"size\":\"11451651\",\"title\":\"MP3 Audio (mp3)\",\"mimeType\":\"audio\\\/mpeg\"},{\"url\":\"https:\\\/\\\/www.reisetagebuch-podcast.de\\\/wordpress\\\/podlove\\\/file\\\/876\\\/s\\\/webplayer\\\/c\\\/website\\\/rb_127-sco-auf-gehts-zum-doon-hill-fairy-trail-die-feen-besuchen.opus\",\"size\":\"6514304\",\"title\":\"Opus Audio (opus)\",\"mimeType\":\"audio\\\/ogg;codecs=opus\"}],\"files\":[{\"url\":\"https:\\\/\\\/www.reisetagebuch-podcast.de\\\/wordpress\\\/podlove\\\/file\\\/875\\\/s\\\/webplayer\\\/rb_127-sco-auf-gehts-zum-doon-hill-fairy-trail-die-feen-besuchen.mp3\",\"size\":\"11451651\",\"title\":\"MP3 Audio\",\"mimeType\":\"audio\\\/mpeg\"},{\"url\":\"https:\\\/\\\/www.reisetagebuch-podcast.de\\\/wordpress\\\/podlove\\\/file\\\/877\\\/s\\\/webplayer\\\/rb_127-sco-auf-gehts-zum-doon-hill-fairy-trail-die-feen-besuchen.m4a\",\"size\":\"9077314\",\"title\":\"MPEG-4 AAC Audio\",\"mimeType\":\"audio\\\/mp4\"},{\"url\":\"https:\\\/\\\/www.reisetagebuch-podcast.de\\\/wordpress\\\/podlove\\\/file\\\/876\\\/s\\\/webplayer\\\/rb_127-sco-auf-gehts-zum-doon-hill-fairy-trail-die-feen-besuchen.opus\",\"size\":\"6514304\",\"title\":\"Opus Audio\",\"mimeType\":\"audio\\\/ogg;codecs=opus\"}],\"contributors\":[{\"id\":\"1\",\"name\":\"Mario\",\"avatar\":\"https:\\\/\\\/www.reisetagebuch-podcast.de\\\/wordpress\\\/wp-content\\\/cache\\\/podlove\\\/29\\\/298393e55dac6e4e5f09e48b0d6a4d\\\/mario_150x150.jpg\",\"role\":null,\"group\":null,\"comment\":null}]}}, {\"url\":\"https:\\\/\\\/www.reisetagebuch-podcast.de\\\/wordpress\\\/wp-json\\\/podlove-web-player\\\/shortcode\\\/config\\\/default\\\/theme\\\/default\",\"data\":{\"activeTab\":\"chapters\",\"subscribe-button\":null,\"share\":{\"channels\":[\"facebook\",\"twitter\",\"whats-app\",\"linkedin\",\"pinterest\",\"xing\",\"mail\",\"link\"],\"outlet\":\"https:\\\/\\\/www.reisetagebuch-podcast.de\\\/wordpress\\\/wp-content\\\/plugins\\\/podlove-web-player\\\/web-player\\\/share.html\",\"sharePlaytime\":true},\"related-episodes\":{\"source\":\"disabled\",\"value\":null},\"version\":5,\"theme\":{\"tokens\":{\"brand\":\"#E64415\",\"brandDark\":\"#235973\",\"brandDarkest\":\"#1A3A4A\",\"brandLightest\":\"#E9F1F5\",\"shadeDark\":\"#807E7C\",\"shadeBase\":\"#807E7C\",\"contrast\":\"#000\",\"alt\":\"#fff\"},\"fonts\":{\"ci\":{\"name\":\"ci\",\"family\":[\"-apple-system\",\"BlinkMacSystemFont\",\"Segoe UI\",\"Roboto\",\"Helvetica\",\"Arial\",\"sans-serif\",\"Apple Color Emoji\",\"Segoe UI Emoji\\\", \\\"Segoe UI Symbol\"],\"src\":[],\"weight\":800},\"regular\":{\"name\":\"regular\",\"family\":[\"-apple-system\",\"BlinkMacSystemFont\",\"Segoe UI\",\"Roboto\",\"Helvetica\",\"Arial\",\"sans-serif\",\"Apple Color Emoji\",\"Segoe UI Emoji\\\", \\\"Segoe UI Symbol\"],\"src\":[],\"weight\":300},\"bold\":{\"name\":\"bold\",\"family\":[\"-apple-system\",\"BlinkMacSystemFont\",\"Segoe UI\",\"Roboto\",\"Helvetica\",\"Arial\",\"sans-serif\",\"Apple Color Emoji\",\"Segoe UI Emoji\\\", \\\"Segoe UI Symbol\"],\"src\":[],\"weight\":700}}},\"base\":\"https:\\\/\\\/www.reisetagebuch-podcast.de\\\/wordpress\\\/wp-content\\\/plugins\\\/podlove-web-player\\\/web-player\\\/\"}}]);\n                podlovePlayer(player, \"https:\/\/www.reisetagebuch-podcast.de\/wordpress\/wp-json\/podlove-web-player\/shortcode\/publisher\/1668\", \"https:\/\/www.reisetagebuch-podcast.de\/wordpress\/wp-json\/podlove-web-player\/shortcode\/config\/default\/theme\/default\").then(function() {\n                  player && player.classList.remove(\"podlove-web-player-loading\");\n                });\n              });\n            <\/script>\n            <style>\n              .podlove-web-player.podlove-web-player-loading {\n                opacity: 0;\n              }\n            <\/style>\n        \n\t\n\t\t<form action=\"#\"><div class=\"episode_downloads\"><input type=\"hidden\" name=\"ptm_source\" value=\"download\" \/><input type=\"hidden\" name=\"ptm_context\" value=\"select-button\" \/><select name=\"download_media_file\"><option value=\"875\" data-raw-url=\"https:\/\/www.reisetagebuch-podcast.de\/wordpress\/podlove\/file\/875\/s\/download\/c\/select-show\/rb_127-sco-auf-gehts-zum-doon-hill-fairy-trail-die-feen-besuchen.mp3\">MP3 Audio [11 MB]<\/option><option value=\"877\" data-raw-url=\"https:\/\/www.reisetagebuch-podcast.de\/wordpress\/podlove\/file\/877\/s\/download\/c\/select-show\/rb_127-sco-auf-gehts-zum-doon-hill-fairy-trail-die-feen-besuchen.m4a\">MPEG-4 AAC Audio [9 MB]<\/option><option value=\"876\" data-raw-url=\"https:\/\/www.reisetagebuch-podcast.de\/wordpress\/podlove\/file\/876\/s\/download\/c\/select-show\/rb_127-sco-auf-gehts-zum-doon-hill-fairy-trail-die-feen-besuchen.opus\">Opus Audio [6 MB]<\/option><\/select><button class=\"podlove-download-primary\">Download<\/button><button class=\"podlove-download-secondary\">Show URL<\/button><\/div><\/form><script>\nfunction podlove_document_ready(fn) {\n  if (document.readyState != 'loading'){\n    fn();\n  } else {\n    document.addEventListener('DOMContentLoaded', fn);\n  }\n}\n\npodlove_document_ready(function() {\n\tdocument.querySelectorAll(\".episode_downloads\").forEach(function(item) {\n        var selectEl = item.querySelector(\"select\");\n\n        item.querySelector(\"button.podlove-download-secondary\").addEventListener(\"click\", function(e) {\n\t\t\te.preventDefault();\n            var optionEl = selectEl.querySelector(\"option[value='\"+ selectEl.value +\"']\")\n            let url = optionEl.dataset.rawUrl;\n\t\t\tprompt(\"Feel free to copy and paste this URL\", url);\n\t\t\treturn false;\n\t\t})\n\t});\n});\n<\/script>\n\n<p>wir sind ja nicht das erste mal auf diesem Zeltplatz bei Aberfoyle und haben den mit Absicht ausgesucht. Zum einen nicht weit weg von Aberfoyle, aber auch mitten in der Natur.<\/p>\n\n\n\n<p>Zudem kann man die Feen besuchen, das haben wir ja schon mal gemacht, also wiederholen wir das noch mal. Dazu k\u00f6nnen sich die Kinder nicht mehr an das erste mal erinnern.<\/p>\n\n\n<div class=\"wp-block-image\">\n<figure class=\"aligncenter size-large\"><img loading=\"lazy\" decoding=\"async\" width=\"768\" height=\"1024\" src=\"http:\/\/www.reisetagebuch-podcast.de\/wordpress\/wp-content\/uploads\/2024\/04\/Feenhaus-IMG_20230711_112652-768x1024.jpg\" alt=\"Ein fetter Baumstamm, der auf ca. 2 m abges\u00e4gt ist und aus diesme wurde ein Haus heraugeschnitzt, das kleine Fenster und T\u00fcren hat, ein spitzes Dach und einen Schornstein.\nIn die Ritzen und Fenster des Hauses, haben BesucherInnen, M\u00fcnzen gesteckt und gelegt\" class=\"wp-image-1664\" srcset=\"https:\/\/www.reisetagebuch-podcast.de\/wordpress\/wp-content\/uploads\/2024\/04\/Feenhaus-IMG_20230711_112652-768x1024.jpg 768w, https:\/\/www.reisetagebuch-podcast.de\/wordpress\/wp-content\/uploads\/2024\/04\/Feenhaus-IMG_20230711_112652-225x300.jpg 225w, https:\/\/www.reisetagebuch-podcast.de\/wordpress\/wp-content\/uploads\/2024\/04\/Feenhaus-IMG_20230711_112652-1152x1536.jpg 1152w, https:\/\/www.reisetagebuch-podcast.de\/wordpress\/wp-content\/uploads\/2024\/04\/Feenhaus-IMG_20230711_112652-1536x2048.jpg 1536w, https:\/\/www.reisetagebuch-podcast.de\/wordpress\/wp-content\/uploads\/2024\/04\/Feenhaus-IMG_20230711_112652-scaled.jpg 1920w\" sizes=\"auto, (max-width: 768px) 100vw, 768px\" \/><\/figure>\n<\/div>\n\n\n<p>In den Jahren hat sich hier schon einiges ver\u00e4ndert, der Zahn der Zeit nagt auch hier&#8230;<\/p>\n\n\n<div class=\"wp-block-image\">\n<figure class=\"aligncenter size-large\"><img loading=\"lazy\" decoding=\"async\" width=\"1024\" height=\"768\" src=\"http:\/\/www.reisetagebuch-podcast.de\/wordpress\/wp-content\/uploads\/2024\/04\/Fee-am-Baum-IMG_20230711_114430-1024x768.jpg\" alt=\"Auf einem Teil der Wurzel am Boden ist eine ca. 3 cm hohe kleine Feeenskulptur. Rings herum liegen M\u00fcnzen um den Baum und auch bei der kleinen Fee\" class=\"wp-image-1662\" srcset=\"https:\/\/www.reisetagebuch-podcast.de\/wordpress\/wp-content\/uploads\/2024\/04\/Fee-am-Baum-IMG_20230711_114430-1024x768.jpg 1024w, https:\/\/www.reisetagebuch-podcast.de\/wordpress\/wp-content\/uploads\/2024\/04\/Fee-am-Baum-IMG_20230711_114430-300x225.jpg 300w, https:\/\/www.reisetagebuch-podcast.de\/wordpress\/wp-content\/uploads\/2024\/04\/Fee-am-Baum-IMG_20230711_114430-768x576.jpg 768w, https:\/\/www.reisetagebuch-podcast.de\/wordpress\/wp-content\/uploads\/2024\/04\/Fee-am-Baum-IMG_20230711_114430-1536x1152.jpg 1536w, https:\/\/www.reisetagebuch-podcast.de\/wordpress\/wp-content\/uploads\/2024\/04\/Fee-am-Baum-IMG_20230711_114430-2048x1536.jpg 2048w\" sizes=\"auto, (max-width: 1024px) 100vw, 1024px\" \/><\/figure>\n<\/div>\n\n<div class=\"wp-block-image\">\n<figure class=\"aligncenter size-large\"><img loading=\"lazy\" decoding=\"async\" width=\"768\" height=\"1024\" src=\"http:\/\/www.reisetagebuch-podcast.de\/wordpress\/wp-content\/uploads\/2024\/04\/Herz-im-Baum-IMG_20230711_114530-768x1024.jpg\" alt=\"In einem kleinen Astloch eines Baumes, hat jemand ein kleines goldfarbenes Herz gestellt, das aufmerksame Besucher sehen k\u00f6nnen. \" class=\"wp-image-1666\" srcset=\"https:\/\/www.reisetagebuch-podcast.de\/wordpress\/wp-content\/uploads\/2024\/04\/Herz-im-Baum-IMG_20230711_114530-768x1024.jpg 768w, https:\/\/www.reisetagebuch-podcast.de\/wordpress\/wp-content\/uploads\/2024\/04\/Herz-im-Baum-IMG_20230711_114530-225x300.jpg 225w, https:\/\/www.reisetagebuch-podcast.de\/wordpress\/wp-content\/uploads\/2024\/04\/Herz-im-Baum-IMG_20230711_114530-1152x1536.jpg 1152w, https:\/\/www.reisetagebuch-podcast.de\/wordpress\/wp-content\/uploads\/2024\/04\/Herz-im-Baum-IMG_20230711_114530-1536x2048.jpg 1536w, https:\/\/www.reisetagebuch-podcast.de\/wordpress\/wp-content\/uploads\/2024\/04\/Herz-im-Baum-IMG_20230711_114530-scaled.jpg 1920w\" sizes=\"auto, (max-width: 768px) 100vw, 768px\" \/><\/figure>\n<\/div>\n\n\n<p>\u00dcberall um die Feenh\u00e4user und B\u00e4ume sind kleine Details, die einen Besuch so zu unerwarteten &#8222;Funden&#8220; verhilft und man immer wieder ins Staunen kommt.<\/p>\n\n\n<div class=\"wp-block-image\">\n<figure class=\"aligncenter size-large\"><img loading=\"lazy\" decoding=\"async\" width=\"768\" height=\"1024\" src=\"http:\/\/www.reisetagebuch-podcast.de\/wordpress\/wp-content\/uploads\/2024\/04\/Feenbaum-IMG_20230711_120959-768x1024.jpg\" alt=\"Vor uns steht ein Baum mit zwei aus dem Boden gew\u00e4chsenen St\u00e4mmen. Der linke ist noch ein gr\u00fcner Baum und der recht ist auf ca 1,5m  gek\u00fcrzt und zu einem Feenhaus umgearbeitet. Das Feenhaus hat eine Treppe, T\u00fcr und Fenster, ein spitzes Dach. In den Spalten und Ritzen stecken wieder M\u00fcnzen als Gabe an die Feen\" class=\"wp-image-1663\" srcset=\"https:\/\/www.reisetagebuch-podcast.de\/wordpress\/wp-content\/uploads\/2024\/04\/Feenbaum-IMG_20230711_120959-768x1024.jpg 768w, https:\/\/www.reisetagebuch-podcast.de\/wordpress\/wp-content\/uploads\/2024\/04\/Feenbaum-IMG_20230711_120959-225x300.jpg 225w, https:\/\/www.reisetagebuch-podcast.de\/wordpress\/wp-content\/uploads\/2024\/04\/Feenbaum-IMG_20230711_120959-1152x1536.jpg 1152w, https:\/\/www.reisetagebuch-podcast.de\/wordpress\/wp-content\/uploads\/2024\/04\/Feenbaum-IMG_20230711_120959-1536x2048.jpg 1536w, https:\/\/www.reisetagebuch-podcast.de\/wordpress\/wp-content\/uploads\/2024\/04\/Feenbaum-IMG_20230711_120959-scaled.jpg 1920w\" sizes=\"auto, (max-width: 768px) 100vw, 768px\" \/><\/figure>\n<\/div>\n\n\n<p>Auf dem R\u00fcckweg ging es dann \u00fcber Aberfoyle, vorbei am Friedhof mit tollen Gr\u00e4bern.<\/p>\n\n\n<div class=\"wp-block-image\">\n<figure class=\"aligncenter size-large\"><img loading=\"lazy\" decoding=\"async\" width=\"768\" height=\"1024\" src=\"http:\/\/www.reisetagebuch-podcast.de\/wordpress\/wp-content\/uploads\/2024\/04\/Grabstein-Aberfoyle-IMG_20230711_123551-768x1024.jpg\" alt=\"Grabstein und Grabplatte von Robert Kirk auf dem Friedhof in Aberfoyle Die Grabplatte ist \u00fcberall mit M\u00fcnzen und kleinen geschliffenen Steinen belegt\" class=\"wp-image-1665\" srcset=\"https:\/\/www.reisetagebuch-podcast.de\/wordpress\/wp-content\/uploads\/2024\/04\/Grabstein-Aberfoyle-IMG_20230711_123551-768x1024.jpg 768w, https:\/\/www.reisetagebuch-podcast.de\/wordpress\/wp-content\/uploads\/2024\/04\/Grabstein-Aberfoyle-IMG_20230711_123551-225x300.jpg 225w, https:\/\/www.reisetagebuch-podcast.de\/wordpress\/wp-content\/uploads\/2024\/04\/Grabstein-Aberfoyle-IMG_20230711_123551-1152x1536.jpg 1152w, https:\/\/www.reisetagebuch-podcast.de\/wordpress\/wp-content\/uploads\/2024\/04\/Grabstein-Aberfoyle-IMG_20230711_123551-1536x2048.jpg 1536w, https:\/\/www.reisetagebuch-podcast.de\/wordpress\/wp-content\/uploads\/2024\/04\/Grabstein-Aberfoyle-IMG_20230711_123551-scaled.jpg 1920w\" sizes=\"auto, (max-width: 768px) 100vw, 768px\" \/><\/figure>\n<\/div>\n\n\n<p>Was es mit dem Grab auf sich hat, k\u00f6nnt ihr unten bei den Links erfahren.<\/p>\n\n\n<div class=\"wp-block-image\">\n<figure class=\"aligncenter size-large\"><img loading=\"lazy\" decoding=\"async\" width=\"1024\" height=\"768\" src=\"http:\/\/www.reisetagebuch-podcast.de\/wordpress\/wp-content\/uploads\/2024\/04\/Scones-IMG_20230711_130923-1024x768.jpg\" alt=\"Auf einem Tisch steht ein Teller, auf dem aufgeschnittene Fruitescones liegen. Diese sind innen noch ger\u00f6stet worden. Auf einer H\u00e4lfte wurde schon Butter und Marmelade gestrichen und wartet darauf gegessen zu werden\" class=\"wp-image-1667\" srcset=\"https:\/\/www.reisetagebuch-podcast.de\/wordpress\/wp-content\/uploads\/2024\/04\/Scones-IMG_20230711_130923-1024x768.jpg 1024w, https:\/\/www.reisetagebuch-podcast.de\/wordpress\/wp-content\/uploads\/2024\/04\/Scones-IMG_20230711_130923-300x225.jpg 300w, https:\/\/www.reisetagebuch-podcast.de\/wordpress\/wp-content\/uploads\/2024\/04\/Scones-IMG_20230711_130923-768x576.jpg 768w, https:\/\/www.reisetagebuch-podcast.de\/wordpress\/wp-content\/uploads\/2024\/04\/Scones-IMG_20230711_130923-1536x1152.jpg 1536w, https:\/\/www.reisetagebuch-podcast.de\/wordpress\/wp-content\/uploads\/2024\/04\/Scones-IMG_20230711_130923-2048x1536.jpg 2048w\" sizes=\"auto, (max-width: 1024px) 100vw, 1024px\" \/><\/figure>\n<\/div>\n\n\n<hr class=\"wp-block-separator has-alpha-channel-opacity\"\/>\n\n\n\n<p><strong>Links<\/strong><\/p>\n\n\n\n<ul class=\"wp-block-list\">\n<li>Fairy Hill &#8211; <a href=\"https:\/\/www.openstreetmap.org\/?mlat=56.1708&amp;mlon=-4.3773#map=16\/56.1709\/-4.3773\" data-type=\"link\" data-id=\"https:\/\/www.openstreetmap.org\/?mlat=56.1708&amp;mlon=-4.3773#map=16\/56.1709\/-4.3773\" target=\"_blank\" rel=\"noreferrer noopener\">https:\/\/www.openstreetmap.org\/?mlat=56.1708&amp;mlon=-4.3773#map=16\/56.1709\/-4.3773<\/a><\/li>\n\n\n\n<li><a href=\"https:\/\/www.goaberfoyle.co.uk\/attractions\/doon-hill-faerie-tree\/\" target=\"_blank\" rel=\"noreferrer noopener\">https:\/\/www.goaberfoyle.co.uk\/attractions\/doon-hill-faerie-tree\/<\/a><\/li>\n\n\n\n<li><a href=\"https:\/\/discoveringscotland.com\/aberfoyle\/\">https:\/\/discoveringscotland.com\/aberfoyle\/<\/a><\/li>\n\n\n\n<li>Zeltplatz &#8211; <a href=\"https:\/\/www.coblelandcampsite.co.uk\/\" target=\"_blank\" rel=\"noreferrer noopener\">https:\/\/www.coblelandcampsite.co.uk\/<\/a><\/li>\n<\/ul>\n\n\n\n<p><\/p>\n","protected":false},"author":1,"featured_media":1664,"comment_status":"open","ping_status":"open","template":"","meta":{"activitypub_content_warning":"","activitypub_content_visibility":"","activitypub_max_image_attachments":3,"activitypub_interaction_policy_quote":"anyone","activitypub_status":"federated","footnotes":""},"tags":[733,737,51,61,63,64,734,735,736,47,639,741,33,6,43,36,3,4,25,5,60,54],"class_list":["post-1668","podcast","type-podcast","status-publish","has-post-thumbnail","hentry","tag-733","tag-reisetagebuchwww-reisetagebuch-podcast-de","tag-aberfoyle","tag-camping","tag-doon-hill","tag-fairy","tag-familie","tag-fedieltern","tag-fediverse","tag-feen","tag-irnbru","tag-lucozade","tag-podcast","tag-reise","tag-reisebericht","tag-reisetagebuch","tag-schottland","tag-scotland","tag-tagebuch","tag-urlaub","tag-zelt","tag-zeltplatz","post"],"_links":{"self":[{"href":"https:\/\/www.reisetagebuch-podcast.de\/wordpress\/wp-json\/wp\/v2\/episodes\/1668","targetHints":{"allow":["GET"]}}],"collection":[{"href":"https:\/\/www.reisetagebuch-podcast.de\/wordpress\/wp-json\/wp\/v2\/episodes"}],"about":[{"href":"https:\/\/www.reisetagebuch-podcast.de\/wordpress\/wp-json\/wp\/v2\/types\/podcast"}],"author":[{"embeddable":true,"href":"https:\/\/www.reisetagebuch-podcast.de\/wordpress\/wp-json\/wp\/v2\/users\/1"}],"replies":[{"embeddable":true,"href":"https:\/\/www.reisetagebuch-podcast.de\/wordpress\/wp-json\/wp\/v2\/comments?post=1668"}],"version-history":[{"count":4,"href":"https:\/\/www.reisetagebuch-podcast.de\/wordpress\/wp-json\/wp\/v2\/episodes\/1668\/revisions"}],"predecessor-version":[{"id":1672,"href":"https:\/\/www.reisetagebuch-podcast.de\/wordpress\/wp-json\/wp\/v2\/episodes\/1668\/revisions\/1672"}],"wp:featuredmedia":[{"embeddable":true,"href":"https:\/\/www.reisetagebuch-podcast.de\/wordpress\/wp-json\/wp\/v2\/media\/1664"}],"wp:attachment":[{"href":"https:\/\/www.reisetagebuch-podcast.de\/wordpress\/wp-json\/wp\/v2\/media?parent=1668"}],"wp:term":[{"taxonomy":"post_tag","embeddable":true,"href":"https:\/\/www.reisetagebuch-podcast.de\/wordpress\/wp-json\/wp\/v2\/tags?post=1668"}],"curies":[{"name":"wp","href":"https:\/\/api.w.org\/{rel}","templated":true}]}}