{"id":1683,"date":"2024-05-01T10:54:28","date_gmt":"2024-05-01T08:54:28","guid":{"rendered":"podlove-2024-05-01t08:21:38+00:00-0a8bdc22029b5f9"},"modified":"2024-05-03T20:36:59","modified_gmt":"2024-05-03T18:36:59","slug":"rb129-umzug-nach-arisaig-kinloid-2023-07-13","status":"publish","type":"podcast","link":"https:\/\/www.reisetagebuch-podcast.de\/wordpress\/2024\/05\/01\/rb129-umzug-nach-arisaig-kinloid-2023-07-13\/","title":{"rendered":"rb129 &#8211; SCO &#8211; Umzug nach Arisaig &#8211; Kinloid &#8211; 2023-07-13"},"content":{"rendered":"\n\t\t\n            <div class=\"podlove-web-player intrinsic-ignore podlove-web-player-loading\" id=\"player-69f18fda3702c\"><root data-test=\"player--xl\" style=\"max-width:950px;min-width:260px;\">\n  <div class=\"tablet:px-6 tablet:pt-6 mobile:px-4 mobile:pt-4 flex flex-col\">\n    <div class=\"flex-col items-center mobile:flex tablet:hidden\">\n      <show-title class=\"text-sm\"><\/show-title>\n      <episode-title class=\"text-base mb-2\"><\/episode-title>\n      <subscribe-button class=\"mb-4 mobile:flex tablet:hidden\"><\/subscribe-button>\n      <poster class=\"rounded-sm w-48 shadow overflow-hidden\"><\/poster>\n      <divider class=\"w-full my-6\"><\/divider>\n    <\/div>\n\n    <div class=\"tablet:flex flex-grow\">\n      <div class=\"w-64 mobile:hidden tablet:block tablet:mr-6\">\n        <poster class=\"rounded-sm shadow overflow-hidden\"><\/poster>\n      <\/div>\n      <div class=\"w-full\">\n        <div class=\"hidden tablet:block\">\n          <show-title class=\"text-base\"><\/show-title>\n          <episode-title class=\"text-xl desktop:text-2xl\"><\/episode-title>\n          <divider class=\"w-full my-4\"><\/divider>\n        <\/div>\n        <div class=\"flex items-center justify-between\">\n          <div class=\"block\">\n            <play-state on=\"active\">\n              <speed-control class=\"flex items-center\"><\/speed-control>\n            <\/play-state>\n          <\/div>\n\n          <div class=\"flex\">\n            <play-state on=\"active\">\n              <chapter-previous class=\"mx-2 block\"><\/chapter-previous>\n            <\/play-state>\n            <play-state on=\"active\">\n              <step-backward class=\"mx-2 block\"><\/step-backward>\n            <\/play-state>\n\n            <play-button class=\"mx-2 block\" :label=\"$t('PLAYER.PLAY_EPISODE')\"><\/play-button>\n\n            <play-state on=\"active\">\n              <step-forward class=\"mx-2 block\"><\/step-forward>\n            <\/play-state>\n            <play-state on=\"active\">\n              <chapter-next class=\"mx-2 block\"><\/chapter-next>\n            <\/play-state>\n          <\/div>\n\n          <div class=\"block\">\n            <play-state on=\"active\">\n              <volume-control class=\"flex items-center\"><\/volume-control>\n            <\/play-state>\n          <\/div>\n        <\/div>\n        <div class=\"flex w-full\">\n          <progress-bar><\/progress-bar>\n        <\/div>\n        <div class=\"flex w-full -mt-2\">\n          <div class=\"w-3\/12 text-left\">\n            <timer-current class=\"text-sm\"><\/timer-current>\n          <\/div>\n          <div class=\"w-6\/12 text-center truncate\">\n            <play-state on=\"active\">\n              <current-chapter class=\"text-sm\"><\/current-chapter>\n            <\/play-state>\n          <\/div>\n          <div class=\"w-3\/12 text-right\">\n            <timer-duration class=\"text-sm\"><\/timer-duration>\n          <\/div>\n        <\/div>\n      <\/div>\n    <\/div>\n    <divider class=\"w-full mt-6 mb-3\"><\/divider>\n    <div class=\"flex justify-between\">\n      <div class=\"flex mobile:w-full tablet:w-3\/12 desktop:w-3\/12 justify-between\">\n        <tab-trigger tab=\"chapters\">\n          <icon type=\"chapter\"><\/icon>\n        <\/tab-trigger>\n        <tab-trigger tab=\"transcripts\">\n          <icon type=\"transcripts\"><\/icon>\n        <\/tab-trigger>\n        <tab-trigger tab=\"files\">\n          <icon type=\"download\"><\/icon>\n        <\/tab-trigger>\n        <tab-trigger tab=\"playlist\">\n          <icon type=\"playlist\"><\/icon>\n        <\/tab-trigger>\n        <tab-trigger tab=\"share\">\n          <icon type=\"share\"><\/icon>\n        <\/tab-trigger>\n      <\/div>\n      <subscribe-button class=\"mt-1 mobile:hidden tablet:flex\"><\/subscribe-button>\n    <\/div>\n  <\/div>\n  <div class=\"w-full relative overflow-hidden\">\n    <tab name=\"chapters\">\n      <tab-chapters><\/tab-chapters>\n    <\/tab>\n    <tab name=\"transcripts\">\n      <tab-transcripts><\/tab-transcripts>\n    <\/tab>\n    <tab name=\"files\">\n      <tab-files><\/tab-files>\n    <\/tab>\n    <tab name=\"playlist\">\n      <tab-playlist><\/tab-playlist>\n    <\/tab>\n    <tab name=\"share\">\n      <tab-share><\/tab-share>\n    <\/tab>\n    <tab-overflow><\/tab-overflow>\n  <\/div>\n  <error><\/error>\n<\/root>\n<\/div>\n            <script>\n              document.addEventListener(\"DOMContentLoaded\", function() {\n                var player = document.getElementById(\"player-69f18fda3702c\");\n                podlovePlayerCache.add([{\"url\":\"https:\\\/\\\/www.reisetagebuch-podcast.de\\\/wordpress\\\/wp-json\\\/podlove-web-player\\\/shortcode\\\/publisher\\\/1683\",\"data\":{\"version\":5,\"show\":{\"title\":\"Reisetagebuch Podcast\",\"subtitle\":\"Wenn einer eine Reise tut, dann hat er viel zu erz\\u00e4hlen\",\"summary\":\"Ich erz\\u00e4hle euch meine Reisen und nehme euch ein St\\u00fcck weit mit...\",\"poster\":\"https:\\\/\\\/www.reisetagebuch-podcast.de\\\/wordpress\\\/podlove\\\/image\\\/687474703a2f2f7777772e726569736574616765627563682d706f64636173742e64652f776f726470726573732f77702d636f6e74656e742f75706c6f6164732f323031362f30352f4c6f676f30312d4b6f7069652d313430302e706e67\\\/500\\\/0\\\/0\\\/reisetagebuch-podcast\",\"link\":\"https:\\\/\\\/www.reisetagebuch-podcast.de\\\/wordpress\"},\"title\":\"rb129 - SCO - Umzug nach Arisaig - Kinloid - 2023-07-13\",\"subtitle\":\"\",\"summary\":\"Ein Urlaub ist dazu da, immer mal wieder was neues zu sehen bzw. kenne zu lernen. Neu ist die Region nicht, wo wir heute hinwollen, wir waren schon mal da, auch wenn das letzte Mal schon wieder Jahre her ist.\\n\\nBevor es losgeht, erst einmal mein Morgentee, w\\u00e4hrend hinten im Zelt noch alles ruhig ist.\",\"publicationDate\":\"2024-05-01T10:54:28+02:00\",\"duration\":\"00:18:53.910\",\"poster\":\"https:\\\/\\\/www.reisetagebuch-podcast.de\\\/wordpress\\\/podlove\\\/image\\\/687474703a2f2f7777772e726569736574616765627563682d706f64636173742e64652f776f726470726573732f77702d636f6e74656e742f75706c6f6164732f323031362f30352f4c6f676f30312d4b6f7069652d313430302e706e67\\\/500\\\/0\\\/0\\\/reisetagebuch-podcast\",\"link\":\"https:\\\/\\\/www.reisetagebuch-podcast.de\\\/wordpress\\\/2024\\\/05\\\/01\\\/rb129-umzug-nach-arisaig-kinloid-2023-07-13\\\/\",\"chapters\":[],\"audio\":[{\"url\":\"https:\\\/\\\/www.reisetagebuch-podcast.de\\\/wordpress\\\/podlove\\\/file\\\/881\\\/s\\\/webplayer\\\/c\\\/website\\\/rb129-umzug-nach-arisaig-kinloid-2023-07-13.m4a\",\"size\":\"12467033\",\"title\":\"MPEG-4 AAC Audio (m4a)\",\"mimeType\":\"audio\\\/mp4\"},{\"url\":\"https:\\\/\\\/www.reisetagebuch-podcast.de\\\/wordpress\\\/podlove\\\/file\\\/882\\\/s\\\/webplayer\\\/c\\\/website\\\/rb129-umzug-nach-arisaig-kinloid-2023-07-13.mp3\",\"size\":\"16022507\",\"title\":\"MP3 Audio (mp3)\",\"mimeType\":\"audio\\\/mpeg\"},{\"url\":\"https:\\\/\\\/www.reisetagebuch-podcast.de\\\/wordpress\\\/podlove\\\/file\\\/883\\\/s\\\/webplayer\\\/c\\\/website\\\/rb129-umzug-nach-arisaig-kinloid-2023-07-13.opus\",\"size\":\"9264218\",\"title\":\"Opus Audio (opus)\",\"mimeType\":\"audio\\\/ogg;codecs=opus\"}],\"files\":[{\"url\":\"https:\\\/\\\/www.reisetagebuch-podcast.de\\\/wordpress\\\/podlove\\\/file\\\/882\\\/s\\\/webplayer\\\/rb129-umzug-nach-arisaig-kinloid-2023-07-13.mp3\",\"size\":\"16022507\",\"title\":\"MP3 Audio\",\"mimeType\":\"audio\\\/mpeg\"},{\"url\":\"https:\\\/\\\/www.reisetagebuch-podcast.de\\\/wordpress\\\/podlove\\\/file\\\/881\\\/s\\\/webplayer\\\/rb129-umzug-nach-arisaig-kinloid-2023-07-13.m4a\",\"size\":\"12467033\",\"title\":\"MPEG-4 AAC Audio\",\"mimeType\":\"audio\\\/mp4\"},{\"url\":\"https:\\\/\\\/www.reisetagebuch-podcast.de\\\/wordpress\\\/podlove\\\/file\\\/883\\\/s\\\/webplayer\\\/rb129-umzug-nach-arisaig-kinloid-2023-07-13.opus\",\"size\":\"9264218\",\"title\":\"Opus Audio\",\"mimeType\":\"audio\\\/ogg;codecs=opus\"}],\"contributors\":[{\"id\":\"1\",\"name\":\"Mario\",\"avatar\":\"https:\\\/\\\/www.reisetagebuch-podcast.de\\\/wordpress\\\/wp-content\\\/cache\\\/podlove\\\/29\\\/298393e55dac6e4e5f09e48b0d6a4d\\\/mario_150x150.jpg\",\"role\":null,\"group\":null,\"comment\":null}]}}, {\"url\":\"https:\\\/\\\/www.reisetagebuch-podcast.de\\\/wordpress\\\/wp-json\\\/podlove-web-player\\\/shortcode\\\/config\\\/default\\\/theme\\\/default\",\"data\":{\"activeTab\":\"chapters\",\"subscribe-button\":null,\"share\":{\"channels\":[\"facebook\",\"twitter\",\"whats-app\",\"linkedin\",\"pinterest\",\"xing\",\"mail\",\"link\"],\"outlet\":\"https:\\\/\\\/www.reisetagebuch-podcast.de\\\/wordpress\\\/wp-content\\\/plugins\\\/podlove-web-player\\\/web-player\\\/share.html\",\"sharePlaytime\":true},\"related-episodes\":{\"source\":\"disabled\",\"value\":null},\"version\":5,\"theme\":{\"tokens\":{\"brand\":\"#E64415\",\"brandDark\":\"#235973\",\"brandDarkest\":\"#1A3A4A\",\"brandLightest\":\"#E9F1F5\",\"shadeDark\":\"#807E7C\",\"shadeBase\":\"#807E7C\",\"contrast\":\"#000\",\"alt\":\"#fff\"},\"fonts\":{\"ci\":{\"name\":\"ci\",\"family\":[\"-apple-system\",\"BlinkMacSystemFont\",\"Segoe UI\",\"Roboto\",\"Helvetica\",\"Arial\",\"sans-serif\",\"Apple Color Emoji\",\"Segoe UI Emoji\\\", \\\"Segoe UI Symbol\"],\"src\":[],\"weight\":800},\"regular\":{\"name\":\"regular\",\"family\":[\"-apple-system\",\"BlinkMacSystemFont\",\"Segoe UI\",\"Roboto\",\"Helvetica\",\"Arial\",\"sans-serif\",\"Apple Color Emoji\",\"Segoe UI Emoji\\\", \\\"Segoe UI Symbol\"],\"src\":[],\"weight\":300},\"bold\":{\"name\":\"bold\",\"family\":[\"-apple-system\",\"BlinkMacSystemFont\",\"Segoe UI\",\"Roboto\",\"Helvetica\",\"Arial\",\"sans-serif\",\"Apple Color Emoji\",\"Segoe UI Emoji\\\", \\\"Segoe UI Symbol\"],\"src\":[],\"weight\":700}}},\"base\":\"https:\\\/\\\/www.reisetagebuch-podcast.de\\\/wordpress\\\/wp-content\\\/plugins\\\/podlove-web-player\\\/web-player\\\/\"}}]);\n                podlovePlayer(player, \"https:\/\/www.reisetagebuch-podcast.de\/wordpress\/wp-json\/podlove-web-player\/shortcode\/publisher\/1683\", \"https:\/\/www.reisetagebuch-podcast.de\/wordpress\/wp-json\/podlove-web-player\/shortcode\/config\/default\/theme\/default\").then(function() {\n                  player && player.classList.remove(\"podlove-web-player-loading\");\n                });\n              });\n            <\/script>\n            <style>\n              .podlove-web-player.podlove-web-player-loading {\n                opacity: 0;\n              }\n            <\/style>\n        \n\t\n\t\t<form action=\"#\"><div class=\"episode_downloads\"><input type=\"hidden\" name=\"ptm_source\" value=\"download\" \/><input type=\"hidden\" name=\"ptm_context\" value=\"select-button\" \/><select name=\"download_media_file\"><option value=\"882\" data-raw-url=\"https:\/\/www.reisetagebuch-podcast.de\/wordpress\/podlove\/file\/882\/s\/download\/c\/select-show\/rb129-umzug-nach-arisaig-kinloid-2023-07-13.mp3\">MP3 Audio [15 MB]<\/option><option value=\"881\" data-raw-url=\"https:\/\/www.reisetagebuch-podcast.de\/wordpress\/podlove\/file\/881\/s\/download\/c\/select-show\/rb129-umzug-nach-arisaig-kinloid-2023-07-13.m4a\">MPEG-4 AAC Audio [12 MB]<\/option><option value=\"883\" data-raw-url=\"https:\/\/www.reisetagebuch-podcast.de\/wordpress\/podlove\/file\/883\/s\/download\/c\/select-show\/rb129-umzug-nach-arisaig-kinloid-2023-07-13.opus\">Opus Audio [9 MB]<\/option><\/select><button class=\"podlove-download-primary\">Download<\/button><button class=\"podlove-download-secondary\">Show URL<\/button><\/div><\/form><script>\nfunction podlove_document_ready(fn) {\n  if (document.readyState != 'loading'){\n    fn();\n  } else {\n    document.addEventListener('DOMContentLoaded', fn);\n  }\n}\n\npodlove_document_ready(function() {\n\tdocument.querySelectorAll(\".episode_downloads\").forEach(function(item) {\n        var selectEl = item.querySelector(\"select\");\n\n        item.querySelector(\"button.podlove-download-secondary\").addEventListener(\"click\", function(e) {\n\t\t\te.preventDefault();\n            var optionEl = selectEl.querySelector(\"option[value='\"+ selectEl.value +\"']\")\n            let url = optionEl.dataset.rawUrl;\n\t\t\tprompt(\"Feel free to copy and paste this URL\", url);\n\t\t\treturn false;\n\t\t})\n\t});\n});\n<\/script>\n\n<p>Ein Urlaub ist dazu da, immer mal wieder was neues zu sehen bzw. kenne zu lernen. Neu ist die Region nicht, wo wir heute hinwollen, wir waren schon mal da, auch wenn das letzte Mal schon wieder Jahre her ist.<\/p>\n\n\n\n<p>Bevor es losgeht, erst einmal mein Morgentee, w\u00e4hrend hinten im Zelt noch alles ruhig ist. <\/p>\n\n\n<div class=\"wp-block-image\">\n<figure class=\"aligncenter size-large\"><img loading=\"lazy\" decoding=\"async\" width=\"1024\" height=\"768\" src=\"http:\/\/www.reisetagebuch-podcast.de\/wordpress\/wp-content\/uploads\/2024\/05\/Morgen-auf-dem-Zeltplatz-bei-Aberfyle-_20230713_074752-1024x768.jpg\" alt=\"ich halte eine blaue Emailietasse in der Hand und schaue auf die Wiese und den angrenzenden Fluss, wo von derSeite die Sonne leicht rein scheint auf dem Cobbleland Zeltplatz bei Aberfoyle\" class=\"wp-image-1686\" srcset=\"https:\/\/www.reisetagebuch-podcast.de\/wordpress\/wp-content\/uploads\/2024\/05\/Morgen-auf-dem-Zeltplatz-bei-Aberfyle-_20230713_074752-1024x768.jpg 1024w, https:\/\/www.reisetagebuch-podcast.de\/wordpress\/wp-content\/uploads\/2024\/05\/Morgen-auf-dem-Zeltplatz-bei-Aberfyle-_20230713_074752-300x225.jpg 300w, https:\/\/www.reisetagebuch-podcast.de\/wordpress\/wp-content\/uploads\/2024\/05\/Morgen-auf-dem-Zeltplatz-bei-Aberfyle-_20230713_074752-768x576.jpg 768w, https:\/\/www.reisetagebuch-podcast.de\/wordpress\/wp-content\/uploads\/2024\/05\/Morgen-auf-dem-Zeltplatz-bei-Aberfyle-_20230713_074752-1536x1152.jpg 1536w, https:\/\/www.reisetagebuch-podcast.de\/wordpress\/wp-content\/uploads\/2024\/05\/Morgen-auf-dem-Zeltplatz-bei-Aberfyle-_20230713_074752-2048x1536.jpg 2048w\" sizes=\"auto, (max-width: 1024px) 100vw, 1024px\" \/><\/figure>\n<\/div>\n\n\n<p>Es heu\u00dft packen und alles im Auto verstaunen und dann weiter nach Nordwesten in Richtung Arisaig.<\/p>\n\n\n<div class=\"wp-block-image\">\n<figure class=\"aligncenter size-large\"><img loading=\"lazy\" decoding=\"async\" width=\"576\" height=\"1024\" src=\"http:\/\/www.reisetagebuch-podcast.de\/wordpress\/wp-content\/uploads\/2024\/05\/fahrt-durch-das-Glen-Coe-bei-Regen-_20230713_123638-576x1024.jpg\" alt=\"Wir fahren durch das bekannte Tal Glen Coe in Schottland. Es regnet und von den hohen Bergen links und rechts der Stra\u00dfe, ist so gut wie nichts zu sehen, weil die Wolken bis fast auf Stra\u00dfenniveau tief h\u00e4ngen. Seitlich sieht man die Konturen von steilen Bergh\u00e4ngen\" class=\"wp-image-1685\" srcset=\"https:\/\/www.reisetagebuch-podcast.de\/wordpress\/wp-content\/uploads\/2024\/05\/fahrt-durch-das-Glen-Coe-bei-Regen-_20230713_123638-576x1024.jpg 576w, https:\/\/www.reisetagebuch-podcast.de\/wordpress\/wp-content\/uploads\/2024\/05\/fahrt-durch-das-Glen-Coe-bei-Regen-_20230713_123638-169x300.jpg 169w, https:\/\/www.reisetagebuch-podcast.de\/wordpress\/wp-content\/uploads\/2024\/05\/fahrt-durch-das-Glen-Coe-bei-Regen-_20230713_123638-768x1365.jpg 768w, https:\/\/www.reisetagebuch-podcast.de\/wordpress\/wp-content\/uploads\/2024\/05\/fahrt-durch-das-Glen-Coe-bei-Regen-_20230713_123638-864x1536.jpg 864w, https:\/\/www.reisetagebuch-podcast.de\/wordpress\/wp-content\/uploads\/2024\/05\/fahrt-durch-das-Glen-Coe-bei-Regen-_20230713_123638-1152x2048.jpg 1152w, https:\/\/www.reisetagebuch-podcast.de\/wordpress\/wp-content\/uploads\/2024\/05\/fahrt-durch-das-Glen-Coe-bei-Regen-_20230713_123638-scaled.jpg 1440w\" sizes=\"auto, (max-width: 576px) 100vw, 576px\" \/><\/figure>\n<\/div>\n\n\n<p>Das Glen Coe macht es wieder mal sehr dramatisch. Es regnet und trotzdem sind alle Parkpl\u00e4tze total \u00fcberf\u00fcllt und es besteht keine Chance, mal anhalten zu k\u00f6nne und ein paar dramatische Fotos der Landschaft zu schie\u00dfen.<\/p>\n\n\n\n<p>Weiter gehts \u00fcber Fort William, am Glen Finnan Viadukt vorbei, wo sich die Touristen die F\u00fc\u00dfe plattstehen, weiter Richtung Arisaig.<\/p>\n\n\n\n<p>Was wir da erleben, k\u00f6nnt ihr in dieser Podcast Folge h\u00f6ren. \ud83d\ude09<\/p>\n\n\n<div class=\"wp-block-image\">\n<figure class=\"aligncenter size-large\"><img loading=\"lazy\" decoding=\"async\" width=\"1024\" height=\"534\" src=\"http:\/\/www.reisetagebuch-podcast.de\/wordpress\/wp-content\/uploads\/2024\/05\/Zeltplatz-bei-Arisaig-in-Kinloid-_20230713_175906-1024x534.jpg\" alt=\"Blick vom Zeltplatz in Kinloid auf die Ebene Richtung Mallaig, \u00fcber die der Hogwarts Express jeden Tag mehrfach f\u00e4hrt\" class=\"wp-image-1690\" srcset=\"https:\/\/www.reisetagebuch-podcast.de\/wordpress\/wp-content\/uploads\/2024\/05\/Zeltplatz-bei-Arisaig-in-Kinloid-_20230713_175906-1024x534.jpg 1024w, https:\/\/www.reisetagebuch-podcast.de\/wordpress\/wp-content\/uploads\/2024\/05\/Zeltplatz-bei-Arisaig-in-Kinloid-_20230713_175906-300x156.jpg 300w, https:\/\/www.reisetagebuch-podcast.de\/wordpress\/wp-content\/uploads\/2024\/05\/Zeltplatz-bei-Arisaig-in-Kinloid-_20230713_175906-768x400.jpg 768w, https:\/\/www.reisetagebuch-podcast.de\/wordpress\/wp-content\/uploads\/2024\/05\/Zeltplatz-bei-Arisaig-in-Kinloid-_20230713_175906-1536x801.jpg 1536w, https:\/\/www.reisetagebuch-podcast.de\/wordpress\/wp-content\/uploads\/2024\/05\/Zeltplatz-bei-Arisaig-in-Kinloid-_20230713_175906-2048x1068.jpg 2048w\" sizes=\"auto, (max-width: 1024px) 100vw, 1024px\" \/><\/figure>\n<\/div>\n\n\n<p>Blick vom Zeltplatz in Kinloid in Richtung Mallaig. Und seht ihr ihn? Dort kommt der Hogwarts Express zwei mal am Tag vorbei. <\/p>\n\n\n<div class=\"wp-block-image\">\n<figure class=\"aligncenter size-large\"><img loading=\"lazy\" decoding=\"async\" width=\"1024\" height=\"517\" src=\"http:\/\/www.reisetagebuch-podcast.de\/wordpress\/wp-content\/uploads\/2024\/05\/Strand-bei-Traigh-Golf-Course-_20230713_193255-1024x517.jpg\" alt=\"Blick vom Stand in Traigh mit einem wundervollen Golfplatz im Hintergrund direkt am Strand.\nWir stehe nauf einem Felsen und sehen links und rechts davon wei\u00dfene Sand und ein wenig vom t\u00fcrkisfarbenen Meer. Im Hintergrund sind mit Wolken verhangene Berge zu sehen\" class=\"wp-image-1689\" srcset=\"https:\/\/www.reisetagebuch-podcast.de\/wordpress\/wp-content\/uploads\/2024\/05\/Strand-bei-Traigh-Golf-Course-_20230713_193255-1024x517.jpg 1024w, https:\/\/www.reisetagebuch-podcast.de\/wordpress\/wp-content\/uploads\/2024\/05\/Strand-bei-Traigh-Golf-Course-_20230713_193255-300x152.jpg 300w, https:\/\/www.reisetagebuch-podcast.de\/wordpress\/wp-content\/uploads\/2024\/05\/Strand-bei-Traigh-Golf-Course-_20230713_193255-768x388.jpg 768w, https:\/\/www.reisetagebuch-podcast.de\/wordpress\/wp-content\/uploads\/2024\/05\/Strand-bei-Traigh-Golf-Course-_20230713_193255-1536x776.jpg 1536w, https:\/\/www.reisetagebuch-podcast.de\/wordpress\/wp-content\/uploads\/2024\/05\/Strand-bei-Traigh-Golf-Course-_20230713_193255-2048x1035.jpg 2048w\" sizes=\"auto, (max-width: 1024px) 100vw, 1024px\" \/><\/figure>\n<\/div>\n\n\n<figure class=\"wp-block-gallery has-nested-images columns-default is-cropped wp-block-gallery-1 is-layout-flex wp-block-gallery-is-layout-flex\"><div class=\"wp-block-image\">\n<figure class=\"aligncenter size-large\"><img loading=\"lazy\" decoding=\"async\" width=\"1024\" height=\"768\" data-id=\"1687\" src=\"https:\/\/www.reisetagebuch-podcast.de\/wordpress\/wp-content\/uploads\/2024\/05\/Muschel-am-Strand-_20230713_195526-1024x768.jpg\" alt=\"\" class=\"wp-image-1687\" srcset=\"https:\/\/www.reisetagebuch-podcast.de\/wordpress\/wp-content\/uploads\/2024\/05\/Muschel-am-Strand-_20230713_195526-1024x768.jpg 1024w, https:\/\/www.reisetagebuch-podcast.de\/wordpress\/wp-content\/uploads\/2024\/05\/Muschel-am-Strand-_20230713_195526-300x225.jpg 300w, https:\/\/www.reisetagebuch-podcast.de\/wordpress\/wp-content\/uploads\/2024\/05\/Muschel-am-Strand-_20230713_195526-768x576.jpg 768w, https:\/\/www.reisetagebuch-podcast.de\/wordpress\/wp-content\/uploads\/2024\/05\/Muschel-am-Strand-_20230713_195526-1536x1152.jpg 1536w, https:\/\/www.reisetagebuch-podcast.de\/wordpress\/wp-content\/uploads\/2024\/05\/Muschel-am-Strand-_20230713_195526-2048x1536.jpg 2048w\" sizes=\"auto, (max-width: 1024px) 100vw, 1024px\" \/><figcaption class=\"wp-element-caption\">wir sehen auf eine halbe Muschel, die zwei dunkle Punkte auf der Schale hat und das so aussieht, als ob sie Augen h\u00e4tte und uns anseiht<\/figcaption><\/figure>\n<\/div>\n\n\n<figure class=\"wp-block-image size-large\"><img loading=\"lazy\" decoding=\"async\" width=\"768\" height=\"1024\" data-id=\"1684\" src=\"https:\/\/www.reisetagebuch-podcast.de\/wordpress\/wp-content\/uploads\/2024\/05\/bemalter-Stein-_20230713_213811-768x1024.jpg\" alt=\"\" class=\"wp-image-1684\" srcset=\"https:\/\/www.reisetagebuch-podcast.de\/wordpress\/wp-content\/uploads\/2024\/05\/bemalter-Stein-_20230713_213811-768x1024.jpg 768w, https:\/\/www.reisetagebuch-podcast.de\/wordpress\/wp-content\/uploads\/2024\/05\/bemalter-Stein-_20230713_213811-225x300.jpg 225w, https:\/\/www.reisetagebuch-podcast.de\/wordpress\/wp-content\/uploads\/2024\/05\/bemalter-Stein-_20230713_213811-1152x1536.jpg 1152w, https:\/\/www.reisetagebuch-podcast.de\/wordpress\/wp-content\/uploads\/2024\/05\/bemalter-Stein-_20230713_213811-1536x2048.jpg 1536w, https:\/\/www.reisetagebuch-podcast.de\/wordpress\/wp-content\/uploads\/2024\/05\/bemalter-Stein-_20230713_213811-scaled.jpg 1920w\" sizes=\"auto, (max-width: 768px) 100vw, 768px\" \/><figcaption class=\"wp-element-caption\">ein Kind von uns hat einen Stein bemahlt und auf der linken Seite eine nSternenhimmel gemalt. Rechts ist ein Baum mit blauem Himmel zu sehen<\/figcaption><\/figure>\n<\/figure>\n\n\n<div class=\"wp-block-image\">\n<figure class=\"aligncenter size-large is-resized\"><img loading=\"lazy\" decoding=\"async\" width=\"1024\" height=\"768\" src=\"http:\/\/www.reisetagebuch-podcast.de\/wordpress\/wp-content\/uploads\/2024\/05\/Sonnenuntergang-an-der-Westkueste-in-Schottland-in-Traigh-_20230713_205303-1024x768.jpg\" alt=\"Wir sehen eine nSonnneuntergang am Strand von Traigh. Die Sonne geht \u00fcber dem Atlantik unter und beleichtet durch Wolken am Horizont den Stand .\nIm Vordergund ist wei\u00dfer Sandstrand zu sehen und auf dem glatten Meer, spiegelt sich die Sonne wieder\" class=\"wp-image-1688\" style=\"width:670px;height:auto\" srcset=\"https:\/\/www.reisetagebuch-podcast.de\/wordpress\/wp-content\/uploads\/2024\/05\/Sonnenuntergang-an-der-Westkueste-in-Schottland-in-Traigh-_20230713_205303-1024x768.jpg 1024w, https:\/\/www.reisetagebuch-podcast.de\/wordpress\/wp-content\/uploads\/2024\/05\/Sonnenuntergang-an-der-Westkueste-in-Schottland-in-Traigh-_20230713_205303-300x225.jpg 300w, https:\/\/www.reisetagebuch-podcast.de\/wordpress\/wp-content\/uploads\/2024\/05\/Sonnenuntergang-an-der-Westkueste-in-Schottland-in-Traigh-_20230713_205303-768x576.jpg 768w, https:\/\/www.reisetagebuch-podcast.de\/wordpress\/wp-content\/uploads\/2024\/05\/Sonnenuntergang-an-der-Westkueste-in-Schottland-in-Traigh-_20230713_205303-1536x1152.jpg 1536w, https:\/\/www.reisetagebuch-podcast.de\/wordpress\/wp-content\/uploads\/2024\/05\/Sonnenuntergang-an-der-Westkueste-in-Schottland-in-Traigh-_20230713_205303-2048x1536.jpg 2048w\" sizes=\"auto, (max-width: 1024px) 100vw, 1024px\" \/><\/figure>\n<\/div>\n\n\n<p>Und nat\u00fcrlich muss man sich den Sonnenuntergang ansehen, wenn man hier ist<\/p>\n","protected":false},"author":1,"featured_media":0,"comment_status":"open","ping_status":"open","template":"","meta":{"activitypub_content_warning":"","activitypub_content_visibility":"","activitypub_max_image_attachments":3,"activitypub_interaction_policy_quote":"anyone","activitypub_status":"federated","footnotes":""},"tags":[733,51,600,61,180,53,734,735,736,501,745,639,743,741,746,33,6,43,36,3,4,25,744,5,60,54],"class_list":["post-1683","podcast","type-podcast","status-publish","hentry","tag-733","tag-aberfoyle","tag-arisaig","tag-camping","tag-campsite","tag-cobleland","tag-familie","tag-fedieltern","tag-fediverse","tag-glen-coe","tag-hogwarts","tag-irnbru","tag-kinloid","tag-lucozade","tag-mallaig","tag-podcast","tag-reise","tag-reisebericht","tag-reisetagebuch","tag-schottland","tag-scotland","tag-tagebuch","tag-traigh","tag-urlaub","tag-zelt","tag-zeltplatz","post"],"_links":{"self":[{"href":"https:\/\/www.reisetagebuch-podcast.de\/wordpress\/wp-json\/wp\/v2\/episodes\/1683","targetHints":{"allow":["GET"]}}],"collection":[{"href":"https:\/\/www.reisetagebuch-podcast.de\/wordpress\/wp-json\/wp\/v2\/episodes"}],"about":[{"href":"https:\/\/www.reisetagebuch-podcast.de\/wordpress\/wp-json\/wp\/v2\/types\/podcast"}],"author":[{"embeddable":true,"href":"https:\/\/www.reisetagebuch-podcast.de\/wordpress\/wp-json\/wp\/v2\/users\/1"}],"replies":[{"embeddable":true,"href":"https:\/\/www.reisetagebuch-podcast.de\/wordpress\/wp-json\/wp\/v2\/comments?post=1683"}],"version-history":[{"count":3,"href":"https:\/\/www.reisetagebuch-podcast.de\/wordpress\/wp-json\/wp\/v2\/episodes\/1683\/revisions"}],"predecessor-version":[{"id":1694,"href":"https:\/\/www.reisetagebuch-podcast.de\/wordpress\/wp-json\/wp\/v2\/episodes\/1683\/revisions\/1694"}],"wp:attachment":[{"href":"https:\/\/www.reisetagebuch-podcast.de\/wordpress\/wp-json\/wp\/v2\/media?parent=1683"}],"wp:term":[{"taxonomy":"post_tag","embeddable":true,"href":"https:\/\/www.reisetagebuch-podcast.de\/wordpress\/wp-json\/wp\/v2\/tags?post=1683"}],"curies":[{"name":"wp","href":"https:\/\/api.w.org\/{rel}","templated":true}]}}