{"id":734,"date":"2019-08-14T16:50:11","date_gmt":"2019-08-14T14:50:11","guid":{"rendered":"podlove-2019-08-08t13:50:11+00:00-53e6e510ff1583d"},"modified":"2019-08-08T19:29:08","modified_gmt":"2019-08-08T17:29:08","slug":"rb072-sco-erster-zeltplatzstandort-in-killin-2019-07-10","status":"publish","type":"podcast","link":"https:\/\/www.reisetagebuch-podcast.de\/wordpress\/2019\/08\/14\/rb072-sco-erster-zeltplatzstandort-in-killin-2019-07-10\/","title":{"rendered":"rb072 &#8211; SCO &#8211; erster Zeltplatzstandort in Killin &#8211; 2019-07-10"},"content":{"rendered":"\n\t\t\n            <div class=\"podlove-web-player intrinsic-ignore podlove-web-player-loading\" id=\"player-69f16d841bbc3\"><root data-test=\"player--xl\" style=\"max-width:950px;min-width:260px;\">\n  <div class=\"tablet:px-6 tablet:pt-6 mobile:px-4 mobile:pt-4 flex flex-col\">\n    <div class=\"flex-col items-center mobile:flex tablet:hidden\">\n      <show-title class=\"text-sm\"><\/show-title>\n      <episode-title class=\"text-base mb-2\"><\/episode-title>\n      <subscribe-button class=\"mb-4 mobile:flex tablet:hidden\"><\/subscribe-button>\n      <poster class=\"rounded-sm w-48 shadow overflow-hidden\"><\/poster>\n      <divider class=\"w-full my-6\"><\/divider>\n    <\/div>\n\n    <div class=\"tablet:flex flex-grow\">\n      <div class=\"w-64 mobile:hidden tablet:block tablet:mr-6\">\n        <poster class=\"rounded-sm shadow overflow-hidden\"><\/poster>\n      <\/div>\n      <div class=\"w-full\">\n        <div class=\"hidden tablet:block\">\n          <show-title class=\"text-base\"><\/show-title>\n          <episode-title class=\"text-xl desktop:text-2xl\"><\/episode-title>\n          <divider class=\"w-full my-4\"><\/divider>\n        <\/div>\n        <div class=\"flex items-center justify-between\">\n          <div class=\"block\">\n            <play-state on=\"active\">\n              <speed-control class=\"flex items-center\"><\/speed-control>\n            <\/play-state>\n          <\/div>\n\n          <div class=\"flex\">\n            <play-state on=\"active\">\n              <chapter-previous class=\"mx-2 block\"><\/chapter-previous>\n            <\/play-state>\n            <play-state on=\"active\">\n              <step-backward class=\"mx-2 block\"><\/step-backward>\n            <\/play-state>\n\n            <play-button class=\"mx-2 block\" :label=\"$t('PLAYER.PLAY_EPISODE')\"><\/play-button>\n\n            <play-state on=\"active\">\n              <step-forward class=\"mx-2 block\"><\/step-forward>\n            <\/play-state>\n            <play-state on=\"active\">\n              <chapter-next class=\"mx-2 block\"><\/chapter-next>\n            <\/play-state>\n          <\/div>\n\n          <div class=\"block\">\n            <play-state on=\"active\">\n              <volume-control class=\"flex items-center\"><\/volume-control>\n            <\/play-state>\n          <\/div>\n        <\/div>\n        <div class=\"flex w-full\">\n          <progress-bar><\/progress-bar>\n        <\/div>\n        <div class=\"flex w-full -mt-2\">\n          <div class=\"w-3\/12 text-left\">\n            <timer-current class=\"text-sm\"><\/timer-current>\n          <\/div>\n          <div class=\"w-6\/12 text-center truncate\">\n            <play-state on=\"active\">\n              <current-chapter class=\"text-sm\"><\/current-chapter>\n            <\/play-state>\n          <\/div>\n          <div class=\"w-3\/12 text-right\">\n            <timer-duration class=\"text-sm\"><\/timer-duration>\n          <\/div>\n        <\/div>\n      <\/div>\n    <\/div>\n    <divider class=\"w-full mt-6 mb-3\"><\/divider>\n    <div class=\"flex justify-between\">\n      <div class=\"flex mobile:w-full tablet:w-3\/12 desktop:w-3\/12 justify-between\">\n        <tab-trigger tab=\"chapters\">\n          <icon type=\"chapter\"><\/icon>\n        <\/tab-trigger>\n        <tab-trigger tab=\"transcripts\">\n          <icon type=\"transcripts\"><\/icon>\n        <\/tab-trigger>\n        <tab-trigger tab=\"files\">\n          <icon type=\"download\"><\/icon>\n        <\/tab-trigger>\n        <tab-trigger tab=\"playlist\">\n          <icon type=\"playlist\"><\/icon>\n        <\/tab-trigger>\n        <tab-trigger tab=\"share\">\n          <icon type=\"share\"><\/icon>\n        <\/tab-trigger>\n      <\/div>\n      <subscribe-button class=\"mt-1 mobile:hidden tablet:flex\"><\/subscribe-button>\n    <\/div>\n  <\/div>\n  <div class=\"w-full relative overflow-hidden\">\n    <tab name=\"chapters\">\n      <tab-chapters><\/tab-chapters>\n    <\/tab>\n    <tab name=\"transcripts\">\n      <tab-transcripts><\/tab-transcripts>\n    <\/tab>\n    <tab name=\"files\">\n      <tab-files><\/tab-files>\n    <\/tab>\n    <tab name=\"playlist\">\n      <tab-playlist><\/tab-playlist>\n    <\/tab>\n    <tab name=\"share\">\n      <tab-share><\/tab-share>\n    <\/tab>\n    <tab-overflow><\/tab-overflow>\n  <\/div>\n  <error><\/error>\n<\/root>\n<\/div>\n            <script>\n              document.addEventListener(\"DOMContentLoaded\", function() {\n                var player = document.getElementById(\"player-69f16d841bbc3\");\n                podlovePlayerCache.add([{\"url\":\"https:\\\/\\\/www.reisetagebuch-podcast.de\\\/wordpress\\\/wp-json\\\/podlove-web-player\\\/shortcode\\\/publisher\\\/734\",\"data\":{\"version\":5,\"show\":{\"title\":\"Reisetagebuch Podcast\",\"subtitle\":\"Wenn einer eine Reise tut, dann hat er viel zu erz\\u00e4hlen\",\"summary\":\"Ich erz\\u00e4hle euch meine Reisen und nehme euch ein St\\u00fcck weit mit...\",\"poster\":\"https:\\\/\\\/www.reisetagebuch-podcast.de\\\/wordpress\\\/podlove\\\/image\\\/687474703a2f2f7777772e726569736574616765627563682d706f64636173742e64652f776f726470726573732f77702d636f6e74656e742f75706c6f6164732f323031362f30352f4c6f676f30312d4b6f7069652d313430302e706e67\\\/500\\\/0\\\/0\\\/reisetagebuch-podcast\",\"link\":\"https:\\\/\\\/www.reisetagebuch-podcast.de\\\/wordpress\"},\"title\":\"rb072 - SCO - erster Zeltplatzstandort in Killin - 2019-07-10\",\"subtitle\":\"Wir machen Station in #Killin in der N\\u00e4he von Stirling. Unser #Urlaub in #Schottland kann damit los gehen. #Scotland #SCO2019 Im Schriftlichen Teil gibt es noch mehr Bilder, mehr Text und andere Infos.\",\"summary\":\"\",\"publicationDate\":\"2019-08-14T16:50:11+02:00\",\"duration\":\"00:13:56.583\",\"poster\":\"https:\\\/\\\/www.reisetagebuch-podcast.de\\\/wordpress\\\/podlove\\\/image\\\/687474703a2f2f7777772e726569736574616765627563682d706f64636173742e64652f776f726470726573732f77702d636f6e74656e742f75706c6f6164732f323031362f30352f4c6f676f30312d4b6f7069652d313430302e706e67\\\/500\\\/0\\\/0\\\/reisetagebuch-podcast\",\"link\":\"https:\\\/\\\/www.reisetagebuch-podcast.de\\\/wordpress\\\/2019\\\/08\\\/14\\\/rb072-sco-erster-zeltplatzstandort-in-killin-2019-07-10\\\/\",\"chapters\":[],\"audio\":[{\"url\":\"https:\\\/\\\/www.reisetagebuch-podcast.de\\\/wordpress\\\/podlove\\\/file\\\/707\\\/s\\\/webplayer\\\/c\\\/website\\\/rb072_SCO_erster_Zeltplatzstandort_in_Killin_2019-07-10.m4a\",\"size\":\"9386735\",\"title\":\"MPEG-4 AAC Audio (m4a)\",\"mimeType\":\"audio\\\/mp4\"},{\"url\":\"https:\\\/\\\/www.reisetagebuch-podcast.de\\\/wordpress\\\/podlove\\\/file\\\/708\\\/s\\\/webplayer\\\/c\\\/website\\\/rb072_SCO_erster_Zeltplatzstandort_in_Killin_2019-07-10.mp3\",\"size\":\"11869966\",\"title\":\"MP3 Audio (mp3)\",\"mimeType\":\"audio\\\/mpeg\"},{\"url\":\"https:\\\/\\\/www.reisetagebuch-podcast.de\\\/wordpress\\\/podlove\\\/file\\\/709\\\/s\\\/webplayer\\\/c\\\/website\\\/rb072_SCO_erster_Zeltplatzstandort_in_Killin_2019-07-10.opus\",\"size\":\"7198934\",\"title\":\"Opus Audio (opus)\",\"mimeType\":\"audio\\\/ogg;codecs=opus\"}],\"files\":[{\"url\":\"https:\\\/\\\/www.reisetagebuch-podcast.de\\\/wordpress\\\/podlove\\\/file\\\/708\\\/s\\\/webplayer\\\/rb072_SCO_erster_Zeltplatzstandort_in_Killin_2019-07-10.mp3\",\"size\":\"11869966\",\"title\":\"MP3 Audio\",\"mimeType\":\"audio\\\/mpeg\"},{\"url\":\"https:\\\/\\\/www.reisetagebuch-podcast.de\\\/wordpress\\\/podlove\\\/file\\\/707\\\/s\\\/webplayer\\\/rb072_SCO_erster_Zeltplatzstandort_in_Killin_2019-07-10.m4a\",\"size\":\"9386735\",\"title\":\"MPEG-4 AAC Audio\",\"mimeType\":\"audio\\\/mp4\"},{\"url\":\"https:\\\/\\\/www.reisetagebuch-podcast.de\\\/wordpress\\\/podlove\\\/file\\\/709\\\/s\\\/webplayer\\\/rb072_SCO_erster_Zeltplatzstandort_in_Killin_2019-07-10.opus\",\"size\":\"7198934\",\"title\":\"Opus Audio\",\"mimeType\":\"audio\\\/ogg;codecs=opus\"}],\"contributors\":[{\"id\":\"1\",\"name\":\"Mario\",\"avatar\":\"https:\\\/\\\/www.reisetagebuch-podcast.de\\\/wordpress\\\/wp-content\\\/cache\\\/podlove\\\/29\\\/298393e55dac6e4e5f09e48b0d6a4d\\\/mario_150x150.jpg\",\"role\":null,\"group\":null,\"comment\":null}]}}, {\"url\":\"https:\\\/\\\/www.reisetagebuch-podcast.de\\\/wordpress\\\/wp-json\\\/podlove-web-player\\\/shortcode\\\/config\\\/default\\\/theme\\\/default\",\"data\":{\"activeTab\":\"chapters\",\"subscribe-button\":null,\"share\":{\"channels\":[\"facebook\",\"twitter\",\"whats-app\",\"linkedin\",\"pinterest\",\"xing\",\"mail\",\"link\"],\"outlet\":\"https:\\\/\\\/www.reisetagebuch-podcast.de\\\/wordpress\\\/wp-content\\\/plugins\\\/podlove-web-player\\\/web-player\\\/share.html\",\"sharePlaytime\":true},\"related-episodes\":{\"source\":\"disabled\",\"value\":null},\"version\":5,\"theme\":{\"tokens\":{\"brand\":\"#E64415\",\"brandDark\":\"#235973\",\"brandDarkest\":\"#1A3A4A\",\"brandLightest\":\"#E9F1F5\",\"shadeDark\":\"#807E7C\",\"shadeBase\":\"#807E7C\",\"contrast\":\"#000\",\"alt\":\"#fff\"},\"fonts\":{\"ci\":{\"name\":\"ci\",\"family\":[\"-apple-system\",\"BlinkMacSystemFont\",\"Segoe UI\",\"Roboto\",\"Helvetica\",\"Arial\",\"sans-serif\",\"Apple Color Emoji\",\"Segoe UI Emoji\\\", \\\"Segoe UI Symbol\"],\"src\":[],\"weight\":800},\"regular\":{\"name\":\"regular\",\"family\":[\"-apple-system\",\"BlinkMacSystemFont\",\"Segoe UI\",\"Roboto\",\"Helvetica\",\"Arial\",\"sans-serif\",\"Apple Color Emoji\",\"Segoe UI Emoji\\\", \\\"Segoe UI Symbol\"],\"src\":[],\"weight\":300},\"bold\":{\"name\":\"bold\",\"family\":[\"-apple-system\",\"BlinkMacSystemFont\",\"Segoe UI\",\"Roboto\",\"Helvetica\",\"Arial\",\"sans-serif\",\"Apple Color Emoji\",\"Segoe UI Emoji\\\", \\\"Segoe UI Symbol\"],\"src\":[],\"weight\":700}}},\"base\":\"https:\\\/\\\/www.reisetagebuch-podcast.de\\\/wordpress\\\/wp-content\\\/plugins\\\/podlove-web-player\\\/web-player\\\/\"}}]);\n                podlovePlayer(player, \"https:\/\/www.reisetagebuch-podcast.de\/wordpress\/wp-json\/podlove-web-player\/shortcode\/publisher\/734\", \"https:\/\/www.reisetagebuch-podcast.de\/wordpress\/wp-json\/podlove-web-player\/shortcode\/config\/default\/theme\/default\").then(function() {\n                  player && player.classList.remove(\"podlove-web-player-loading\");\n                });\n              });\n            <\/script>\n            <style>\n              .podlove-web-player.podlove-web-player-loading {\n                opacity: 0;\n              }\n            <\/style>\n        \n\t\n\t\t<form action=\"#\"><div class=\"episode_downloads\"><input type=\"hidden\" name=\"ptm_source\" value=\"download\" \/><input type=\"hidden\" name=\"ptm_context\" value=\"select-button\" \/><select name=\"download_media_file\"><option value=\"708\" data-raw-url=\"https:\/\/www.reisetagebuch-podcast.de\/wordpress\/podlove\/file\/708\/s\/download\/c\/select-show\/rb072_SCO_erster_Zeltplatzstandort_in_Killin_2019-07-10.mp3\">MP3 Audio [11 MB]<\/option><option value=\"707\" data-raw-url=\"https:\/\/www.reisetagebuch-podcast.de\/wordpress\/podlove\/file\/707\/s\/download\/c\/select-show\/rb072_SCO_erster_Zeltplatzstandort_in_Killin_2019-07-10.m4a\">MPEG-4 AAC Audio [9 MB]<\/option><option value=\"709\" data-raw-url=\"https:\/\/www.reisetagebuch-podcast.de\/wordpress\/podlove\/file\/709\/s\/download\/c\/select-show\/rb072_SCO_erster_Zeltplatzstandort_in_Killin_2019-07-10.opus\">Opus Audio [7 MB]<\/option><\/select><button class=\"podlove-download-primary\">Download<\/button><button class=\"podlove-download-secondary\">Show URL<\/button><\/div><\/form><script>\nfunction podlove_document_ready(fn) {\n  if (document.readyState != 'loading'){\n    fn();\n  } else {\n    document.addEventListener('DOMContentLoaded', fn);\n  }\n}\n\npodlove_document_ready(function() {\n\tdocument.querySelectorAll(\".episode_downloads\").forEach(function(item) {\n        var selectEl = item.querySelector(\"select\");\n\n        item.querySelector(\"button.podlove-download-secondary\").addEventListener(\"click\", function(e) {\n\t\t\te.preventDefault();\n            var optionEl = selectEl.querySelector(\"option[value='\"+ selectEl.value +\"']\")\n            let url = optionEl.dataset.rawUrl;\n\t\t\tprompt(\"Feel free to copy and paste this URL\", url);\n\t\t\treturn false;\n\t\t})\n\t});\n});\n<\/script>\n\n<p>Wir hatten nach meinem Empfinden eine recht gute \u00dcberfahrt, obwohl die Beste Ehefrau von allen meinte, das wir ein wenig geschwankt haben. Also das Schiff&#8230; Trotzdem und mit viel Hunger ging es dann auf der Prinzess Seaways fr\u00fch zum Fr\u00fchst\u00fccken. Wir lieben ja Fr\u00fchst\u00fcck und so ging es dann auch an die Theke.<\/p>\n\n\n\n<figure class=\"wp-block-image\"><img loading=\"lazy\" decoding=\"async\" width=\"1000\" height=\"750\" src=\"http:\/\/www.reisetagebuch-podcast.de\/wordpress\/wp-content\/uploads\/2019\/08\/Fr\u00fchst\u00fcck.jpg\" alt=\"Fr\u00fchst\u00fcck\" class=\"wp-image-746\" srcset=\"https:\/\/www.reisetagebuch-podcast.de\/wordpress\/wp-content\/uploads\/2019\/08\/Fr\u00fchst\u00fcck.jpg 1000w, https:\/\/www.reisetagebuch-podcast.de\/wordpress\/wp-content\/uploads\/2019\/08\/Fr\u00fchst\u00fcck-300x225.jpg 300w, https:\/\/www.reisetagebuch-podcast.de\/wordpress\/wp-content\/uploads\/2019\/08\/Fr\u00fchst\u00fcck-768x576.jpg 768w\" sizes=\"auto, (max-width: 1000px) 100vw, 1000px\" \/><figcaption>Fr\u00fchst\u00fcck<\/figcaption><\/figure>\n\n\n\n<p>Nat\u00fcrlich halten wir uns an das Traditionelle Fr\u00fchst\u00fcck und weichen keinen Deut davon ab. Gut das das Essen immer noch so ist wie wir es kennen und so ist f\u00fcr jeden Geschmack was zu finden. Preis\/Leistung gehen voll in Ordnung und 14,50 Euro pro Erwachsenen sind voll OK. Daf\u00fcr kann man Essen bis es Oberkante Unterlippe steht. Was aber fehlt, es gibt nicht mehr diese britischen Blechkannen f\u00fcr Tee und auch keinen britischen Tee mehr an Bord, also diese Pyramiden Bags. Kaffee interessiert mich im Urlaub meist nicht.<\/p>\n\n\n\n<p>Danach ging es f\u00fcr mich raus an Deck, ich wollte nat\u00fcrlich die Einfahrt in den Hafen nicht verpassen. Das ein Teil der Crew dann auch noch eine Boots\u00fcbung abhielt, werte ich mal als Bonus f\u00fcr die Augen. Das haben die ohne Probleme hinbekommen w\u00e4hrend der Fahrt ein Beiboot zu Wasser zu lassen und das sp\u00e4ter auch wieder an Bord zu holen.<\/p>\n\n\n\n<p>Nach dem Anlegen waren wir dann auch recht schnell von Bord, standen ja auch quasi nur drei Autos vor uns und dem Tor zum raus fahren. Dann hie\u00df es aber, anstellen und warten das die &#8222;Border Control&#8220; sich alles angesehen hat. Und das haben sie auch, so \u00e4hnlich habe ich es noch Anfang der 2000er erlebt und sp\u00e4ter dann nicht mehr. <\/p>\n\n\n\n<figure class=\"wp-block-image\"><img loading=\"lazy\" decoding=\"async\" width=\"1000\" height=\"750\" src=\"http:\/\/www.reisetagebuch-podcast.de\/wordpress\/wp-content\/uploads\/2019\/08\/Grenzkontrollen.jpg\" alt=\"Border Control\" class=\"wp-image-738\" srcset=\"https:\/\/www.reisetagebuch-podcast.de\/wordpress\/wp-content\/uploads\/2019\/08\/Grenzkontrollen.jpg 1000w, https:\/\/www.reisetagebuch-podcast.de\/wordpress\/wp-content\/uploads\/2019\/08\/Grenzkontrollen-300x225.jpg 300w, https:\/\/www.reisetagebuch-podcast.de\/wordpress\/wp-content\/uploads\/2019\/08\/Grenzkontrollen-768x576.jpg 768w\" sizes=\"auto, (max-width: 1000px) 100vw, 1000px\" \/><figcaption>Border Control<\/figcaption><\/figure>\n\n\n\n<p>In jedes Fahrzeug wurde rein gesehen und ich denke mal fast jeder Kofferraum wurde aufgemacht. Wie gesagt, die scheinen das alles schon f\u00fcr den Schei\u00df Brexit vorbereitet zu haben&#8230;.<\/p>\n\n\n\n<p>Was eine weitere Begleiterscheinung des Brexit ist, der g\u00fcnstige Umtauschkurs f\u00fcr uns. Zu Beginn des Urlaubs haben wir f\u00fcr \u00a31 nur 1,19 Euro hinlegen m\u00fcssen. So g\u00fcnstig hatten wir es bisher noch nicht. <\/p>\n\n\n\n<p>Nachdem alle Fahrzeuge vorkontrolliert waren, ging es mit der Passkontrolle dann doch recht flink und wir waren drau\u00dfen und ab ging es in den Links-Verkehr. Wir (Eltern) lieben ja den Linksverkehr und da wir schon so oft da waren, m\u00fcssen wir auch nicht gro\u00df in den Atlas schauen.<\/p>\n\n\n\n<p>Wieso Atlas werden sich jetzt etliche Fragen, wo es doch so geile Navis gibt. Was Navis nicht k\u00f6nnen ist, mir die Landkarte als \u00dcbersicht ins Gehirn Pflanzen. Ein weiterer Vorteil von diesen gro\u00dfen Atlas den wir immer nutzen ist, da sind ganz viele Sachen mit eingezeichnet die man beim ansehen finden kann wie Steinkreise, Brochs, Ruinen und was noch alles so Interessant sein kann auf einer Fahrt in einem fremden Land.<\/p>\n\n\n\n<p>F\u00fcr uns ging es erst einmal auf die A1058 Richtung Innenstadt und dann dort auf die A696 Richtung <a href=\"http:\/\/www.streetmap.co.uk\/map.srf?x=365500&amp;y=620500&amp;z=120&amp;sv=jedburgh&amp;st=3&amp;tl=Map+of+Jedburgh,+Scottish+Borders+[City\/Town\/Village]&amp;searchp=ids.srf&amp;mapp=map.srf\">Jedburgh<\/a> und sp\u00e4ter auf die A68 weiter. F\u00fcr die Motoradfahrer unter euch, ist die A68 ab <a href=\"http:\/\/www.streetmap.co.uk\/map.srf?x=398540&amp;y=565360&amp;z=130&amp;sv=398540,565360&amp;st=4&amp;ar=y&amp;mapp=map.srf&amp;searchp=ids.srf&amp;dn=653&amp;ax=398540&amp;ay=565360&amp;lm=0\">Corbridge<\/a> viel Interessanter, die ist so spitze, das ihr da nicht die einzigsten Motorradfahrer sein werdet. Das Gef\u00fchl dort zu fahren werdet ihr lieben.<\/p>\n\n\n\n<figure class=\"wp-block-image\"><img loading=\"lazy\" decoding=\"async\" width=\"1000\" height=\"750\" src=\"http:\/\/www.reisetagebuch-podcast.de\/wordpress\/wp-content\/uploads\/2019\/08\/Fahrendes-Volk.jpg\" alt=\"Fahrendes Volk\" class=\"wp-image-739\" srcset=\"https:\/\/www.reisetagebuch-podcast.de\/wordpress\/wp-content\/uploads\/2019\/08\/Fahrendes-Volk.jpg 1000w, https:\/\/www.reisetagebuch-podcast.de\/wordpress\/wp-content\/uploads\/2019\/08\/Fahrendes-Volk-300x225.jpg 300w, https:\/\/www.reisetagebuch-podcast.de\/wordpress\/wp-content\/uploads\/2019\/08\/Fahrendes-Volk-768x576.jpg 768w\" sizes=\"auto, (max-width: 1000px) 100vw, 1000px\" \/><figcaption>Fahrendes Volk<\/figcaption><\/figure>\n\n\n\n<p>Leider mussten gerade an diesem Tag\/Woche am sch\u00f6nsten Grenzstein zwischen Schottland und England, Bauarbeiten sein. Somit viel der erste Imbiss erst mal flach&#8230;<\/p>\n\n\n\n<figure class=\"wp-block-image\"><img loading=\"lazy\" decoding=\"async\" width=\"750\" height=\"1000\" src=\"http:\/\/www.reisetagebuch-podcast.de\/wordpress\/wp-content\/uploads\/2019\/08\/Jedburgh-Einhorn.jpg\" alt=\"Einhorn von Jedburgh\" class=\"wp-image-740\" srcset=\"https:\/\/www.reisetagebuch-podcast.de\/wordpress\/wp-content\/uploads\/2019\/08\/Jedburgh-Einhorn.jpg 750w, https:\/\/www.reisetagebuch-podcast.de\/wordpress\/wp-content\/uploads\/2019\/08\/Jedburgh-Einhorn-225x300.jpg 225w\" sizes=\"auto, (max-width: 750px) 100vw, 750px\" \/><figcaption>Einhorn von Jedburgh<\/figcaption><\/figure>\n\n\n\n<p>Daf\u00fcr machen wir in Jedburgh immer Station um Geld abzuheben und die ersten Vorr\u00e4te einzukaufen die man in D so nicht bekommt&#8230;.<\/p>\n\n\n\n<figure class=\"wp-block-image\"><img loading=\"lazy\" decoding=\"async\" width=\"1000\" height=\"750\" src=\"http:\/\/www.reisetagebuch-podcast.de\/wordpress\/wp-content\/uploads\/2019\/08\/Bank-of-Scoland.jpg\" alt=\"Bank of Scotland in Jedburgh\" class=\"wp-image-741\" srcset=\"https:\/\/www.reisetagebuch-podcast.de\/wordpress\/wp-content\/uploads\/2019\/08\/Bank-of-Scoland.jpg 1000w, https:\/\/www.reisetagebuch-podcast.de\/wordpress\/wp-content\/uploads\/2019\/08\/Bank-of-Scoland-300x225.jpg 300w, https:\/\/www.reisetagebuch-podcast.de\/wordpress\/wp-content\/uploads\/2019\/08\/Bank-of-Scoland-768x576.jpg 768w\" sizes=\"auto, (max-width: 1000px) 100vw, 1000px\" \/><figcaption>Bank of Scotland in Jedburgh<\/figcaption><\/figure>\n\n\n\n<figure class=\"wp-block-image\"><img loading=\"lazy\" decoding=\"async\" width=\"750\" height=\"1000\" src=\"http:\/\/www.reisetagebuch-podcast.de\/wordpress\/wp-content\/uploads\/2019\/08\/Lucozade-IrnBru.jpg\" alt=\"Lucozade und IrnBru\" class=\"wp-image-742\" srcset=\"https:\/\/www.reisetagebuch-podcast.de\/wordpress\/wp-content\/uploads\/2019\/08\/Lucozade-IrnBru.jpg 750w, https:\/\/www.reisetagebuch-podcast.de\/wordpress\/wp-content\/uploads\/2019\/08\/Lucozade-IrnBru-225x300.jpg 225w\" sizes=\"auto, (max-width: 750px) 100vw, 750px\" \/><figcaption>Lucozade und IrnBru<\/figcaption><\/figure>\n\n\n\n<p>Nach der St\u00e4rkung und dem Einkauf ging es dann weiter Richtung Edinburgh, auf dem City Bypass A720 Richtung Stirling weiter um dann nach Callander wie hier auf dem Bild und dann in Killin anzukommen.<\/p>\n\n\n\n<figure class=\"wp-block-image\"><img loading=\"lazy\" decoding=\"async\" width=\"1000\" height=\"750\" src=\"http:\/\/www.reisetagebuch-podcast.de\/wordpress\/wp-content\/uploads\/2019\/08\/Stadt-in-den-Highlands-Callander.jpg\" alt=\"Strassenansicht von Callander\" class=\"wp-image-743\" srcset=\"https:\/\/www.reisetagebuch-podcast.de\/wordpress\/wp-content\/uploads\/2019\/08\/Stadt-in-den-Highlands-Callander.jpg 1000w, https:\/\/www.reisetagebuch-podcast.de\/wordpress\/wp-content\/uploads\/2019\/08\/Stadt-in-den-Highlands-Callander-300x225.jpg 300w, https:\/\/www.reisetagebuch-podcast.de\/wordpress\/wp-content\/uploads\/2019\/08\/Stadt-in-den-Highlands-Callander-768x576.jpg 768w\" sizes=\"auto, (max-width: 1000px) 100vw, 1000px\" \/><figcaption>Stra\u00dfenansicht von Callander<\/figcaption><\/figure>\n\n\n\n<figure class=\"wp-block-image\"><img loading=\"lazy\" decoding=\"async\" width=\"1024\" height=\"377\" src=\"http:\/\/www.reisetagebuch-podcast.de\/wordpress\/wp-content\/uploads\/2019\/08\/Loch-Lubnaig-1024x377.jpg\" alt=\"Loch Lubnaig\" class=\"wp-image-744\" srcset=\"https:\/\/www.reisetagebuch-podcast.de\/wordpress\/wp-content\/uploads\/2019\/08\/Loch-Lubnaig-1024x377.jpg 1024w, https:\/\/www.reisetagebuch-podcast.de\/wordpress\/wp-content\/uploads\/2019\/08\/Loch-Lubnaig-300x111.jpg 300w, https:\/\/www.reisetagebuch-podcast.de\/wordpress\/wp-content\/uploads\/2019\/08\/Loch-Lubnaig-768x283.jpg 768w\" sizes=\"auto, (max-width: 1024px) 100vw, 1024px\" \/><figcaption>Loch Lubnaig<\/figcaption><\/figure>\n\n\n\n<p>Richtig Aufgebl\u00fcht ist mein Herz aber erst bei Ankunft in den Highlands wie hier am Loch Lubnaig. Von hier aus ist es auch nicht mehr weit bis nach Killin und unserem Zeltplatz dem Cruachan Caravan and Camping Park. Hier waren wir schon einmal vor vielen Jahren und er hat uns immer noch gefallen.<\/p>\n\n\n\n<figure class=\"wp-block-image\"><img loading=\"lazy\" decoding=\"async\" width=\"1000\" height=\"750\" src=\"http:\/\/www.reisetagebuch-podcast.de\/wordpress\/wp-content\/uploads\/2019\/08\/Cruachan-Caravan-Camping-Park.jpg\" alt=\"Cruachan Caravan and Camping Park\" class=\"wp-image-745\" srcset=\"https:\/\/www.reisetagebuch-podcast.de\/wordpress\/wp-content\/uploads\/2019\/08\/Cruachan-Caravan-Camping-Park.jpg 1000w, https:\/\/www.reisetagebuch-podcast.de\/wordpress\/wp-content\/uploads\/2019\/08\/Cruachan-Caravan-Camping-Park-300x225.jpg 300w, https:\/\/www.reisetagebuch-podcast.de\/wordpress\/wp-content\/uploads\/2019\/08\/Cruachan-Caravan-Camping-Park-768x576.jpg 768w\" sizes=\"auto, (max-width: 1000px) 100vw, 1000px\" \/><figcaption>Cruachan Caravan and Camping Park<\/figcaption><\/figure>\n\n\n\n<p>Kommen wir mal noch zu etwas Meta. Nat\u00fcrlich freue ich \u00fcber Anmerkungen  und so weiter. Das k\u00f6nnt ihr gern hier als Kommentar im Blog machen oder  auch bei <a href=\"https:\/\/www.fyyd.de\">www.fyyd.de<\/a> (der Podcast  Suchmaschine) oder ihr geht einen Weg \u00fcber Mastodon. Denn zusammen mit  fyyd hat der Programmierer einen sch\u00f6nen Skill gebaut. Kommt eine neue  Podcastfolge bei fyyd.de an, wird die automatisch als Beitrag in meine  Timeline gepostet und die Kommentare darunter sind als eigener Thread  f\u00fcr alle Sichtbar. <\/p>\n\n\n\n<h2 class=\"wp-block-heading\"> Linkliste <\/h2>\n\n\n\n<ul class=\"wp-block-list\"><li><a href=\"http:\/\/www.camping-directory.uk\/camping_caravanning\/scotland\/perthshire\/1292\">Cruachan Caravan &amp; Camping Park auf camping-directory.uk<\/a><\/li><li><a href=\"https:\/\/www.camping.info\/gro%C3%9Fbritannien\/schottland\/cruachan-caravan-camping-park-3107\">Cruachan Caravan &amp; Camping Park auf camping.info<\/a><\/li><li><a href=\"http:\/\/www.streetmap.co.uk\/map.srf?x=261282&amp;y=735885&amp;z=120&amp;sv=261282,735885&amp;st=4&amp;ar=y&amp;mapp=map.srf&amp;searchp=ids.srf&amp;dn=653&amp;ax=261282&amp;ay=735885&amp;lm=0\">Lage bei des Zeltplatz bei Streetmap.co.uk<\/a><\/li><li><a href=\"https:\/\/www.killin.info\/guides\/things-to-do\/\">Killin.info<\/a><\/li><\/ul>\n\n\n\n<p><\/p>\n","protected":false},"author":1,"featured_media":745,"comment_status":"open","ping_status":"open","template":"","meta":{"activitypub_content_warning":"","activitypub_content_visibility":"","activitypub_max_image_attachments":3,"activitypub_interaction_policy_quote":"anyone","activitypub_status":"","footnotes":""},"tags":[376,373,177,61,126,57,372,38,14,367,371,370,368,375,378,187,358,219,3,369,4,377,128,54,374],"class_list":["post-734","podcast","type-podcast","status-publish","has-post-thumbnail","hentry","tag-atlas","tag-brexit","tag-broch","tag-camping","tag-caravan","tag-castle","tag-cruachan","tag-dfds","tag-faehre","tag-fyyd","tag-highlands","tag-jedburgh","tag-killin","tag-linksverkehr","tag-loch-lubnaig","tag-newcastle","tag-prinzess-seaways","tag-ruine","tag-schottland","tag-sco2019","tag-scotland","tag-steinkreis","tag-zelten","tag-zeltplatz","tag-zollkontrolle","post"],"_links":{"self":[{"href":"https:\/\/www.reisetagebuch-podcast.de\/wordpress\/wp-json\/wp\/v2\/episodes\/734","targetHints":{"allow":["GET"]}}],"collection":[{"href":"https:\/\/www.reisetagebuch-podcast.de\/wordpress\/wp-json\/wp\/v2\/episodes"}],"about":[{"href":"https:\/\/www.reisetagebuch-podcast.de\/wordpress\/wp-json\/wp\/v2\/types\/podcast"}],"author":[{"embeddable":true,"href":"https:\/\/www.reisetagebuch-podcast.de\/wordpress\/wp-json\/wp\/v2\/users\/1"}],"replies":[{"embeddable":true,"href":"https:\/\/www.reisetagebuch-podcast.de\/wordpress\/wp-json\/wp\/v2\/comments?post=734"}],"version-history":[{"count":4,"href":"https:\/\/www.reisetagebuch-podcast.de\/wordpress\/wp-json\/wp\/v2\/episodes\/734\/revisions"}],"predecessor-version":[{"id":749,"href":"https:\/\/www.reisetagebuch-podcast.de\/wordpress\/wp-json\/wp\/v2\/episodes\/734\/revisions\/749"}],"wp:featuredmedia":[{"embeddable":true,"href":"https:\/\/www.reisetagebuch-podcast.de\/wordpress\/wp-json\/wp\/v2\/media\/745"}],"wp:attachment":[{"href":"https:\/\/www.reisetagebuch-podcast.de\/wordpress\/wp-json\/wp\/v2\/media?parent=734"}],"wp:term":[{"taxonomy":"post_tag","embeddable":true,"href":"https:\/\/www.reisetagebuch-podcast.de\/wordpress\/wp-json\/wp\/v2\/tags?post=734"}],"curies":[{"name":"wp","href":"https:\/\/api.w.org\/{rel}","templated":true}]}}