{"id":754,"date":"2019-08-24T10:00:35","date_gmt":"2019-08-24T08:00:35","guid":{"rendered":"podlove-2019-08-14t11:35:16+00:00-7443f4a02a64e54"},"modified":"2019-08-23T20:44:08","modified_gmt":"2019-08-23T18:44:08","slug":"rb073-die-natur-arbeitet-wir-nicht-2019-07-11","status":"publish","type":"podcast","link":"https:\/\/www.reisetagebuch-podcast.de\/wordpress\/2019\/08\/24\/rb073-die-natur-arbeitet-wir-nicht-2019-07-11\/","title":{"rendered":"rb073 &#8211; SCO &#8211; die Natur arbeitet &#8211; wir nicht &#8211; 2019-07-11"},"content":{"rendered":"\n\t\t\n            <div class=\"podlove-web-player intrinsic-ignore podlove-web-player-loading\" id=\"player-69f18f8805877\"><root data-test=\"player--xl\" style=\"max-width:950px;min-width:260px;\">\n  <div class=\"tablet:px-6 tablet:pt-6 mobile:px-4 mobile:pt-4 flex flex-col\">\n    <div class=\"flex-col items-center mobile:flex tablet:hidden\">\n      <show-title class=\"text-sm\"><\/show-title>\n      <episode-title class=\"text-base mb-2\"><\/episode-title>\n      <subscribe-button class=\"mb-4 mobile:flex tablet:hidden\"><\/subscribe-button>\n      <poster class=\"rounded-sm w-48 shadow overflow-hidden\"><\/poster>\n      <divider class=\"w-full my-6\"><\/divider>\n    <\/div>\n\n    <div class=\"tablet:flex flex-grow\">\n      <div class=\"w-64 mobile:hidden tablet:block tablet:mr-6\">\n        <poster class=\"rounded-sm shadow overflow-hidden\"><\/poster>\n      <\/div>\n      <div class=\"w-full\">\n        <div class=\"hidden tablet:block\">\n          <show-title class=\"text-base\"><\/show-title>\n          <episode-title class=\"text-xl desktop:text-2xl\"><\/episode-title>\n          <divider class=\"w-full my-4\"><\/divider>\n        <\/div>\n        <div class=\"flex items-center justify-between\">\n          <div class=\"block\">\n            <play-state on=\"active\">\n              <speed-control class=\"flex items-center\"><\/speed-control>\n            <\/play-state>\n          <\/div>\n\n          <div class=\"flex\">\n            <play-state on=\"active\">\n              <chapter-previous class=\"mx-2 block\"><\/chapter-previous>\n            <\/play-state>\n            <play-state on=\"active\">\n              <step-backward class=\"mx-2 block\"><\/step-backward>\n            <\/play-state>\n\n            <play-button class=\"mx-2 block\" :label=\"$t('PLAYER.PLAY_EPISODE')\"><\/play-button>\n\n            <play-state on=\"active\">\n              <step-forward class=\"mx-2 block\"><\/step-forward>\n            <\/play-state>\n            <play-state on=\"active\">\n              <chapter-next class=\"mx-2 block\"><\/chapter-next>\n            <\/play-state>\n          <\/div>\n\n          <div class=\"block\">\n            <play-state on=\"active\">\n              <volume-control class=\"flex items-center\"><\/volume-control>\n            <\/play-state>\n          <\/div>\n        <\/div>\n        <div class=\"flex w-full\">\n          <progress-bar><\/progress-bar>\n        <\/div>\n        <div class=\"flex w-full -mt-2\">\n          <div class=\"w-3\/12 text-left\">\n            <timer-current class=\"text-sm\"><\/timer-current>\n          <\/div>\n          <div class=\"w-6\/12 text-center truncate\">\n            <play-state on=\"active\">\n              <current-chapter class=\"text-sm\"><\/current-chapter>\n            <\/play-state>\n          <\/div>\n          <div class=\"w-3\/12 text-right\">\n            <timer-duration class=\"text-sm\"><\/timer-duration>\n          <\/div>\n        <\/div>\n      <\/div>\n    <\/div>\n    <divider class=\"w-full mt-6 mb-3\"><\/divider>\n    <div class=\"flex justify-between\">\n      <div class=\"flex mobile:w-full tablet:w-3\/12 desktop:w-3\/12 justify-between\">\n        <tab-trigger tab=\"chapters\">\n          <icon type=\"chapter\"><\/icon>\n        <\/tab-trigger>\n        <tab-trigger tab=\"transcripts\">\n          <icon type=\"transcripts\"><\/icon>\n        <\/tab-trigger>\n        <tab-trigger tab=\"files\">\n          <icon type=\"download\"><\/icon>\n        <\/tab-trigger>\n        <tab-trigger tab=\"playlist\">\n          <icon type=\"playlist\"><\/icon>\n        <\/tab-trigger>\n        <tab-trigger tab=\"share\">\n          <icon type=\"share\"><\/icon>\n        <\/tab-trigger>\n      <\/div>\n      <subscribe-button class=\"mt-1 mobile:hidden tablet:flex\"><\/subscribe-button>\n    <\/div>\n  <\/div>\n  <div class=\"w-full relative overflow-hidden\">\n    <tab name=\"chapters\">\n      <tab-chapters><\/tab-chapters>\n    <\/tab>\n    <tab name=\"transcripts\">\n      <tab-transcripts><\/tab-transcripts>\n    <\/tab>\n    <tab name=\"files\">\n      <tab-files><\/tab-files>\n    <\/tab>\n    <tab name=\"playlist\">\n      <tab-playlist><\/tab-playlist>\n    <\/tab>\n    <tab name=\"share\">\n      <tab-share><\/tab-share>\n    <\/tab>\n    <tab-overflow><\/tab-overflow>\n  <\/div>\n  <error><\/error>\n<\/root>\n<\/div>\n            <script>\n              document.addEventListener(\"DOMContentLoaded\", function() {\n                var player = document.getElementById(\"player-69f18f8805877\");\n                podlovePlayerCache.add([{\"url\":\"https:\\\/\\\/www.reisetagebuch-podcast.de\\\/wordpress\\\/wp-json\\\/podlove-web-player\\\/shortcode\\\/publisher\\\/754\",\"data\":{\"version\":5,\"show\":{\"title\":\"Reisetagebuch Podcast\",\"subtitle\":\"Wenn einer eine Reise tut, dann hat er viel zu erz\\u00e4hlen\",\"summary\":\"Ich erz\\u00e4hle euch meine Reisen und nehme euch ein St\\u00fcck weit mit...\",\"poster\":\"https:\\\/\\\/www.reisetagebuch-podcast.de\\\/wordpress\\\/podlove\\\/image\\\/687474703a2f2f7777772e726569736574616765627563682d706f64636173742e64652f776f726470726573732f77702d636f6e74656e742f75706c6f6164732f323031362f30352f4c6f676f30312d4b6f7069652d313430302e706e67\\\/500\\\/0\\\/0\\\/reisetagebuch-podcast\",\"link\":\"https:\\\/\\\/www.reisetagebuch-podcast.de\\\/wordpress\"},\"title\":\"rb073 - SCO - die Natur arbeitet - wir nicht - 2019-07-11\",\"subtitle\":\"Heute geht es auf den Hausberg von #Killin und dabei werden wir der Natur beim Arbeiten zusehen. Ach was sag ich, wir sind mitten drin und live dabei wie die Natur arbeitet. Dabei wollen wir nat\\u00fcrlich auch sehen, wie sich die Kinder machen.\",\"summary\":\"#Schottland #sco2019 #Scotland #Natur #Berge #Wetter\",\"publicationDate\":\"2019-08-24T10:00:35+02:00\",\"duration\":\"00:26:37.674\",\"poster\":\"https:\\\/\\\/www.reisetagebuch-podcast.de\\\/wordpress\\\/podlove\\\/image\\\/687474703a2f2f7777772e726569736574616765627563682d706f64636173742e64652f776f726470726573732f77702d636f6e74656e742f75706c6f6164732f323031362f30352f4c6f676f30312d4b6f7069652d313430302e706e67\\\/500\\\/0\\\/0\\\/reisetagebuch-podcast\",\"link\":\"https:\\\/\\\/www.reisetagebuch-podcast.de\\\/wordpress\\\/2019\\\/08\\\/24\\\/rb073-die-natur-arbeitet-wir-nicht-2019-07-11\\\/\",\"chapters\":[],\"audio\":[{\"url\":\"https:\\\/\\\/www.reisetagebuch-podcast.de\\\/wordpress\\\/podlove\\\/file\\\/710\\\/s\\\/webplayer\\\/c\\\/website\\\/rb073-SCO-die_Natur_arbeitet-wir_nicht_2019-07-11.m4a\",\"size\":\"17288724\",\"title\":\"MPEG-4 AAC Audio (m4a)\",\"mimeType\":\"audio\\\/mp4\"},{\"url\":\"https:\\\/\\\/www.reisetagebuch-podcast.de\\\/wordpress\\\/podlove\\\/file\\\/711\\\/s\\\/webplayer\\\/c\\\/website\\\/rb073-SCO-die_Natur_arbeitet-wir_nicht_2019-07-11.mp3\",\"size\":\"22526012\",\"title\":\"MP3 Audio (mp3)\",\"mimeType\":\"audio\\\/mpeg\"},{\"url\":\"https:\\\/\\\/www.reisetagebuch-podcast.de\\\/wordpress\\\/podlove\\\/file\\\/712\\\/s\\\/webplayer\\\/c\\\/website\\\/rb073-SCO-die_Natur_arbeitet-wir_nicht_2019-07-11.opus\",\"size\":\"13182646\",\"title\":\"Opus Audio (opus)\",\"mimeType\":\"audio\\\/ogg;codecs=opus\"}],\"files\":[{\"url\":\"https:\\\/\\\/www.reisetagebuch-podcast.de\\\/wordpress\\\/podlove\\\/file\\\/711\\\/s\\\/webplayer\\\/rb073-SCO-die_Natur_arbeitet-wir_nicht_2019-07-11.mp3\",\"size\":\"22526012\",\"title\":\"MP3 Audio\",\"mimeType\":\"audio\\\/mpeg\"},{\"url\":\"https:\\\/\\\/www.reisetagebuch-podcast.de\\\/wordpress\\\/podlove\\\/file\\\/710\\\/s\\\/webplayer\\\/rb073-SCO-die_Natur_arbeitet-wir_nicht_2019-07-11.m4a\",\"size\":\"17288724\",\"title\":\"MPEG-4 AAC Audio\",\"mimeType\":\"audio\\\/mp4\"},{\"url\":\"https:\\\/\\\/www.reisetagebuch-podcast.de\\\/wordpress\\\/podlove\\\/file\\\/712\\\/s\\\/webplayer\\\/rb073-SCO-die_Natur_arbeitet-wir_nicht_2019-07-11.opus\",\"size\":\"13182646\",\"title\":\"Opus Audio\",\"mimeType\":\"audio\\\/ogg;codecs=opus\"}],\"contributors\":[{\"id\":\"1\",\"name\":\"Mario\",\"avatar\":\"https:\\\/\\\/www.reisetagebuch-podcast.de\\\/wordpress\\\/wp-content\\\/cache\\\/podlove\\\/29\\\/298393e55dac6e4e5f09e48b0d6a4d\\\/mario_150x150.jpg\",\"role\":null,\"group\":null,\"comment\":null}]}}, {\"url\":\"https:\\\/\\\/www.reisetagebuch-podcast.de\\\/wordpress\\\/wp-json\\\/podlove-web-player\\\/shortcode\\\/config\\\/default\\\/theme\\\/default\",\"data\":{\"activeTab\":\"chapters\",\"subscribe-button\":null,\"share\":{\"channels\":[\"facebook\",\"twitter\",\"whats-app\",\"linkedin\",\"pinterest\",\"xing\",\"mail\",\"link\"],\"outlet\":\"https:\\\/\\\/www.reisetagebuch-podcast.de\\\/wordpress\\\/wp-content\\\/plugins\\\/podlove-web-player\\\/web-player\\\/share.html\",\"sharePlaytime\":true},\"related-episodes\":{\"source\":\"disabled\",\"value\":null},\"version\":5,\"theme\":{\"tokens\":{\"brand\":\"#E64415\",\"brandDark\":\"#235973\",\"brandDarkest\":\"#1A3A4A\",\"brandLightest\":\"#E9F1F5\",\"shadeDark\":\"#807E7C\",\"shadeBase\":\"#807E7C\",\"contrast\":\"#000\",\"alt\":\"#fff\"},\"fonts\":{\"ci\":{\"name\":\"ci\",\"family\":[\"-apple-system\",\"BlinkMacSystemFont\",\"Segoe UI\",\"Roboto\",\"Helvetica\",\"Arial\",\"sans-serif\",\"Apple Color Emoji\",\"Segoe UI Emoji\\\", \\\"Segoe UI Symbol\"],\"src\":[],\"weight\":800},\"regular\":{\"name\":\"regular\",\"family\":[\"-apple-system\",\"BlinkMacSystemFont\",\"Segoe UI\",\"Roboto\",\"Helvetica\",\"Arial\",\"sans-serif\",\"Apple Color Emoji\",\"Segoe UI Emoji\\\", \\\"Segoe UI Symbol\"],\"src\":[],\"weight\":300},\"bold\":{\"name\":\"bold\",\"family\":[\"-apple-system\",\"BlinkMacSystemFont\",\"Segoe UI\",\"Roboto\",\"Helvetica\",\"Arial\",\"sans-serif\",\"Apple Color Emoji\",\"Segoe UI Emoji\\\", \\\"Segoe UI Symbol\"],\"src\":[],\"weight\":700}}},\"base\":\"https:\\\/\\\/www.reisetagebuch-podcast.de\\\/wordpress\\\/wp-content\\\/plugins\\\/podlove-web-player\\\/web-player\\\/\"}}]);\n                podlovePlayer(player, \"https:\/\/www.reisetagebuch-podcast.de\/wordpress\/wp-json\/podlove-web-player\/shortcode\/publisher\/754\", \"https:\/\/www.reisetagebuch-podcast.de\/wordpress\/wp-json\/podlove-web-player\/shortcode\/config\/default\/theme\/default\").then(function() {\n                  player && player.classList.remove(\"podlove-web-player-loading\");\n                });\n              });\n            <\/script>\n            <style>\n              .podlove-web-player.podlove-web-player-loading {\n                opacity: 0;\n              }\n            <\/style>\n        \n\t\n\t\t<form action=\"#\"><div class=\"episode_downloads\"><input type=\"hidden\" name=\"ptm_source\" value=\"download\" \/><input type=\"hidden\" name=\"ptm_context\" value=\"select-button\" \/><select name=\"download_media_file\"><option value=\"711\" data-raw-url=\"https:\/\/www.reisetagebuch-podcast.de\/wordpress\/podlove\/file\/711\/s\/download\/c\/select-show\/rb073-SCO-die_Natur_arbeitet-wir_nicht_2019-07-11.mp3\">MP3 Audio [21 MB]<\/option><option value=\"710\" data-raw-url=\"https:\/\/www.reisetagebuch-podcast.de\/wordpress\/podlove\/file\/710\/s\/download\/c\/select-show\/rb073-SCO-die_Natur_arbeitet-wir_nicht_2019-07-11.m4a\">MPEG-4 AAC Audio [16 MB]<\/option><option value=\"712\" data-raw-url=\"https:\/\/www.reisetagebuch-podcast.de\/wordpress\/podlove\/file\/712\/s\/download\/c\/select-show\/rb073-SCO-die_Natur_arbeitet-wir_nicht_2019-07-11.opus\">Opus Audio [13 MB]<\/option><\/select><button class=\"podlove-download-primary\">Download<\/button><button class=\"podlove-download-secondary\">Show URL<\/button><\/div><\/form><script>\nfunction podlove_document_ready(fn) {\n  if (document.readyState != 'loading'){\n    fn();\n  } else {\n    document.addEventListener('DOMContentLoaded', fn);\n  }\n}\n\npodlove_document_ready(function() {\n\tdocument.querySelectorAll(\".episode_downloads\").forEach(function(item) {\n        var selectEl = item.querySelector(\"select\");\n\n        item.querySelector(\"button.podlove-download-secondary\").addEventListener(\"click\", function(e) {\n\t\t\te.preventDefault();\n            var optionEl = selectEl.querySelector(\"option[value='\"+ selectEl.value +\"']\")\n            let url = optionEl.dataset.rawUrl;\n\t\t\tprompt(\"Feel free to copy and paste this URL\", url);\n\t\t\treturn false;\n\t\t})\n\t});\n});\n<\/script>\n\n<p>Hach Kinners, ist das nicht sch\u00f6n. Zu Beginn des Urlaubs hat man noch einen groben Plan was man machen will. Das hei\u00dft, der Wecker klingelt, man steht auf, holt frisches Wasser zum Tee machen und wartet das die weiblichen Schlafs\u00e4cke im Zelt hinten sich endlich mal bequemen, aufzustehen. Mit einem Delay von ca. 30 min hat das auch recht gut geklappt.<\/p>\n\n\n\n<p>Was auch noch mal f\u00fcr mich recht sch\u00f6n ist, ich mag es fr\u00fch aufzustehen und der Natur zuzusehen. Da ich ein St\u00fcckchen gr\u00f6\u00dfer bin, dachten sich das ganz sicher auch ein paar Midges. Da ist man noch nicht mal 24 Stunden im Land und wird schon mal freudig begr\u00fc\u00dft. Zum Gl\u00fcck nicht all zu viele aber sie hei\u00dfen mich Willkommen. Das glaubt man kaum, da ist man mal drei Jahre nicht da und die Biester nehmen einem das so \u00fcbel&#8230;.<\/p>\n\n\n\n<p>F\u00fcr Heute steht ja eine kleine Wanderung an, wir wollen mit den Kindern zum Angew\u00f6hnen auf den Hausberg von Killin steigen und das als Test nehmen, wie Fit die Kinder aber auch wir sind. Das hei\u00dft ab diesem Jahr aber auch, das wir versuchen die Kinder dahingehend zu bringen, ihren Krempel selber zu tragen bzw. sich mit unserer Hilfe auszur\u00fcsten. Mit haben wir ja alles, was man gebrauchen k\u00f6nnte.<\/p>\n\n\n\n<figure class=\"wp-block-image\"><img loading=\"lazy\" decoding=\"async\" width=\"1000\" height=\"750\" src=\"http:\/\/www.reisetagebuch-podcast.de\/wordpress\/wp-content\/uploads\/2019\/08\/Killin-Hausberg.jpg\" alt=\"Hausberg von Killin aus dem Ort heraus gesehen\" class=\"wp-image-769\" srcset=\"https:\/\/www.reisetagebuch-podcast.de\/wordpress\/wp-content\/uploads\/2019\/08\/Killin-Hausberg.jpg 1000w, https:\/\/www.reisetagebuch-podcast.de\/wordpress\/wp-content\/uploads\/2019\/08\/Killin-Hausberg-300x225.jpg 300w, https:\/\/www.reisetagebuch-podcast.de\/wordpress\/wp-content\/uploads\/2019\/08\/Killin-Hausberg-768x576.jpg 768w\" sizes=\"auto, (max-width: 1000px) 100vw, 1000px\" \/><figcaption>Killin Hausberg, dahinter ist erst die Spitze<\/figcaption><\/figure>\n\n\n\n<p>Bild von unten auf den Hausberg<\/p>\n\n\n\n<p>Wie das so ist in Schottland, man ist nicht allein und kaum das wir losgelaufen sind auf dem Weg nach oben, wurden wir von einem Regenguss begr\u00fc\u00dft. Eltern bzw. Erwachsene tun sich da ja schwerer als Kinder und so wurden wir von unseren beiden Aufgefordert doch dann endlich weiterzugehen, nachdem wir die Regenjacken an hatten. Gut, viel geholfen hat mir meine Jacke nicht, die war an den Armen dann auch recht bald nass und der Rest folgte. Bei den Kindern war es \u00e4hnlich. Die Regenhusche war schon mal nicht von schlechten Eltern. Das sich in so einem Fall dann die Wege in B\u00e4che verwandeln, liegt in der Natur der Sache&#8230;.<\/p>\n\n\n\n<figure class=\"wp-block-image\"><img loading=\"lazy\" decoding=\"async\" width=\"750\" height=\"1000\" src=\"http:\/\/www.reisetagebuch-podcast.de\/wordpress\/wp-content\/uploads\/2019\/08\/nasser-Weg.jpg\" alt=\"Manchmal ist der Weg auch der Bach. Wasser l\u00e4uft uns auf dem Weg entgegen.\" class=\"wp-image-770\" srcset=\"https:\/\/www.reisetagebuch-podcast.de\/wordpress\/wp-content\/uploads\/2019\/08\/nasser-Weg.jpg 750w, https:\/\/www.reisetagebuch-podcast.de\/wordpress\/wp-content\/uploads\/2019\/08\/nasser-Weg-225x300.jpg 225w\" sizes=\"auto, (max-width: 750px) 100vw, 750px\" \/><figcaption>Weg mit Wasserfall<\/figcaption><\/figure>\n\n\n\n<p>Nat\u00fcrlich haben wir es bis nach oben geschafft und es blieb ab da auch weitgehend trocken. Wir also Pause gemacht und dann ging es wieder runter nach Killin. Wieder einmal mit einem wundersch\u00f6nen Bild \u00fcber die Landschaft. Was aber nicht so doll war, mein Knie meldete sich und machte Probleme. Das ist weniger gut schon am Beginn eines Urlaubs, wenn man noch einen Munro machen m\u00f6chte&#8230;..<\/p>\n\n\n\n<figure class=\"wp-block-image\"><img loading=\"lazy\" decoding=\"async\" width=\"1000\" height=\"750\" src=\"http:\/\/www.reisetagebuch-podcast.de\/wordpress\/wp-content\/uploads\/2019\/08\/Hausberg-oben.jpg\" alt=\"Blick vom Killin Hausberg\" class=\"wp-image-768\" srcset=\"https:\/\/www.reisetagebuch-podcast.de\/wordpress\/wp-content\/uploads\/2019\/08\/Hausberg-oben.jpg 1000w, https:\/\/www.reisetagebuch-podcast.de\/wordpress\/wp-content\/uploads\/2019\/08\/Hausberg-oben-300x225.jpg 300w, https:\/\/www.reisetagebuch-podcast.de\/wordpress\/wp-content\/uploads\/2019\/08\/Hausberg-oben-768x576.jpg 768w\" sizes=\"auto, (max-width: 1000px) 100vw, 1000px\" \/><figcaption>Blick vom Killin Hausberg<\/figcaption><\/figure>\n\n\n\n<div class=\"wp-block-image\"><figure class=\"aligncenter\"><img loading=\"lazy\" decoding=\"async\" width=\"494\" height=\"1024\" src=\"http:\/\/www.reisetagebuch-podcast.de\/wordpress\/wp-content\/uploads\/2019\/08\/Routeninfo-Hausberg-494x1024.jpg\" alt=\"Routeninfo Killin Hausberg\" class=\"wp-image-778\" srcset=\"https:\/\/www.reisetagebuch-podcast.de\/wordpress\/wp-content\/uploads\/2019\/08\/Routeninfo-Hausberg-494x1024.jpg 494w, https:\/\/www.reisetagebuch-podcast.de\/wordpress\/wp-content\/uploads\/2019\/08\/Routeninfo-Hausberg-145x300.jpg 145w, https:\/\/www.reisetagebuch-podcast.de\/wordpress\/wp-content\/uploads\/2019\/08\/Routeninfo-Hausberg-768x1593.jpg 768w, https:\/\/www.reisetagebuch-podcast.de\/wordpress\/wp-content\/uploads\/2019\/08\/Routeninfo-Hausberg.jpg 1080w\" sizes=\"auto, (max-width: 494px) 100vw, 494px\" \/><figcaption>Routeninfo Killin Hausberg<\/figcaption><\/figure><\/div>\n\n\n\n<p>In Killin selber ging es erst einmal zu den Falls of Dorchart. Das allein ist schon eine sch\u00f6ne Stelle um sich die Zeit zu vertreiben. Wir haben am\/im Inn dann auch erst noch TeaTime gemacht und was Leckeres gegessen und Tee getrunken. Danach hie\u00df es klettern auf den Felsen am Wasserfall&#8230;. <\/p>\n\n\n\n<figure class=\"wp-block-image\"><img loading=\"lazy\" decoding=\"async\" width=\"1024\" height=\"512\" src=\"http:\/\/www.reisetagebuch-podcast.de\/wordpress\/wp-content\/uploads\/2019\/08\/Falls-of-Dorchart-1024x512.jpg\" alt=\"\" class=\"wp-image-766\" srcset=\"https:\/\/www.reisetagebuch-podcast.de\/wordpress\/wp-content\/uploads\/2019\/08\/Falls-of-Dorchart-1024x512.jpg 1024w, https:\/\/www.reisetagebuch-podcast.de\/wordpress\/wp-content\/uploads\/2019\/08\/Falls-of-Dorchart-300x150.jpg 300w, https:\/\/www.reisetagebuch-podcast.de\/wordpress\/wp-content\/uploads\/2019\/08\/Falls-of-Dorchart-768x384.jpg 768w\" sizes=\"auto, (max-width: 1024px) 100vw, 1024px\" \/><figcaption>Falls of Dorchart<\/figcaption><\/figure>\n\n\n\n<p>Auf dem R\u00fcckweg zum Auto dann noch Stopp bei der Chippy Bude um Abendessen zu kaufen. Dreimal d\u00fcrft ihr raten, was es geworden ist. Und zwar f\u00fcr alle&#8230;.<\/p>\n\n\n\n<figure class=\"wp-block-image\"><img loading=\"lazy\" decoding=\"async\" width=\"1000\" height=\"750\" src=\"http:\/\/www.reisetagebuch-podcast.de\/wordpress\/wp-content\/uploads\/2019\/08\/Fish-and-Chips.jpg\" alt=\"Fish and Chips\" class=\"wp-image-767\" srcset=\"https:\/\/www.reisetagebuch-podcast.de\/wordpress\/wp-content\/uploads\/2019\/08\/Fish-and-Chips.jpg 1000w, https:\/\/www.reisetagebuch-podcast.de\/wordpress\/wp-content\/uploads\/2019\/08\/Fish-and-Chips-300x225.jpg 300w, https:\/\/www.reisetagebuch-podcast.de\/wordpress\/wp-content\/uploads\/2019\/08\/Fish-and-Chips-768x576.jpg 768w\" sizes=\"auto, (max-width: 1000px) 100vw, 1000px\" \/><figcaption>Fish and Chips<\/figcaption><\/figure>\n\n\n\n<p>Zur\u00fcck am Zeltplatz hatte sich dieser doch schon etwas gef\u00fcllt. Ein paar neue sind dazugekommen und auch welche mit Kinder und Jugendliche. Das dabei auch welche waren die abends dann Backpipe gespielt haben, ist nat\u00fcrlich die Kr\u00f6nung des Tages geworden.<\/p>\n\n\n\n<figure class=\"wp-block-image\"><img loading=\"lazy\" decoding=\"async\" width=\"1000\" height=\"563\" src=\"http:\/\/www.reisetagebuch-podcast.de\/wordpress\/wp-content\/uploads\/2019\/08\/Dudelsackmusik.jpg\" alt=\"Dudelsackmusik auf dem Zeltplatz\" class=\"wp-image-773\" srcset=\"https:\/\/www.reisetagebuch-podcast.de\/wordpress\/wp-content\/uploads\/2019\/08\/Dudelsackmusik.jpg 1000w, https:\/\/www.reisetagebuch-podcast.de\/wordpress\/wp-content\/uploads\/2019\/08\/Dudelsackmusik-300x169.jpg 300w, https:\/\/www.reisetagebuch-podcast.de\/wordpress\/wp-content\/uploads\/2019\/08\/Dudelsackmusik-768x432.jpg 768w\" sizes=\"auto, (max-width: 1000px) 100vw, 1000px\" \/><figcaption>Dudelsackmusik auf dem Zeltplatz<\/figcaption><\/figure>\n\n\n\n<p>Dieses Jahr haben wir auch das erste mal ein Tarp mit und das erst einmal an unserem Zelt als verl\u00e4ngertem Eingang aufgebaut. So richtig gl\u00fccklich sind wir erst einmal noch nicht, da besteht, noch Ver\u00e4nderungsbedarf aber so ganz doof ist es auch wieder nicht. Da m\u00fcssen wir ganz sicher noch mal sehen, wie wir das optimieren k\u00f6nnen. Eine Idee ist uns nach dem Aufbau gekommen, wir k\u00f6nnen die vorderen Zeltstangen das n\u00e4chste mal gleich beim Aufbau durch die \u00d6sen am Tarp f\u00e4deln und haben damit eine sehr Verbindung mit den Stahlst\u00fctzen vom Zelt her.<\/p>\n\n\n\n<figure class=\"wp-block-image\"><img loading=\"lazy\" decoding=\"async\" width=\"1000\" height=\"750\" src=\"http:\/\/www.reisetagebuch-podcast.de\/wordpress\/wp-content\/uploads\/2019\/08\/Zelt-mit-Tarp.jpg\" alt=\"\" class=\"wp-image-772\" srcset=\"https:\/\/www.reisetagebuch-podcast.de\/wordpress\/wp-content\/uploads\/2019\/08\/Zelt-mit-Tarp.jpg 1000w, https:\/\/www.reisetagebuch-podcast.de\/wordpress\/wp-content\/uploads\/2019\/08\/Zelt-mit-Tarp-300x225.jpg 300w, https:\/\/www.reisetagebuch-podcast.de\/wordpress\/wp-content\/uploads\/2019\/08\/Zelt-mit-Tarp-768x576.jpg 768w\" sizes=\"auto, (max-width: 1000px) 100vw, 1000px\" \/><figcaption>Outwell Birdland mit Tarp<\/figcaption><\/figure>\n\n\n\n<h2 class=\"wp-block-heading\">Linktipps<\/h2>\n\n\n\n<ul class=\"wp-block-list\"><li><a href=\"https:\/\/www.killin.info\/guide\/falls-dochart\/\">www.killin.info<\/a><\/li><li><a href=\"https:\/\/www.visitscotland.com\/info\/towns-villages\/falls-of-dochart-p662781\">visitScotland.com<\/a><\/li><li><a href=\"https:\/\/en.wikipedia.org\/wiki\/Falls_of_Dochart\">Wikipedia english<\/a><\/li><li><a href=\"https:\/\/invidio.us\/watch?v=zkPPMzRWgPI&amp;hl=de&amp;local=true&amp;autoplay=0&amp;subtitles=%2C%2C\">Video bei <\/a>invidio.us <\/li><li>http:\/\/www.panoramann.de <a href=\"http:\/\/www.panoramann.de\/panos\/schottland\/panorama_scotland_uk215.html\">360 Grad Panorama<\/a> &#8211; ben\u00f6tigt Flash<\/li><\/ul>\n\n\n\n<p>Kommen wir mal noch zu etwas Meta. Nat\u00fcrlich freue ich \u00fcber Anmerkungen und so weiter. Das k\u00f6nnt ihr gern hier als Kommentar im Blog machen oder auch bei <a href=\"https:\/\/www.fyyd.de\">www.fyyd.de<\/a> (der Podcast  Suchmaschine) oder ihr geht einen Weg \u00fcber Mastodon. Denn  zusammen mit fyyd hat der Programmierer einen sch\u00f6nen Skill gebaut.  Kommt eine neue  Podcastfolge bei fyyd.de an, wird die automatisch als Beitrag in meine Timeline gepostet und die Kommentare darunter sind als eigener Thread f\u00fcr alle Sichtbar. Hier der link zu meinem Profil:<a href=\"https:\/\/chaos.social\/@crossgolf_rebel\"> https:\/\/chaos.social\/@crossgolf_rebel<\/a> <\/p>\n","protected":false},"author":1,"featured_media":0,"comment_status":"open","ping_status":"open","template":"","meta":{"activitypub_content_warning":"","activitypub_content_visibility":"","activitypub_max_image_attachments":3,"activitypub_interaction_policy_quote":"anyone","activitypub_status":"","footnotes":""},"tags":[384,61,126,372,383,105,385,69,367,371,368,375,219,3,369,4,106,128,54],"class_list":["post-754","podcast","type-podcast","status-publish","hentry","tag-backpipe","tag-camping","tag-caravan","tag-cruachan","tag-dorchart","tag-dudelsack","tag-falls-of-dochart","tag-fish-chips","tag-fyyd","tag-highlands","tag-killin","tag-linksverkehr","tag-ruine","tag-schottland","tag-sco2019","tag-scotland","tag-wasserfall","tag-zelten","tag-zeltplatz","post"],"_links":{"self":[{"href":"https:\/\/www.reisetagebuch-podcast.de\/wordpress\/wp-json\/wp\/v2\/episodes\/754","targetHints":{"allow":["GET"]}}],"collection":[{"href":"https:\/\/www.reisetagebuch-podcast.de\/wordpress\/wp-json\/wp\/v2\/episodes"}],"about":[{"href":"https:\/\/www.reisetagebuch-podcast.de\/wordpress\/wp-json\/wp\/v2\/types\/podcast"}],"author":[{"embeddable":true,"href":"https:\/\/www.reisetagebuch-podcast.de\/wordpress\/wp-json\/wp\/v2\/users\/1"}],"replies":[{"embeddable":true,"href":"https:\/\/www.reisetagebuch-podcast.de\/wordpress\/wp-json\/wp\/v2\/comments?post=754"}],"version-history":[{"count":15,"href":"https:\/\/www.reisetagebuch-podcast.de\/wordpress\/wp-json\/wp\/v2\/episodes\/754\/revisions"}],"predecessor-version":[{"id":783,"href":"https:\/\/www.reisetagebuch-podcast.de\/wordpress\/wp-json\/wp\/v2\/episodes\/754\/revisions\/783"}],"wp:attachment":[{"href":"https:\/\/www.reisetagebuch-podcast.de\/wordpress\/wp-json\/wp\/v2\/media?parent=754"}],"wp:term":[{"taxonomy":"post_tag","embeddable":true,"href":"https:\/\/www.reisetagebuch-podcast.de\/wordpress\/wp-json\/wp\/v2\/tags?post=754"}],"curies":[{"name":"wp","href":"https:\/\/api.w.org\/{rel}","templated":true}]}}