{"id":926,"date":"2020-01-29T21:46:07","date_gmt":"2020-01-29T20:46:07","guid":{"rendered":"podlove-2020-01-29t19:22:28+00:00-cff8d6c7cb538d7"},"modified":"2020-01-29T21:46:10","modified_gmt":"2020-01-29T20:46:10","slug":"rb081-sco-wir-bezwingen-den-stac-pollaidh-2019-07-19","status":"publish","type":"podcast","link":"https:\/\/www.reisetagebuch-podcast.de\/wordpress\/2020\/01\/29\/rb081-sco-wir-bezwingen-den-stac-pollaidh-2019-07-19\/","title":{"rendered":"rb081 &#8211; SCO &#8211; wir bezwingen den Stac Pollaidh 2019-07-19"},"content":{"rendered":"\n\t\t\n            <div class=\"podlove-web-player intrinsic-ignore podlove-web-player-loading\" id=\"player-69f1926de467b\"><root data-test=\"player--xl\" style=\"max-width:950px;min-width:260px;\">\n  <div class=\"tablet:px-6 tablet:pt-6 mobile:px-4 mobile:pt-4 flex flex-col\">\n    <div class=\"flex-col items-center mobile:flex tablet:hidden\">\n      <show-title class=\"text-sm\"><\/show-title>\n      <episode-title class=\"text-base mb-2\"><\/episode-title>\n      <subscribe-button class=\"mb-4 mobile:flex tablet:hidden\"><\/subscribe-button>\n      <poster class=\"rounded-sm w-48 shadow overflow-hidden\"><\/poster>\n      <divider class=\"w-full my-6\"><\/divider>\n    <\/div>\n\n    <div class=\"tablet:flex flex-grow\">\n      <div class=\"w-64 mobile:hidden tablet:block tablet:mr-6\">\n        <poster class=\"rounded-sm shadow overflow-hidden\"><\/poster>\n      <\/div>\n      <div class=\"w-full\">\n        <div class=\"hidden tablet:block\">\n          <show-title class=\"text-base\"><\/show-title>\n          <episode-title class=\"text-xl desktop:text-2xl\"><\/episode-title>\n          <divider class=\"w-full my-4\"><\/divider>\n        <\/div>\n        <div class=\"flex items-center justify-between\">\n          <div class=\"block\">\n            <play-state on=\"active\">\n              <speed-control class=\"flex items-center\"><\/speed-control>\n            <\/play-state>\n          <\/div>\n\n          <div class=\"flex\">\n            <play-state on=\"active\">\n              <chapter-previous class=\"mx-2 block\"><\/chapter-previous>\n            <\/play-state>\n            <play-state on=\"active\">\n              <step-backward class=\"mx-2 block\"><\/step-backward>\n            <\/play-state>\n\n            <play-button class=\"mx-2 block\" :label=\"$t('PLAYER.PLAY_EPISODE')\"><\/play-button>\n\n            <play-state on=\"active\">\n              <step-forward class=\"mx-2 block\"><\/step-forward>\n            <\/play-state>\n            <play-state on=\"active\">\n              <chapter-next class=\"mx-2 block\"><\/chapter-next>\n            <\/play-state>\n          <\/div>\n\n          <div class=\"block\">\n            <play-state on=\"active\">\n              <volume-control class=\"flex items-center\"><\/volume-control>\n            <\/play-state>\n          <\/div>\n        <\/div>\n        <div class=\"flex w-full\">\n          <progress-bar><\/progress-bar>\n        <\/div>\n        <div class=\"flex w-full -mt-2\">\n          <div class=\"w-3\/12 text-left\">\n            <timer-current class=\"text-sm\"><\/timer-current>\n          <\/div>\n          <div class=\"w-6\/12 text-center truncate\">\n            <play-state on=\"active\">\n              <current-chapter class=\"text-sm\"><\/current-chapter>\n            <\/play-state>\n          <\/div>\n          <div class=\"w-3\/12 text-right\">\n            <timer-duration class=\"text-sm\"><\/timer-duration>\n          <\/div>\n        <\/div>\n      <\/div>\n    <\/div>\n    <divider class=\"w-full mt-6 mb-3\"><\/divider>\n    <div class=\"flex justify-between\">\n      <div class=\"flex mobile:w-full tablet:w-3\/12 desktop:w-3\/12 justify-between\">\n        <tab-trigger tab=\"chapters\">\n          <icon type=\"chapter\"><\/icon>\n        <\/tab-trigger>\n        <tab-trigger tab=\"transcripts\">\n          <icon type=\"transcripts\"><\/icon>\n        <\/tab-trigger>\n        <tab-trigger tab=\"files\">\n          <icon type=\"download\"><\/icon>\n        <\/tab-trigger>\n        <tab-trigger tab=\"playlist\">\n          <icon type=\"playlist\"><\/icon>\n        <\/tab-trigger>\n        <tab-trigger tab=\"share\">\n          <icon type=\"share\"><\/icon>\n        <\/tab-trigger>\n      <\/div>\n      <subscribe-button class=\"mt-1 mobile:hidden tablet:flex\"><\/subscribe-button>\n    <\/div>\n  <\/div>\n  <div class=\"w-full relative overflow-hidden\">\n    <tab name=\"chapters\">\n      <tab-chapters><\/tab-chapters>\n    <\/tab>\n    <tab name=\"transcripts\">\n      <tab-transcripts><\/tab-transcripts>\n    <\/tab>\n    <tab name=\"files\">\n      <tab-files><\/tab-files>\n    <\/tab>\n    <tab name=\"playlist\">\n      <tab-playlist><\/tab-playlist>\n    <\/tab>\n    <tab name=\"share\">\n      <tab-share><\/tab-share>\n    <\/tab>\n    <tab-overflow><\/tab-overflow>\n  <\/div>\n  <error><\/error>\n<\/root>\n<\/div>\n            <script>\n              document.addEventListener(\"DOMContentLoaded\", function() {\n                var player = document.getElementById(\"player-69f1926de467b\");\n                podlovePlayerCache.add([{\"url\":\"https:\\\/\\\/www.reisetagebuch-podcast.de\\\/wordpress\\\/wp-json\\\/podlove-web-player\\\/shortcode\\\/publisher\\\/926\",\"data\":{\"version\":5,\"show\":{\"title\":\"Reisetagebuch Podcast\",\"subtitle\":\"Wenn einer eine Reise tut, dann hat er viel zu erz\\u00e4hlen\",\"summary\":\"Ich erz\\u00e4hle euch meine Reisen und nehme euch ein St\\u00fcck weit mit...\",\"poster\":\"https:\\\/\\\/www.reisetagebuch-podcast.de\\\/wordpress\\\/podlove\\\/image\\\/687474703a2f2f7777772e726569736574616765627563682d706f64636173742e64652f776f726470726573732f77702d636f6e74656e742f75706c6f6164732f323031362f30352f4c6f676f30312d4b6f7069652d313430302e706e67\\\/500\\\/0\\\/0\\\/reisetagebuch-podcast\",\"link\":\"https:\\\/\\\/www.reisetagebuch-podcast.de\\\/wordpress\"},\"title\":\"rb081 - SCO - wir bezwingen den Stac Pollaidh 2019-07-19\",\"subtitle\":\"\",\"summary\":\"\",\"publicationDate\":\"2020-01-29T21:46:07+01:00\",\"duration\":\"00:28:27.804\",\"poster\":\"https:\\\/\\\/www.reisetagebuch-podcast.de\\\/wordpress\\\/podlove\\\/image\\\/687474703a2f2f7777772e726569736574616765627563682d706f64636173742e64652f776f726470726573732f77702d636f6e74656e742f75706c6f6164732f323031362f30352f4c6f676f30312d4b6f7069652d313430302e706e67\\\/500\\\/0\\\/0\\\/reisetagebuch-podcast\",\"link\":\"https:\\\/\\\/www.reisetagebuch-podcast.de\\\/wordpress\\\/2020\\\/01\\\/29\\\/rb081-sco-wir-bezwingen-den-stac-pollaidh-2019-07-19\\\/\",\"chapters\":[],\"audio\":[{\"url\":\"https:\\\/\\\/www.reisetagebuch-podcast.de\\\/wordpress\\\/podlove\\\/file\\\/739\\\/s\\\/webplayer\\\/c\\\/website\\\/rb081---sco---wir-bezwingen-den-stac-pollaidh-2019-07-19.m4a\",\"size\":\"18431968\",\"title\":\"MPEG-4 AAC Audio (m4a)\",\"mimeType\":\"audio\\\/mp4\"},{\"url\":\"https:\\\/\\\/www.reisetagebuch-podcast.de\\\/wordpress\\\/podlove\\\/file\\\/738\\\/s\\\/webplayer\\\/c\\\/website\\\/rb081---sco---wir-bezwingen-den-stac-pollaidh-2019-07-19.mp3\",\"size\":\"24067075\",\"title\":\"MP3 Audio (mp3)\",\"mimeType\":\"audio\\\/mpeg\"},{\"url\":\"https:\\\/\\\/www.reisetagebuch-podcast.de\\\/wordpress\\\/podlove\\\/file\\\/737\\\/s\\\/webplayer\\\/c\\\/website\\\/rb081---sco---wir-bezwingen-den-stac-pollaidh-2019-07-19.opus\",\"size\":\"14422038\",\"title\":\"Opus Audio (opus)\",\"mimeType\":\"audio\\\/ogg;codecs=opus\"}],\"files\":[{\"url\":\"https:\\\/\\\/www.reisetagebuch-podcast.de\\\/wordpress\\\/podlove\\\/file\\\/738\\\/s\\\/webplayer\\\/rb081---sco---wir-bezwingen-den-stac-pollaidh-2019-07-19.mp3\",\"size\":\"24067075\",\"title\":\"MP3 Audio\",\"mimeType\":\"audio\\\/mpeg\"},{\"url\":\"https:\\\/\\\/www.reisetagebuch-podcast.de\\\/wordpress\\\/podlove\\\/file\\\/739\\\/s\\\/webplayer\\\/rb081---sco---wir-bezwingen-den-stac-pollaidh-2019-07-19.m4a\",\"size\":\"18431968\",\"title\":\"MPEG-4 AAC Audio\",\"mimeType\":\"audio\\\/mp4\"},{\"url\":\"https:\\\/\\\/www.reisetagebuch-podcast.de\\\/wordpress\\\/podlove\\\/file\\\/737\\\/s\\\/webplayer\\\/rb081---sco---wir-bezwingen-den-stac-pollaidh-2019-07-19.opus\",\"size\":\"14422038\",\"title\":\"Opus Audio\",\"mimeType\":\"audio\\\/ogg;codecs=opus\"}],\"contributors\":[{\"id\":\"1\",\"name\":\"Mario\",\"avatar\":\"https:\\\/\\\/www.reisetagebuch-podcast.de\\\/wordpress\\\/wp-content\\\/cache\\\/podlove\\\/29\\\/298393e55dac6e4e5f09e48b0d6a4d\\\/mario_150x150.jpg\",\"role\":null,\"group\":null,\"comment\":null}]}}, {\"url\":\"https:\\\/\\\/www.reisetagebuch-podcast.de\\\/wordpress\\\/wp-json\\\/podlove-web-player\\\/shortcode\\\/config\\\/default\\\/theme\\\/default\",\"data\":{\"activeTab\":\"chapters\",\"subscribe-button\":null,\"share\":{\"channels\":[\"facebook\",\"twitter\",\"whats-app\",\"linkedin\",\"pinterest\",\"xing\",\"mail\",\"link\"],\"outlet\":\"https:\\\/\\\/www.reisetagebuch-podcast.de\\\/wordpress\\\/wp-content\\\/plugins\\\/podlove-web-player\\\/web-player\\\/share.html\",\"sharePlaytime\":true},\"related-episodes\":{\"source\":\"disabled\",\"value\":null},\"version\":5,\"theme\":{\"tokens\":{\"brand\":\"#E64415\",\"brandDark\":\"#235973\",\"brandDarkest\":\"#1A3A4A\",\"brandLightest\":\"#E9F1F5\",\"shadeDark\":\"#807E7C\",\"shadeBase\":\"#807E7C\",\"contrast\":\"#000\",\"alt\":\"#fff\"},\"fonts\":{\"ci\":{\"name\":\"ci\",\"family\":[\"-apple-system\",\"BlinkMacSystemFont\",\"Segoe UI\",\"Roboto\",\"Helvetica\",\"Arial\",\"sans-serif\",\"Apple Color Emoji\",\"Segoe UI Emoji\\\", \\\"Segoe UI Symbol\"],\"src\":[],\"weight\":800},\"regular\":{\"name\":\"regular\",\"family\":[\"-apple-system\",\"BlinkMacSystemFont\",\"Segoe UI\",\"Roboto\",\"Helvetica\",\"Arial\",\"sans-serif\",\"Apple Color Emoji\",\"Segoe UI Emoji\\\", \\\"Segoe UI Symbol\"],\"src\":[],\"weight\":300},\"bold\":{\"name\":\"bold\",\"family\":[\"-apple-system\",\"BlinkMacSystemFont\",\"Segoe UI\",\"Roboto\",\"Helvetica\",\"Arial\",\"sans-serif\",\"Apple Color Emoji\",\"Segoe UI Emoji\\\", \\\"Segoe UI Symbol\"],\"src\":[],\"weight\":700}}},\"base\":\"https:\\\/\\\/www.reisetagebuch-podcast.de\\\/wordpress\\\/wp-content\\\/plugins\\\/podlove-web-player\\\/web-player\\\/\"}}]);\n                podlovePlayer(player, \"https:\/\/www.reisetagebuch-podcast.de\/wordpress\/wp-json\/podlove-web-player\/shortcode\/publisher\/926\", \"https:\/\/www.reisetagebuch-podcast.de\/wordpress\/wp-json\/podlove-web-player\/shortcode\/config\/default\/theme\/default\").then(function() {\n                  player && player.classList.remove(\"podlove-web-player-loading\");\n                });\n              });\n            <\/script>\n            <style>\n              .podlove-web-player.podlove-web-player-loading {\n                opacity: 0;\n              }\n            <\/style>\n        \n\t\n\t\t<form action=\"#\"><div class=\"episode_downloads\"><input type=\"hidden\" name=\"ptm_source\" value=\"download\" \/><input type=\"hidden\" name=\"ptm_context\" value=\"select-button\" \/><select name=\"download_media_file\"><option value=\"738\" data-raw-url=\"https:\/\/www.reisetagebuch-podcast.de\/wordpress\/podlove\/file\/738\/s\/download\/c\/select-show\/rb081---sco---wir-bezwingen-den-stac-pollaidh-2019-07-19.mp3\">MP3 Audio [23 MB]<\/option><option value=\"739\" data-raw-url=\"https:\/\/www.reisetagebuch-podcast.de\/wordpress\/podlove\/file\/739\/s\/download\/c\/select-show\/rb081---sco---wir-bezwingen-den-stac-pollaidh-2019-07-19.m4a\">MPEG-4 AAC Audio [18 MB]<\/option><option value=\"737\" data-raw-url=\"https:\/\/www.reisetagebuch-podcast.de\/wordpress\/podlove\/file\/737\/s\/download\/c\/select-show\/rb081---sco---wir-bezwingen-den-stac-pollaidh-2019-07-19.opus\">Opus Audio [14 MB]<\/option><\/select><button class=\"podlove-download-primary\">Download<\/button><button class=\"podlove-download-secondary\">Show URL<\/button><\/div><\/form><script>\nfunction podlove_document_ready(fn) {\n  if (document.readyState != 'loading'){\n    fn();\n  } else {\n    document.addEventListener('DOMContentLoaded', fn);\n  }\n}\n\npodlove_document_ready(function() {\n\tdocument.querySelectorAll(\".episode_downloads\").forEach(function(item) {\n        var selectEl = item.querySelector(\"select\");\n\n        item.querySelector(\"button.podlove-download-secondary\").addEventListener(\"click\", function(e) {\n\t\t\te.preventDefault();\n            var optionEl = selectEl.querySelector(\"option[value='\"+ selectEl.value +\"']\")\n            let url = optionEl.dataset.rawUrl;\n\t\t\tprompt(\"Feel free to copy and paste this URL\", url);\n\t\t\treturn false;\n\t\t})\n\t});\n});\n<\/script>\n\n<p>Weiter geht es mit unserer Reise in Schottland, an diesem Tag haben wir uns vorgenommen den Stac Pollaidh zu besteigen. Das ist der erste h\u00f6here Berg, den wir mit den Kindern zusammen machen und da mein Knie ein wenig Spinnt, werden es wohl in diesem Urlaub nicht mehr viel mehr andere Berge werden.<\/p>\n\n\n\n<figure class=\"wp-block-image size-large\"><img loading=\"lazy\" decoding=\"async\" width=\"1024\" height=\"284\" src=\"http:\/\/www.reisetagebuch-podcast.de\/wordpress\/wp-content\/uploads\/2020\/01\/Ullapool-Habor-1024x284.jpg\" alt=\"Ullapool Habor\" class=\"wp-image-928\" srcset=\"https:\/\/www.reisetagebuch-podcast.de\/wordpress\/wp-content\/uploads\/2020\/01\/Ullapool-Habor-1024x284.jpg 1024w, https:\/\/www.reisetagebuch-podcast.de\/wordpress\/wp-content\/uploads\/2020\/01\/Ullapool-Habor-300x83.jpg 300w, https:\/\/www.reisetagebuch-podcast.de\/wordpress\/wp-content\/uploads\/2020\/01\/Ullapool-Habor-768x213.jpg 768w, https:\/\/www.reisetagebuch-podcast.de\/wordpress\/wp-content\/uploads\/2020\/01\/Ullapool-Habor-1536x425.jpg 1536w, https:\/\/www.reisetagebuch-podcast.de\/wordpress\/wp-content\/uploads\/2020\/01\/Ullapool-Habor-2048x567.jpg 2048w\" sizes=\"auto, (max-width: 1024px) 100vw, 1024px\" \/><figcaption>Panorama vom Ullapool Habor<\/figcaption><\/figure>\n\n\n\n<p>Wenn das Wetter schon fr\u00fch am Morgen stimmt, dann kann man eigentlich auch nichts anderes machen&#8230;.<\/p>\n\n\n\n<div class=\"wp-block-image\"><figure class=\"aligncenter size-large\"><img loading=\"lazy\" decoding=\"async\" width=\"1000\" height=\"750\" src=\"http:\/\/www.reisetagebuch-podcast.de\/wordpress\/wp-content\/uploads\/2020\/01\/Ullapool-und-Highlands.jpg\" alt=\"Blick auf Ullapool und die Highlands\" class=\"wp-image-929\" srcset=\"https:\/\/www.reisetagebuch-podcast.de\/wordpress\/wp-content\/uploads\/2020\/01\/Ullapool-und-Highlands.jpg 1000w, https:\/\/www.reisetagebuch-podcast.de\/wordpress\/wp-content\/uploads\/2020\/01\/Ullapool-und-Highlands-300x225.jpg 300w, https:\/\/www.reisetagebuch-podcast.de\/wordpress\/wp-content\/uploads\/2020\/01\/Ullapool-und-Highlands-768x576.jpg 768w\" sizes=\"auto, (max-width: 1000px) 100vw, 1000px\" \/><figcaption>Blick auf Ullapool und die Highlands<\/figcaption><\/figure><\/div>\n\n\n\n<p>Auf dem Weg zum  Stac Pollaidh muss man auch mal ab und zu in den R\u00fcckspiegel schauen und ich liebe diese Aussicht hier mit Blich auf Ullapool, meinen Lieblings Golfplatz und die Highlands. Allein daf\u00fcr w\u00fcrde ich mir hier einen Klappstuhl an den Stra\u00dfenrand stellen.<\/p>\n\n\n\n<figure class=\"wp-block-image size-large\"><img loading=\"lazy\" decoding=\"async\" width=\"1024\" height=\"349\" src=\"http:\/\/www.reisetagebuch-podcast.de\/wordpress\/wp-content\/uploads\/2020\/01\/noerdlich-von-Ullapool-1024x349.jpg\" alt=\"Panorama n\u00f6rdlich von Ullapool in Richtung Achiltibuie\" class=\"wp-image-936\" srcset=\"https:\/\/www.reisetagebuch-podcast.de\/wordpress\/wp-content\/uploads\/2020\/01\/noerdlich-von-Ullapool-1024x349.jpg 1024w, https:\/\/www.reisetagebuch-podcast.de\/wordpress\/wp-content\/uploads\/2020\/01\/noerdlich-von-Ullapool-300x102.jpg 300w, https:\/\/www.reisetagebuch-podcast.de\/wordpress\/wp-content\/uploads\/2020\/01\/noerdlich-von-Ullapool-768x262.jpg 768w, https:\/\/www.reisetagebuch-podcast.de\/wordpress\/wp-content\/uploads\/2020\/01\/noerdlich-von-Ullapool-1536x523.jpg 1536w, https:\/\/www.reisetagebuch-podcast.de\/wordpress\/wp-content\/uploads\/2020\/01\/noerdlich-von-Ullapool-2048x698.jpg 2048w\" sizes=\"auto, (max-width: 1024px) 100vw, 1024px\" \/><figcaption>Panorama n\u00f6rdlich von Ullapool in Richtung Achiltibuie<\/figcaption><\/figure>\n\n\n\n<p>Die Landschaft, Kinners ich sage nur &#8222;die Landschaft&#8220;&#8230;&#8230;.<\/p>\n\n\n\n<div class=\"wp-block-image\"><figure class=\"aligncenter size-large\"><img loading=\"lazy\" decoding=\"async\" width=\"667\" height=\"1000\" src=\"http:\/\/www.reisetagebuch-podcast.de\/wordpress\/wp-content\/uploads\/2020\/01\/Loch-Lurgainn.jpg\" alt=\"Der Aufstieg beginnt mit einem Blick auf das Loch Lurgainn \" class=\"wp-image-935\" srcset=\"https:\/\/www.reisetagebuch-podcast.de\/wordpress\/wp-content\/uploads\/2020\/01\/Loch-Lurgainn.jpg 667w, https:\/\/www.reisetagebuch-podcast.de\/wordpress\/wp-content\/uploads\/2020\/01\/Loch-Lurgainn-200x300.jpg 200w\" sizes=\"auto, (max-width: 667px) 100vw, 667px\" \/><figcaption>Der Aufstieg beginnt mit einem Blick auf das Loch Lurgainn <\/figcaption><\/figure><\/div>\n\n\n\n<p>Und immer wieder Landschaft, ganz viel davon und Wundersch\u00f6n.<\/p>\n\n\n\n<div class=\"wp-block-image\"><figure class=\"aligncenter size-large\"><img loading=\"lazy\" decoding=\"async\" width=\"1000\" height=\"750\" src=\"http:\/\/www.reisetagebuch-podcast.de\/wordpress\/wp-content\/uploads\/2020\/01\/Sgorr-Tuath.jpg\" alt=\"Blick auf den Sgorr Tuath\" class=\"wp-image-937\" srcset=\"https:\/\/www.reisetagebuch-podcast.de\/wordpress\/wp-content\/uploads\/2020\/01\/Sgorr-Tuath.jpg 1000w, https:\/\/www.reisetagebuch-podcast.de\/wordpress\/wp-content\/uploads\/2020\/01\/Sgorr-Tuath-300x225.jpg 300w, https:\/\/www.reisetagebuch-podcast.de\/wordpress\/wp-content\/uploads\/2020\/01\/Sgorr-Tuath-768x576.jpg 768w\" sizes=\"auto, (max-width: 1000px) 100vw, 1000px\" \/><figcaption>Blick auf den Sgorr Tuath<\/figcaption><\/figure><\/div>\n\n\n\n<p>Weiter geht es, immer h\u00f6her auf den Berg hinauf.<\/p>\n\n\n\n<div class=\"wp-block-image\"><figure class=\"aligncenter size-large\"><img loading=\"lazy\" decoding=\"async\" width=\"1024\" height=\"512\" src=\"http:\/\/www.reisetagebuch-podcast.de\/wordpress\/wp-content\/uploads\/2020\/01\/Creag-nan-Calman-1024x512.jpg\" alt=\"Creag nan Calman\" class=\"wp-image-931\" srcset=\"https:\/\/www.reisetagebuch-podcast.de\/wordpress\/wp-content\/uploads\/2020\/01\/Creag-nan-Calman-1024x512.jpg 1024w, https:\/\/www.reisetagebuch-podcast.de\/wordpress\/wp-content\/uploads\/2020\/01\/Creag-nan-Calman-300x150.jpg 300w, https:\/\/www.reisetagebuch-podcast.de\/wordpress\/wp-content\/uploads\/2020\/01\/Creag-nan-Calman-768x384.jpg 768w, https:\/\/www.reisetagebuch-podcast.de\/wordpress\/wp-content\/uploads\/2020\/01\/Creag-nan-Calman-1536x768.jpg 1536w, https:\/\/www.reisetagebuch-podcast.de\/wordpress\/wp-content\/uploads\/2020\/01\/Creag-nan-Calman.jpg 2000w\" sizes=\"auto, (max-width: 1024px) 100vw, 1024px\" \/><figcaption>Creag nan Calman<\/figcaption><\/figure><\/div>\n\n\n\n<p>Was soll ich sagen, den Kindern hat vor allem das steile St\u00fcck vom Aufstieg besonders Spa\u00df gemacht, klettern wie die Bergziegen. Und dann waren wir auch bald oben, nachdem wir unterwegs immer mal wieder Blaubeeren genascht haben.<\/p>\n\n\n\n<figure class=\"wp-block-embed-wordpress wp-block-embed is-type-wp-embed is-provider-peertube\"><div class=\"wp-block-embed__wrapper\">\nhttps:\/\/devtube.dev-wiki.de\/videos\/watch\/a0a58cf8-3513-4c26-a2ca-f05803a61322\n<\/div><figcaption>360 Grad Sicht vom Stac Pollaidh<\/figcaption><\/figure>\n\n\n\n<figure class=\"wp-block-image size-large\"><img loading=\"lazy\" decoding=\"async\" width=\"1024\" height=\"258\" src=\"http:\/\/www.reisetagebuch-podcast.de\/wordpress\/wp-content\/uploads\/2020\/01\/Cul-Mor-und-Berge-nebenan-1024x258.jpg\" alt=\"Panorama vom Cul Mor und Berge nebenan\" class=\"wp-image-932\" srcset=\"https:\/\/www.reisetagebuch-podcast.de\/wordpress\/wp-content\/uploads\/2020\/01\/Cul-Mor-und-Berge-nebenan-1024x258.jpg 1024w, https:\/\/www.reisetagebuch-podcast.de\/wordpress\/wp-content\/uploads\/2020\/01\/Cul-Mor-und-Berge-nebenan-300x76.jpg 300w, https:\/\/www.reisetagebuch-podcast.de\/wordpress\/wp-content\/uploads\/2020\/01\/Cul-Mor-und-Berge-nebenan-768x193.jpg 768w, https:\/\/www.reisetagebuch-podcast.de\/wordpress\/wp-content\/uploads\/2020\/01\/Cul-Mor-und-Berge-nebenan-1536x387.jpg 1536w, https:\/\/www.reisetagebuch-podcast.de\/wordpress\/wp-content\/uploads\/2020\/01\/Cul-Mor-und-Berge-nebenan-2048x516.jpg 2048w\" sizes=\"auto, (max-width: 1024px) 100vw, 1024px\" \/><figcaption>Panorama vom Cul Mor und Berge nebenan<\/figcaption><\/figure>\n\n\n\n<p>Wie steil der obere Teil des Berges ist, k\u00f6nnt ihr auf dem n\u00e4chsten Bild sehen, aber es ist total leicht zu gehen, wenn auch m\u00fchsam.<\/p>\n\n\n\n<div class=\"wp-block-image\"><figure class=\"aligncenter size-large\"><img loading=\"lazy\" decoding=\"async\" width=\"750\" height=\"1000\" src=\"http:\/\/www.reisetagebuch-podcast.de\/wordpress\/wp-content\/uploads\/2020\/01\/Wandern-am-Stac-Pollaidh.jpg\" alt=\"Wandern am Stac Pollaidh\" class=\"wp-image-930\" srcset=\"https:\/\/www.reisetagebuch-podcast.de\/wordpress\/wp-content\/uploads\/2020\/01\/Wandern-am-Stac-Pollaidh.jpg 750w, https:\/\/www.reisetagebuch-podcast.de\/wordpress\/wp-content\/uploads\/2020\/01\/Wandern-am-Stac-Pollaidh-225x300.jpg 225w\" sizes=\"auto, (max-width: 750px) 100vw, 750px\" \/><figcaption>Wandern am Stac Pollaidh<\/figcaption><\/figure><\/div>\n\n\n\n<p>Nach so einem Tag kann man sich auch mal ein wenig belohnen und so gibt es nat\u00fcrlich wieder was leckeres zum Essen und ich bekam noch ein Pint Ale danach am Strand in Ullapool, w\u00e4hrend die Kinder Quallen am Ufer z\u00e4hlten.<\/p>\n\n\n\n<figure class=\"wp-block-image size-large\"><img loading=\"lazy\" decoding=\"async\" width=\"1000\" height=\"750\" src=\"http:\/\/www.reisetagebuch-podcast.de\/wordpress\/wp-content\/uploads\/2020\/01\/Haggis-and-Chips.jpg\" alt=\"Haggis and Chips\" class=\"wp-image-934\" srcset=\"https:\/\/www.reisetagebuch-podcast.de\/wordpress\/wp-content\/uploads\/2020\/01\/Haggis-and-Chips.jpg 1000w, https:\/\/www.reisetagebuch-podcast.de\/wordpress\/wp-content\/uploads\/2020\/01\/Haggis-and-Chips-300x225.jpg 300w, https:\/\/www.reisetagebuch-podcast.de\/wordpress\/wp-content\/uploads\/2020\/01\/Haggis-and-Chips-768x576.jpg 768w\" sizes=\"auto, (max-width: 1000px) 100vw, 1000px\" \/><figcaption>Haggis and Chips<\/figcaption><\/figure>\n\n\n\n<div class=\"wp-block-image\"><figure class=\"aligncenter size-large\"><img loading=\"lazy\" decoding=\"async\" width=\"750\" height=\"1000\" src=\"http:\/\/www.reisetagebuch-podcast.de\/wordpress\/wp-content\/uploads\/2020\/01\/Dark-Island-Ale.jpg\" alt=\"Dark Island Ale\" class=\"wp-image-933\" srcset=\"https:\/\/www.reisetagebuch-podcast.de\/wordpress\/wp-content\/uploads\/2020\/01\/Dark-Island-Ale.jpg 750w, https:\/\/www.reisetagebuch-podcast.de\/wordpress\/wp-content\/uploads\/2020\/01\/Dark-Island-Ale-225x300.jpg 225w\" sizes=\"auto, (max-width: 750px) 100vw, 750px\" \/><figcaption>Dark Island Ale<\/figcaption><\/figure><\/div>\n\n\n\n<p>Das wir dann auch noch einen sch\u00f6nen Sonnenuntergang bekamen, war so zu sagen die Blume auf dem Tisch des Tages.<\/p>\n\n\n\n<div class=\"wp-block-image\"><figure class=\"aligncenter size-large\"><img loading=\"lazy\" decoding=\"async\" width=\"750\" height=\"1000\" src=\"http:\/\/www.reisetagebuch-podcast.de\/wordpress\/wp-content\/uploads\/2020\/01\/Sonnenuntergang-am-Loch-Broom.jpg\" alt=\"Sonnenuntergang am Loch Broom\" class=\"wp-image-927\" srcset=\"https:\/\/www.reisetagebuch-podcast.de\/wordpress\/wp-content\/uploads\/2020\/01\/Sonnenuntergang-am-Loch-Broom.jpg 750w, https:\/\/www.reisetagebuch-podcast.de\/wordpress\/wp-content\/uploads\/2020\/01\/Sonnenuntergang-am-Loch-Broom-225x300.jpg 225w\" sizes=\"auto, (max-width: 750px) 100vw, 750px\" \/><figcaption>Sonnenuntergang am Loch Broom<\/figcaption><\/figure><\/div>\n\n\n\n<p>Und keine Angst, die Flut schmei\u00dft die Steinm\u00e4nnchen wieder um oder die Kinder hier am Zeltplatz. Wir bauen sonst keine und schon gar nicht in die Landschaft. Denn Cairns sind eigentlich Wandermarkierungen und keine &#8222;Instagram Fotomotive&#8220;. Denn wer wie wir auch bei Nebel und Tiefh\u00e4ngenden Wolken in der Gegend unterwegs ist, wei\u00df um die Bedeutung derer und das man damit kein Schindluder treibt. Allein weil ich nicht irgend wo einen Abhang runter fallen m\u00f6chte, weil irgend so ein Depp Cairns an falschen Stellen aufbaut&#8230;.<\/p>\n","protected":false},"author":1,"featured_media":0,"comment_status":"open","ping_status":"open","template":"","meta":{"activitypub_content_warning":"","activitypub_content_visibility":"","activitypub_max_image_attachments":3,"activitypub_interaction_policy_quote":"anyone","activitypub_status":"","footnotes":""},"tags":[420,61,205,409,406,146,404,401,39,411,421,17,402,418,410,424,70,419,118,60],"class_list":["post-926","podcast","type-podcast","status-publish","hentry","tag-broomfield","tag-camping","tag-camping-caravan-podcast","tag-einkaufen","tag-fidden","tag-holiday-park","tag-insel","tag-isle-of-mull","tag-kinder","tag-kintra","tag-leal-forest","tag-meer","tag-ocean","tag-regenbogen","tag-sonnenuntergang","tag-stac-pollaidh","tag-strand","tag-tellerkopfschraube","tag-ullapool","tag-zelt","post"],"_links":{"self":[{"href":"https:\/\/www.reisetagebuch-podcast.de\/wordpress\/wp-json\/wp\/v2\/episodes\/926","targetHints":{"allow":["GET"]}}],"collection":[{"href":"https:\/\/www.reisetagebuch-podcast.de\/wordpress\/wp-json\/wp\/v2\/episodes"}],"about":[{"href":"https:\/\/www.reisetagebuch-podcast.de\/wordpress\/wp-json\/wp\/v2\/types\/podcast"}],"author":[{"embeddable":true,"href":"https:\/\/www.reisetagebuch-podcast.de\/wordpress\/wp-json\/wp\/v2\/users\/1"}],"replies":[{"embeddable":true,"href":"https:\/\/www.reisetagebuch-podcast.de\/wordpress\/wp-json\/wp\/v2\/comments?post=926"}],"version-history":[{"count":1,"href":"https:\/\/www.reisetagebuch-podcast.de\/wordpress\/wp-json\/wp\/v2\/episodes\/926\/revisions"}],"predecessor-version":[{"id":938,"href":"https:\/\/www.reisetagebuch-podcast.de\/wordpress\/wp-json\/wp\/v2\/episodes\/926\/revisions\/938"}],"wp:attachment":[{"href":"https:\/\/www.reisetagebuch-podcast.de\/wordpress\/wp-json\/wp\/v2\/media?parent=926"}],"wp:term":[{"taxonomy":"post_tag","embeddable":true,"href":"https:\/\/www.reisetagebuch-podcast.de\/wordpress\/wp-json\/wp\/v2\/tags?post=926"}],"curies":[{"name":"wp","href":"https:\/\/api.w.org\/{rel}","templated":true}]}}