{"id":939,"date":"2020-02-11T21:16:36","date_gmt":"2020-02-11T20:16:36","guid":{"rendered":"podlove-2020-02-11t19:05:09+00:00-87634977f0ed902"},"modified":"2020-02-11T21:16:37","modified_gmt":"2020-02-11T20:16:37","slug":"rb082-sco-strand-von-achnahaird-achitlibuie-2019-07-20","status":"publish","type":"podcast","link":"https:\/\/www.reisetagebuch-podcast.de\/wordpress\/2020\/02\/11\/rb082-sco-strand-von-achnahaird-achitlibuie-2019-07-20\/","title":{"rendered":"rb082 &#8211; SCO &#8211; Strand von Achnahaird &#8211; Achitlibuie &#8211; 2019-07-20"},"content":{"rendered":"\n\t\t\n            <div class=\"podlove-web-player intrinsic-ignore podlove-web-player-loading\" id=\"player-69f1923ee2c1f\"><root data-test=\"player--xl\" style=\"max-width:950px;min-width:260px;\">\n  <div class=\"tablet:px-6 tablet:pt-6 mobile:px-4 mobile:pt-4 flex flex-col\">\n    <div class=\"flex-col items-center mobile:flex tablet:hidden\">\n      <show-title class=\"text-sm\"><\/show-title>\n      <episode-title class=\"text-base mb-2\"><\/episode-title>\n      <subscribe-button class=\"mb-4 mobile:flex tablet:hidden\"><\/subscribe-button>\n      <poster class=\"rounded-sm w-48 shadow overflow-hidden\"><\/poster>\n      <divider class=\"w-full my-6\"><\/divider>\n    <\/div>\n\n    <div class=\"tablet:flex flex-grow\">\n      <div class=\"w-64 mobile:hidden tablet:block tablet:mr-6\">\n        <poster class=\"rounded-sm shadow overflow-hidden\"><\/poster>\n      <\/div>\n      <div class=\"w-full\">\n        <div class=\"hidden tablet:block\">\n          <show-title class=\"text-base\"><\/show-title>\n          <episode-title class=\"text-xl desktop:text-2xl\"><\/episode-title>\n          <divider class=\"w-full my-4\"><\/divider>\n        <\/div>\n        <div class=\"flex items-center justify-between\">\n          <div class=\"block\">\n            <play-state on=\"active\">\n              <speed-control class=\"flex items-center\"><\/speed-control>\n            <\/play-state>\n          <\/div>\n\n          <div class=\"flex\">\n            <play-state on=\"active\">\n              <chapter-previous class=\"mx-2 block\"><\/chapter-previous>\n            <\/play-state>\n            <play-state on=\"active\">\n              <step-backward class=\"mx-2 block\"><\/step-backward>\n            <\/play-state>\n\n            <play-button class=\"mx-2 block\" :label=\"$t('PLAYER.PLAY_EPISODE')\"><\/play-button>\n\n            <play-state on=\"active\">\n              <step-forward class=\"mx-2 block\"><\/step-forward>\n            <\/play-state>\n            <play-state on=\"active\">\n              <chapter-next class=\"mx-2 block\"><\/chapter-next>\n            <\/play-state>\n          <\/div>\n\n          <div class=\"block\">\n            <play-state on=\"active\">\n              <volume-control class=\"flex items-center\"><\/volume-control>\n            <\/play-state>\n          <\/div>\n        <\/div>\n        <div class=\"flex w-full\">\n          <progress-bar><\/progress-bar>\n        <\/div>\n        <div class=\"flex w-full -mt-2\">\n          <div class=\"w-3\/12 text-left\">\n            <timer-current class=\"text-sm\"><\/timer-current>\n          <\/div>\n          <div class=\"w-6\/12 text-center truncate\">\n            <play-state on=\"active\">\n              <current-chapter class=\"text-sm\"><\/current-chapter>\n            <\/play-state>\n          <\/div>\n          <div class=\"w-3\/12 text-right\">\n            <timer-duration class=\"text-sm\"><\/timer-duration>\n          <\/div>\n        <\/div>\n      <\/div>\n    <\/div>\n    <divider class=\"w-full mt-6 mb-3\"><\/divider>\n    <div class=\"flex justify-between\">\n      <div class=\"flex mobile:w-full tablet:w-3\/12 desktop:w-3\/12 justify-between\">\n        <tab-trigger tab=\"chapters\">\n          <icon type=\"chapter\"><\/icon>\n        <\/tab-trigger>\n        <tab-trigger tab=\"transcripts\">\n          <icon type=\"transcripts\"><\/icon>\n        <\/tab-trigger>\n        <tab-trigger tab=\"files\">\n          <icon type=\"download\"><\/icon>\n        <\/tab-trigger>\n        <tab-trigger tab=\"playlist\">\n          <icon type=\"playlist\"><\/icon>\n        <\/tab-trigger>\n        <tab-trigger tab=\"share\">\n          <icon type=\"share\"><\/icon>\n        <\/tab-trigger>\n      <\/div>\n      <subscribe-button class=\"mt-1 mobile:hidden tablet:flex\"><\/subscribe-button>\n    <\/div>\n  <\/div>\n  <div class=\"w-full relative overflow-hidden\">\n    <tab name=\"chapters\">\n      <tab-chapters><\/tab-chapters>\n    <\/tab>\n    <tab name=\"transcripts\">\n      <tab-transcripts><\/tab-transcripts>\n    <\/tab>\n    <tab name=\"files\">\n      <tab-files><\/tab-files>\n    <\/tab>\n    <tab name=\"playlist\">\n      <tab-playlist><\/tab-playlist>\n    <\/tab>\n    <tab name=\"share\">\n      <tab-share><\/tab-share>\n    <\/tab>\n    <tab-overflow><\/tab-overflow>\n  <\/div>\n  <error><\/error>\n<\/root>\n<\/div>\n            <script>\n              document.addEventListener(\"DOMContentLoaded\", function() {\n                var player = document.getElementById(\"player-69f1923ee2c1f\");\n                podlovePlayerCache.add([{\"url\":\"https:\\\/\\\/www.reisetagebuch-podcast.de\\\/wordpress\\\/wp-json\\\/podlove-web-player\\\/shortcode\\\/publisher\\\/939\",\"data\":{\"version\":5,\"show\":{\"title\":\"Reisetagebuch Podcast\",\"subtitle\":\"Wenn einer eine Reise tut, dann hat er viel zu erz\\u00e4hlen\",\"summary\":\"Ich erz\\u00e4hle euch meine Reisen und nehme euch ein St\\u00fcck weit mit...\",\"poster\":\"https:\\\/\\\/www.reisetagebuch-podcast.de\\\/wordpress\\\/podlove\\\/image\\\/687474703a2f2f7777772e726569736574616765627563682d706f64636173742e64652f776f726470726573732f77702d636f6e74656e742f75706c6f6164732f323031362f30352f4c6f676f30312d4b6f7069652d313430302e706e67\\\/500\\\/0\\\/0\\\/reisetagebuch-podcast\",\"link\":\"https:\\\/\\\/www.reisetagebuch-podcast.de\\\/wordpress\"},\"title\":\"rb082 - SCO - Strand von Achnahaird - Achitlibuie - 2019-07-20\",\"subtitle\":\"\",\"summary\":\"\",\"publicationDate\":\"2020-02-11T21:16:36+01:00\",\"duration\":\"00:36:16.172\",\"poster\":\"https:\\\/\\\/www.reisetagebuch-podcast.de\\\/wordpress\\\/podlove\\\/image\\\/687474703a2f2f7777772e726569736574616765627563682d706f64636173742e64652f776f726470726573732f77702d636f6e74656e742f75706c6f6164732f323031362f30352f4c6f676f30312d4b6f7069652d313430302e706e67\\\/500\\\/0\\\/0\\\/reisetagebuch-podcast\",\"link\":\"https:\\\/\\\/www.reisetagebuch-podcast.de\\\/wordpress\\\/2020\\\/02\\\/11\\\/rb082-sco-strand-von-achnahaird-achitlibuie-2019-07-20\\\/\",\"chapters\":[],\"audio\":[{\"url\":\"https:\\\/\\\/www.reisetagebuch-podcast.de\\\/wordpress\\\/podlove\\\/file\\\/742\\\/s\\\/webplayer\\\/c\\\/website\\\/rb082---sco---strand-von-achnahaird---achitlibuie---2019-07-20.m4a\",\"size\":\"23293501\",\"title\":\"MPEG-4 AAC Audio (m4a)\",\"mimeType\":\"audio\\\/mp4\"},{\"url\":\"https:\\\/\\\/www.reisetagebuch-podcast.de\\\/wordpress\\\/podlove\\\/file\\\/740\\\/s\\\/webplayer\\\/c\\\/website\\\/rb082---sco---strand-von-achnahaird---achitlibuie---2019-07-20.mp3\",\"size\":\"30624016\",\"title\":\"MP3 Audio (mp3)\",\"mimeType\":\"audio\\\/mpeg\"},{\"url\":\"https:\\\/\\\/www.reisetagebuch-podcast.de\\\/wordpress\\\/podlove\\\/file\\\/741\\\/s\\\/webplayer\\\/c\\\/website\\\/rb082---sco---strand-von-achnahaird---achitlibuie---2019-07-20.opus\",\"size\":\"17751514\",\"title\":\"Opus Audio (opus)\",\"mimeType\":\"audio\\\/ogg;codecs=opus\"}],\"files\":[{\"url\":\"https:\\\/\\\/www.reisetagebuch-podcast.de\\\/wordpress\\\/podlove\\\/file\\\/740\\\/s\\\/webplayer\\\/rb082---sco---strand-von-achnahaird---achitlibuie---2019-07-20.mp3\",\"size\":\"30624016\",\"title\":\"MP3 Audio\",\"mimeType\":\"audio\\\/mpeg\"},{\"url\":\"https:\\\/\\\/www.reisetagebuch-podcast.de\\\/wordpress\\\/podlove\\\/file\\\/742\\\/s\\\/webplayer\\\/rb082---sco---strand-von-achnahaird---achitlibuie---2019-07-20.m4a\",\"size\":\"23293501\",\"title\":\"MPEG-4 AAC Audio\",\"mimeType\":\"audio\\\/mp4\"},{\"url\":\"https:\\\/\\\/www.reisetagebuch-podcast.de\\\/wordpress\\\/podlove\\\/file\\\/741\\\/s\\\/webplayer\\\/rb082---sco---strand-von-achnahaird---achitlibuie---2019-07-20.opus\",\"size\":\"17751514\",\"title\":\"Opus Audio\",\"mimeType\":\"audio\\\/ogg;codecs=opus\"}],\"contributors\":[{\"id\":\"1\",\"name\":\"Mario\",\"avatar\":\"https:\\\/\\\/www.reisetagebuch-podcast.de\\\/wordpress\\\/wp-content\\\/cache\\\/podlove\\\/29\\\/298393e55dac6e4e5f09e48b0d6a4d\\\/mario_150x150.jpg\",\"role\":null,\"group\":null,\"comment\":null}]}}, {\"url\":\"https:\\\/\\\/www.reisetagebuch-podcast.de\\\/wordpress\\\/wp-json\\\/podlove-web-player\\\/shortcode\\\/config\\\/default\\\/theme\\\/default\",\"data\":{\"activeTab\":\"chapters\",\"subscribe-button\":null,\"share\":{\"channels\":[\"facebook\",\"twitter\",\"whats-app\",\"linkedin\",\"pinterest\",\"xing\",\"mail\",\"link\"],\"outlet\":\"https:\\\/\\\/www.reisetagebuch-podcast.de\\\/wordpress\\\/wp-content\\\/plugins\\\/podlove-web-player\\\/web-player\\\/share.html\",\"sharePlaytime\":true},\"related-episodes\":{\"source\":\"disabled\",\"value\":null},\"version\":5,\"theme\":{\"tokens\":{\"brand\":\"#E64415\",\"brandDark\":\"#235973\",\"brandDarkest\":\"#1A3A4A\",\"brandLightest\":\"#E9F1F5\",\"shadeDark\":\"#807E7C\",\"shadeBase\":\"#807E7C\",\"contrast\":\"#000\",\"alt\":\"#fff\"},\"fonts\":{\"ci\":{\"name\":\"ci\",\"family\":[\"-apple-system\",\"BlinkMacSystemFont\",\"Segoe UI\",\"Roboto\",\"Helvetica\",\"Arial\",\"sans-serif\",\"Apple Color Emoji\",\"Segoe UI Emoji\\\", \\\"Segoe UI Symbol\"],\"src\":[],\"weight\":800},\"regular\":{\"name\":\"regular\",\"family\":[\"-apple-system\",\"BlinkMacSystemFont\",\"Segoe UI\",\"Roboto\",\"Helvetica\",\"Arial\",\"sans-serif\",\"Apple Color Emoji\",\"Segoe UI Emoji\\\", \\\"Segoe UI Symbol\"],\"src\":[],\"weight\":300},\"bold\":{\"name\":\"bold\",\"family\":[\"-apple-system\",\"BlinkMacSystemFont\",\"Segoe UI\",\"Roboto\",\"Helvetica\",\"Arial\",\"sans-serif\",\"Apple Color Emoji\",\"Segoe UI Emoji\\\", \\\"Segoe UI Symbol\"],\"src\":[],\"weight\":700}}},\"base\":\"https:\\\/\\\/www.reisetagebuch-podcast.de\\\/wordpress\\\/wp-content\\\/plugins\\\/podlove-web-player\\\/web-player\\\/\"}}]);\n                podlovePlayer(player, \"https:\/\/www.reisetagebuch-podcast.de\/wordpress\/wp-json\/podlove-web-player\/shortcode\/publisher\/939\", \"https:\/\/www.reisetagebuch-podcast.de\/wordpress\/wp-json\/podlove-web-player\/shortcode\/config\/default\/theme\/default\").then(function() {\n                  player && player.classList.remove(\"podlove-web-player-loading\");\n                });\n              });\n            <\/script>\n            <style>\n              .podlove-web-player.podlove-web-player-loading {\n                opacity: 0;\n              }\n            <\/style>\n        \n\t\n\t\t<form action=\"#\"><div class=\"episode_downloads\"><input type=\"hidden\" name=\"ptm_source\" value=\"download\" \/><input type=\"hidden\" name=\"ptm_context\" value=\"select-button\" \/><select name=\"download_media_file\"><option value=\"740\" data-raw-url=\"https:\/\/www.reisetagebuch-podcast.de\/wordpress\/podlove\/file\/740\/s\/download\/c\/select-show\/rb082---sco---strand-von-achnahaird---achitlibuie---2019-07-20.mp3\">MP3 Audio [29 MB]<\/option><option value=\"742\" data-raw-url=\"https:\/\/www.reisetagebuch-podcast.de\/wordpress\/podlove\/file\/742\/s\/download\/c\/select-show\/rb082---sco---strand-von-achnahaird---achitlibuie---2019-07-20.m4a\">MPEG-4 AAC Audio [22 MB]<\/option><option value=\"741\" data-raw-url=\"https:\/\/www.reisetagebuch-podcast.de\/wordpress\/podlove\/file\/741\/s\/download\/c\/select-show\/rb082---sco---strand-von-achnahaird---achitlibuie---2019-07-20.opus\">Opus Audio [17 MB]<\/option><\/select><button class=\"podlove-download-primary\">Download<\/button><button class=\"podlove-download-secondary\">Show URL<\/button><\/div><\/form><script>\nfunction podlove_document_ready(fn) {\n  if (document.readyState != 'loading'){\n    fn();\n  } else {\n    document.addEventListener('DOMContentLoaded', fn);\n  }\n}\n\npodlove_document_ready(function() {\n\tdocument.querySelectorAll(\".episode_downloads\").forEach(function(item) {\n        var selectEl = item.querySelector(\"select\");\n\n        item.querySelector(\"button.podlove-download-secondary\").addEventListener(\"click\", function(e) {\n\t\t\te.preventDefault();\n            var optionEl = selectEl.querySelector(\"option[value='\"+ selectEl.value +\"']\")\n            let url = optionEl.dataset.rawUrl;\n\t\t\tprompt(\"Feel free to copy and paste this URL\", url);\n\t\t\treturn false;\n\t\t})\n\t});\n});\n<\/script>\n\n<p>Wieder ein neuer Tag in Schottland und wieder gef\u00e4llt uns was wir sehen. So kann es bleiben&#8230;.<\/p>\n\n\n\n<p>Nach dem Aufstehen hei\u00dft es Tee kochen, und Landschaft bewundern, bevor die restlichen Reiseteilnehmer aufstehen. Allein daf\u00fcr reichen eine oder zwei Tassen Tee gar nicht, also f\u00fcrs bewundern. Bevor es aber los geht, wollen wir in Ullapool noch durch die Charity Shops ziehen und sehen was sich erobern l\u00e4sst.<\/p>\n\n\n\n<p>In so einem Shop bin ich doch auf was Antikes gesto\u00dfen. Etwas was ich auch einmal kennen lernen durfte und es nicht gut fand. Altes Toilettenpapier wie man es noch bis in die 90er verwendet hat. Wer sich darunter nichts vorstellen kann, sollte mal probieren sich mit Backpapier den Hintern sauber zu machen \ud83d\ude09<\/p>\n\n\n\n<div class=\"wp-block-image\"><figure class=\"aligncenter size-large\"><img loading=\"lazy\" decoding=\"async\" width=\"750\" height=\"1000\" src=\"http:\/\/www.reisetagebuch-podcast.de\/wordpress\/wp-content\/uploads\/2020\/02\/Toilettenpapier.jpg\" alt=\"Toilettenpapier\" class=\"wp-image-949\" srcset=\"https:\/\/www.reisetagebuch-podcast.de\/wordpress\/wp-content\/uploads\/2020\/02\/Toilettenpapier.jpg 750w, https:\/\/www.reisetagebuch-podcast.de\/wordpress\/wp-content\/uploads\/2020\/02\/Toilettenpapier-225x300.jpg 225w\" sizes=\"auto, (max-width: 750px) 100vw, 750px\" \/><figcaption>Toilettenpapier<\/figcaption><\/figure><\/div>\n\n\n\n<p>So etwas will man nie wieder nutzen&#8230;. Auch ein paar andere lustige Sachen habe ich gefunden wie ein Schlager Schallplatte aus den 70er mit Lieder wo einem die Ohren bluten oder eine Landkarte von Westberlin mit &#8222;Sehensw\u00fcrdigkeiten&#8220; im Unterhaltungssektor.<\/p>\n\n\n\n<div class=\"wp-block-image\"><figure class=\"aligncenter size-large\"><img loading=\"lazy\" decoding=\"async\" width=\"1000\" height=\"667\" src=\"http:\/\/www.reisetagebuch-podcast.de\/wordpress\/wp-content\/uploads\/2020\/02\/Ginsterbl\u00fcte.jpg\" alt=\"Ginsterbl\u00fcte\" class=\"wp-image-950\" srcset=\"https:\/\/www.reisetagebuch-podcast.de\/wordpress\/wp-content\/uploads\/2020\/02\/Ginsterbl\u00fcte.jpg 1000w, https:\/\/www.reisetagebuch-podcast.de\/wordpress\/wp-content\/uploads\/2020\/02\/Ginsterbl\u00fcte-300x200.jpg 300w, https:\/\/www.reisetagebuch-podcast.de\/wordpress\/wp-content\/uploads\/2020\/02\/Ginsterbl\u00fcte-768x512.jpg 768w\" sizes=\"auto, (max-width: 1000px) 100vw, 1000px\" \/><figcaption>Ginsterbl\u00fcte<\/figcaption><\/figure><\/div>\n\n\n\n<p>Die Route f\u00fchrte uns wieder auf der Singel Track nach Westen am  <a href=\"https:\/\/www.reisetagebuch-podcast.de\/wordpress\/wp-admin\/edit.php?post_type=podcast&amp;tag=stac-pollaidh\">Stac Pollaidh<\/a> vorbei bis zum Strand von Achnahaird. Auch hier waren wir schon mehrfach und die Gegend ist einfach super sch\u00f6n und vor allem ruhig.  Unterwegs haben wir noch dieses Schaf gesehen, welches vier H\u00f6rner hat. Auf dem Foto sind leider nur drei, weil es sich nicht wieder so drehen wollte das ich alle vier H\u00f6rner fotografieren konnte.<\/p>\n\n\n\n<div class=\"wp-block-image\"><figure class=\"aligncenter size-large\"><img loading=\"lazy\" decoding=\"async\" width=\"1000\" height=\"667\" src=\"http:\/\/www.reisetagebuch-podcast.de\/wordpress\/wp-content\/uploads\/2020\/02\/Schaf-mit-vier-H\u00f6rner.jpg\" alt=\"Schaf mit vier H\u00f6rner\" class=\"wp-image-941\" srcset=\"https:\/\/www.reisetagebuch-podcast.de\/wordpress\/wp-content\/uploads\/2020\/02\/Schaf-mit-vier-H\u00f6rner.jpg 1000w, https:\/\/www.reisetagebuch-podcast.de\/wordpress\/wp-content\/uploads\/2020\/02\/Schaf-mit-vier-H\u00f6rner-300x200.jpg 300w, https:\/\/www.reisetagebuch-podcast.de\/wordpress\/wp-content\/uploads\/2020\/02\/Schaf-mit-vier-H\u00f6rner-768x512.jpg 768w\" sizes=\"auto, (max-width: 1000px) 100vw, 1000px\" \/><figcaption>Schaf mit vier H\u00f6rner<\/figcaption><\/figure><\/div>\n\n\n\n<p>Was soll ich zu dem Foto noch sagen au\u00dfer Postkarte? Die Kinder waren nat\u00fcrlich nacher nass bis auf die Knochen und wir haben die Sachen zum trocknen in die D\u00fcnen gelegt.<\/p>\n\n\n\n<div class=\"wp-block-image\"><figure class=\"aligncenter size-large\"><img loading=\"lazy\" decoding=\"async\" width=\"1000\" height=\"750\" src=\"http:\/\/www.reisetagebuch-podcast.de\/wordpress\/wp-content\/uploads\/2020\/02\/Strand-von-Achnahaird.jpg\" alt=\"Strand von Achnahaird\" class=\"wp-image-942\" srcset=\"https:\/\/www.reisetagebuch-podcast.de\/wordpress\/wp-content\/uploads\/2020\/02\/Strand-von-Achnahaird.jpg 1000w, https:\/\/www.reisetagebuch-podcast.de\/wordpress\/wp-content\/uploads\/2020\/02\/Strand-von-Achnahaird-300x225.jpg 300w, https:\/\/www.reisetagebuch-podcast.de\/wordpress\/wp-content\/uploads\/2020\/02\/Strand-von-Achnahaird-768x576.jpg 768w\" sizes=\"auto, (max-width: 1000px) 100vw, 1000px\" \/><figcaption>Strand von Achnahaird<\/figcaption><\/figure><\/div>\n\n\n\n<p>Allein in den D\u00fcnen k\u00f6nnte ich mich endlos aufhalten und Fotos machen&#8230;..<\/p>\n\n\n\n<div class=\"wp-block-image\"><figure class=\"aligncenter size-large\"><img loading=\"lazy\" decoding=\"async\" width=\"1000\" height=\"750\" src=\"http:\/\/www.reisetagebuch-podcast.de\/wordpress\/wp-content\/uploads\/2020\/02\/Strand-von-Achnahaird-02.jpg\" alt=\"Strand von Achnahaird\" class=\"wp-image-943\" srcset=\"https:\/\/www.reisetagebuch-podcast.de\/wordpress\/wp-content\/uploads\/2020\/02\/Strand-von-Achnahaird-02.jpg 1000w, https:\/\/www.reisetagebuch-podcast.de\/wordpress\/wp-content\/uploads\/2020\/02\/Strand-von-Achnahaird-02-300x225.jpg 300w, https:\/\/www.reisetagebuch-podcast.de\/wordpress\/wp-content\/uploads\/2020\/02\/Strand-von-Achnahaird-02-768x576.jpg 768w\" sizes=\"auto, (max-width: 1000px) 100vw, 1000px\" \/><figcaption>Strand von Achnahaird<\/figcaption><\/figure><\/div>\n\n\n\n<p>Aber irgendwann mussten wir dann doch weiter und auf der Fahrt nach  Achitlibuie dann dieses Panorama im R\u00fcckspiegel. Da muss man doch noch mal anhalten.<\/p>\n\n\n\n<figure class=\"wp-block-image size-large\"><img loading=\"lazy\" decoding=\"async\" width=\"1024\" height=\"499\" src=\"http:\/\/www.reisetagebuch-podcast.de\/wordpress\/wp-content\/uploads\/2020\/02\/Berge-beim-Strand-von-Achnahaird-1024x499.jpg\" alt=\"Berge beim Strand von Achnahaird\" class=\"wp-image-940\" srcset=\"https:\/\/www.reisetagebuch-podcast.de\/wordpress\/wp-content\/uploads\/2020\/02\/Berge-beim-Strand-von-Achnahaird-1024x499.jpg 1024w, https:\/\/www.reisetagebuch-podcast.de\/wordpress\/wp-content\/uploads\/2020\/02\/Berge-beim-Strand-von-Achnahaird-300x146.jpg 300w, https:\/\/www.reisetagebuch-podcast.de\/wordpress\/wp-content\/uploads\/2020\/02\/Berge-beim-Strand-von-Achnahaird-768x374.jpg 768w, https:\/\/www.reisetagebuch-podcast.de\/wordpress\/wp-content\/uploads\/2020\/02\/Berge-beim-Strand-von-Achnahaird-1536x748.jpg 1536w, https:\/\/www.reisetagebuch-podcast.de\/wordpress\/wp-content\/uploads\/2020\/02\/Berge-beim-Strand-von-Achnahaird.jpg 2000w\" sizes=\"auto, (max-width: 1024px) 100vw, 1024px\" \/><figcaption>Berge beim Strand von Achnahaird<\/figcaption><\/figure>\n\n\n\n<p>Die Summer Isles und links geht es nach  Achitlibuie . Man bringe mir einen Klappstuhl und holt mich hier nicht wieder weg.<\/p>\n\n\n\n<div class=\"wp-block-image\"><figure class=\"aligncenter size-large\"><img loading=\"lazy\" decoding=\"async\" width=\"1024\" height=\"528\" src=\"http:\/\/www.reisetagebuch-podcast.de\/wordpress\/wp-content\/uploads\/2020\/02\/Achitlibuie-und-die-Summer-Isles-1024x528.jpg\" alt=\"Achitlibuie und die Summer Isles\" class=\"wp-image-944\" srcset=\"https:\/\/www.reisetagebuch-podcast.de\/wordpress\/wp-content\/uploads\/2020\/02\/Achitlibuie-und-die-Summer-Isles-1024x528.jpg 1024w, https:\/\/www.reisetagebuch-podcast.de\/wordpress\/wp-content\/uploads\/2020\/02\/Achitlibuie-und-die-Summer-Isles-300x155.jpg 300w, https:\/\/www.reisetagebuch-podcast.de\/wordpress\/wp-content\/uploads\/2020\/02\/Achitlibuie-und-die-Summer-Isles-768x396.jpg 768w, https:\/\/www.reisetagebuch-podcast.de\/wordpress\/wp-content\/uploads\/2020\/02\/Achitlibuie-und-die-Summer-Isles-1536x793.jpg 1536w, https:\/\/www.reisetagebuch-podcast.de\/wordpress\/wp-content\/uploads\/2020\/02\/Achitlibuie-und-die-Summer-Isles.jpg 2000w\" sizes=\"auto, (max-width: 1024px) 100vw, 1024px\" \/><figcaption>Achitlibuie und die Summer Isles<\/figcaption><\/figure><\/div>\n\n\n\n<p>Ein langer Tag und den muss man ja auch irgend wie ausklingen lassen, daf\u00fcr waren wir noch bei Tesco und haben was f\u00fcr die Pfanne eingekauft. Leider war nur zwei mal Black Pudding dabei in der Packung, denn der war zuerst weg. Was super gut schmeckt sind die W\u00fcrstchen, dazu ein Roll aufschneiden, die Inneseiten mit Sandwich Spread bestreichen, Salat rein legen und dann das W\u00fcrstchen dazu &#8211; LECKER.<\/p>\n\n\n\n<div class=\"wp-block-image\"><figure class=\"aligncenter size-large\"><img loading=\"lazy\" decoding=\"async\" width=\"750\" height=\"1000\" src=\"http:\/\/www.reisetagebuch-podcast.de\/wordpress\/wp-content\/uploads\/2020\/02\/Abendessen.jpg\" alt=\"Abendessen\" class=\"wp-image-945\" srcset=\"https:\/\/www.reisetagebuch-podcast.de\/wordpress\/wp-content\/uploads\/2020\/02\/Abendessen.jpg 750w, https:\/\/www.reisetagebuch-podcast.de\/wordpress\/wp-content\/uploads\/2020\/02\/Abendessen-225x300.jpg 225w\" sizes=\"auto, (max-width: 750px) 100vw, 750px\" \/><figcaption>Abendessen<\/figcaption><\/figure><\/div>\n\n\n\n<p>Zum Runtersp\u00fclen noch ein leckeres Ale, auch wenn es aus England ist. Was ich nie verstehe sind Schottlandurlauber, die Guiness trinken &#8211; wir sind in SCHOTTLAND, nicht Irland.<\/p>\n\n\n\n<div class=\"wp-block-image\"><figure class=\"aligncenter size-large\"><img loading=\"lazy\" decoding=\"async\" width=\"750\" height=\"1000\" src=\"http:\/\/www.reisetagebuch-podcast.de\/wordpress\/wp-content\/uploads\/2020\/02\/Ale-Hobgoblin.jpg\" alt=\"Ale Hobgoblin\" class=\"wp-image-946\" srcset=\"https:\/\/www.reisetagebuch-podcast.de\/wordpress\/wp-content\/uploads\/2020\/02\/Ale-Hobgoblin.jpg 750w, https:\/\/www.reisetagebuch-podcast.de\/wordpress\/wp-content\/uploads\/2020\/02\/Ale-Hobgoblin-225x300.jpg 225w\" sizes=\"auto, (max-width: 750px) 100vw, 750px\" \/><figcaption>Ale Hobgoblin<\/figcaption><\/figure><\/div>\n\n\n\n<p>Und weil es Abends so lange hell ist, kann man mit den Kindern auch noch lustige Spiele machen.<\/p>\n\n\n\n<div class=\"wp-block-image\"><figure class=\"aligncenter size-large\"><img loading=\"lazy\" decoding=\"async\" width=\"750\" height=\"1000\" src=\"http:\/\/www.reisetagebuch-podcast.de\/wordpress\/wp-content\/uploads\/2020\/02\/Abends-spielen.jpg\" alt=\"spielen am Abend\" class=\"wp-image-947\" srcset=\"https:\/\/www.reisetagebuch-podcast.de\/wordpress\/wp-content\/uploads\/2020\/02\/Abends-spielen.jpg 750w, https:\/\/www.reisetagebuch-podcast.de\/wordpress\/wp-content\/uploads\/2020\/02\/Abends-spielen-225x300.jpg 225w\" sizes=\"auto, (max-width: 750px) 100vw, 750px\" \/><figcaption>spielen am Abend<\/figcaption><\/figure><\/div>\n\n\n\n<p>Hier noch mal ein Panorama, leider kann ich nicht die volle Gr\u00f6\u00dfe hochladen.<\/p>\n\n\n\n<figure class=\"wp-block-image size-large\"><img loading=\"lazy\" decoding=\"async\" width=\"1024\" height=\"265\" src=\"http:\/\/www.reisetagebuch-podcast.de\/wordpress\/wp-content\/uploads\/2020\/02\/Panorama-Achnahaird-und-Highlands-klein-1024x265.png\" alt=\"Panorama Achnahaird und Highlands\" class=\"wp-image-951\" srcset=\"https:\/\/www.reisetagebuch-podcast.de\/wordpress\/wp-content\/uploads\/2020\/02\/Panorama-Achnahaird-und-Highlands-klein-1024x265.png 1024w, https:\/\/www.reisetagebuch-podcast.de\/wordpress\/wp-content\/uploads\/2020\/02\/Panorama-Achnahaird-und-Highlands-klein-300x78.png 300w, https:\/\/www.reisetagebuch-podcast.de\/wordpress\/wp-content\/uploads\/2020\/02\/Panorama-Achnahaird-und-Highlands-klein-768x198.png 768w, https:\/\/www.reisetagebuch-podcast.de\/wordpress\/wp-content\/uploads\/2020\/02\/Panorama-Achnahaird-und-Highlands-klein-1536x397.png 1536w, https:\/\/www.reisetagebuch-podcast.de\/wordpress\/wp-content\/uploads\/2020\/02\/Panorama-Achnahaird-und-Highlands-klein-2048x529.png 2048w\" sizes=\"auto, (max-width: 1024px) 100vw, 1024px\" \/><figcaption>Panorama Achnahaird und Highlands<\/figcaption><\/figure>\n","protected":false},"author":1,"featured_media":942,"comment_status":"open","ping_status":"open","template":"","meta":{"activitypub_content_warning":"","activitypub_content_visibility":"","activitypub_max_image_attachments":3,"activitypub_interaction_policy_quote":"anyone","activitypub_status":"","footnotes":""},"tags":[426,425,420,61,205,409,406,146,404,401,39,411,421,17,402,427,418,410,424,70,419,118,60],"class_list":["post-939","podcast","type-podcast","status-publish","has-post-thumbnail","hentry","tag-achitlibuie","tag-achnahaird","tag-broomfield","tag-camping","tag-camping-caravan-podcast","tag-einkaufen","tag-fidden","tag-holiday-park","tag-insel","tag-isle-of-mull","tag-kinder","tag-kintra","tag-leal-forest","tag-meer","tag-ocean","tag-panorama","tag-regenbogen","tag-sonnenuntergang","tag-stac-pollaidh","tag-strand","tag-tellerkopfschraube","tag-ullapool","tag-zelt","post"],"_links":{"self":[{"href":"https:\/\/www.reisetagebuch-podcast.de\/wordpress\/wp-json\/wp\/v2\/episodes\/939","targetHints":{"allow":["GET"]}}],"collection":[{"href":"https:\/\/www.reisetagebuch-podcast.de\/wordpress\/wp-json\/wp\/v2\/episodes"}],"about":[{"href":"https:\/\/www.reisetagebuch-podcast.de\/wordpress\/wp-json\/wp\/v2\/types\/podcast"}],"author":[{"embeddable":true,"href":"https:\/\/www.reisetagebuch-podcast.de\/wordpress\/wp-json\/wp\/v2\/users\/1"}],"replies":[{"embeddable":true,"href":"https:\/\/www.reisetagebuch-podcast.de\/wordpress\/wp-json\/wp\/v2\/comments?post=939"}],"version-history":[{"count":1,"href":"https:\/\/www.reisetagebuch-podcast.de\/wordpress\/wp-json\/wp\/v2\/episodes\/939\/revisions"}],"predecessor-version":[{"id":952,"href":"https:\/\/www.reisetagebuch-podcast.de\/wordpress\/wp-json\/wp\/v2\/episodes\/939\/revisions\/952"}],"wp:featuredmedia":[{"embeddable":true,"href":"https:\/\/www.reisetagebuch-podcast.de\/wordpress\/wp-json\/wp\/v2\/media\/942"}],"wp:attachment":[{"href":"https:\/\/www.reisetagebuch-podcast.de\/wordpress\/wp-json\/wp\/v2\/media?parent=939"}],"wp:term":[{"taxonomy":"post_tag","embeddable":true,"href":"https:\/\/www.reisetagebuch-podcast.de\/wordpress\/wp-json\/wp\/v2\/tags?post=939"}],"curies":[{"name":"wp","href":"https:\/\/api.w.org\/{rel}","templated":true}]}}