{"id":957,"date":"2020-02-20T17:42:00","date_gmt":"2020-02-20T16:42:00","guid":{"rendered":"podlove-2020-02-20t15:42:27+00:00-6e1743cae459b22"},"modified":"2020-02-20T17:11:08","modified_gmt":"2020-02-20T16:11:08","slug":"rb083-sco-go-to-inverness-2019-07-21","status":"publish","type":"podcast","link":"https:\/\/www.reisetagebuch-podcast.de\/wordpress\/2020\/02\/20\/rb083-sco-go-to-inverness-2019-07-21\/","title":{"rendered":"rb083 &#8211; SCO &#8211; go to Inverness &#8211; 2019-07-21"},"content":{"rendered":"\n\t\t\n            <div class=\"podlove-web-player intrinsic-ignore podlove-web-player-loading\" id=\"player-69f193b0e9a49\"><root data-test=\"player--xl\" style=\"max-width:950px;min-width:260px;\">\n  <div class=\"tablet:px-6 tablet:pt-6 mobile:px-4 mobile:pt-4 flex flex-col\">\n    <div class=\"flex-col items-center mobile:flex tablet:hidden\">\n      <show-title class=\"text-sm\"><\/show-title>\n      <episode-title class=\"text-base mb-2\"><\/episode-title>\n      <subscribe-button class=\"mb-4 mobile:flex tablet:hidden\"><\/subscribe-button>\n      <poster class=\"rounded-sm w-48 shadow overflow-hidden\"><\/poster>\n      <divider class=\"w-full my-6\"><\/divider>\n    <\/div>\n\n    <div class=\"tablet:flex flex-grow\">\n      <div class=\"w-64 mobile:hidden tablet:block tablet:mr-6\">\n        <poster class=\"rounded-sm shadow overflow-hidden\"><\/poster>\n      <\/div>\n      <div class=\"w-full\">\n        <div class=\"hidden tablet:block\">\n          <show-title class=\"text-base\"><\/show-title>\n          <episode-title class=\"text-xl desktop:text-2xl\"><\/episode-title>\n          <divider class=\"w-full my-4\"><\/divider>\n        <\/div>\n        <div class=\"flex items-center justify-between\">\n          <div class=\"block\">\n            <play-state on=\"active\">\n              <speed-control class=\"flex items-center\"><\/speed-control>\n            <\/play-state>\n          <\/div>\n\n          <div class=\"flex\">\n            <play-state on=\"active\">\n              <chapter-previous class=\"mx-2 block\"><\/chapter-previous>\n            <\/play-state>\n            <play-state on=\"active\">\n              <step-backward class=\"mx-2 block\"><\/step-backward>\n            <\/play-state>\n\n            <play-button class=\"mx-2 block\" :label=\"$t('PLAYER.PLAY_EPISODE')\"><\/play-button>\n\n            <play-state on=\"active\">\n              <step-forward class=\"mx-2 block\"><\/step-forward>\n            <\/play-state>\n            <play-state on=\"active\">\n              <chapter-next class=\"mx-2 block\"><\/chapter-next>\n            <\/play-state>\n          <\/div>\n\n          <div class=\"block\">\n            <play-state on=\"active\">\n              <volume-control class=\"flex items-center\"><\/volume-control>\n            <\/play-state>\n          <\/div>\n        <\/div>\n        <div class=\"flex w-full\">\n          <progress-bar><\/progress-bar>\n        <\/div>\n        <div class=\"flex w-full -mt-2\">\n          <div class=\"w-3\/12 text-left\">\n            <timer-current class=\"text-sm\"><\/timer-current>\n          <\/div>\n          <div class=\"w-6\/12 text-center truncate\">\n            <play-state on=\"active\">\n              <current-chapter class=\"text-sm\"><\/current-chapter>\n            <\/play-state>\n          <\/div>\n          <div class=\"w-3\/12 text-right\">\n            <timer-duration class=\"text-sm\"><\/timer-duration>\n          <\/div>\n        <\/div>\n      <\/div>\n    <\/div>\n    <divider class=\"w-full mt-6 mb-3\"><\/divider>\n    <div class=\"flex justify-between\">\n      <div class=\"flex mobile:w-full tablet:w-3\/12 desktop:w-3\/12 justify-between\">\n        <tab-trigger tab=\"chapters\">\n          <icon type=\"chapter\"><\/icon>\n        <\/tab-trigger>\n        <tab-trigger tab=\"transcripts\">\n          <icon type=\"transcripts\"><\/icon>\n        <\/tab-trigger>\n        <tab-trigger tab=\"files\">\n          <icon type=\"download\"><\/icon>\n        <\/tab-trigger>\n        <tab-trigger tab=\"playlist\">\n          <icon type=\"playlist\"><\/icon>\n        <\/tab-trigger>\n        <tab-trigger tab=\"share\">\n          <icon type=\"share\"><\/icon>\n        <\/tab-trigger>\n      <\/div>\n      <subscribe-button class=\"mt-1 mobile:hidden tablet:flex\"><\/subscribe-button>\n    <\/div>\n  <\/div>\n  <div class=\"w-full relative overflow-hidden\">\n    <tab name=\"chapters\">\n      <tab-chapters><\/tab-chapters>\n    <\/tab>\n    <tab name=\"transcripts\">\n      <tab-transcripts><\/tab-transcripts>\n    <\/tab>\n    <tab name=\"files\">\n      <tab-files><\/tab-files>\n    <\/tab>\n    <tab name=\"playlist\">\n      <tab-playlist><\/tab-playlist>\n    <\/tab>\n    <tab name=\"share\">\n      <tab-share><\/tab-share>\n    <\/tab>\n    <tab-overflow><\/tab-overflow>\n  <\/div>\n  <error><\/error>\n<\/root>\n<\/div>\n            <script>\n              document.addEventListener(\"DOMContentLoaded\", function() {\n                var player = document.getElementById(\"player-69f193b0e9a49\");\n                podlovePlayerCache.add([{\"url\":\"https:\\\/\\\/www.reisetagebuch-podcast.de\\\/wordpress\\\/wp-json\\\/podlove-web-player\\\/shortcode\\\/publisher\\\/957\",\"data\":{\"version\":5,\"show\":{\"title\":\"Reisetagebuch Podcast\",\"subtitle\":\"Wenn einer eine Reise tut, dann hat er viel zu erz\\u00e4hlen\",\"summary\":\"Ich erz\\u00e4hle euch meine Reisen und nehme euch ein St\\u00fcck weit mit...\",\"poster\":\"https:\\\/\\\/www.reisetagebuch-podcast.de\\\/wordpress\\\/podlove\\\/image\\\/687474703a2f2f7777772e726569736574616765627563682d706f64636173742e64652f776f726470726573732f77702d636f6e74656e742f75706c6f6164732f323031362f30352f4c6f676f30312d4b6f7069652d313430302e706e67\\\/500\\\/0\\\/0\\\/reisetagebuch-podcast\",\"link\":\"https:\\\/\\\/www.reisetagebuch-podcast.de\\\/wordpress\"},\"title\":\"rb083 - SCO - go to Inverness - 2019-07-21\",\"subtitle\":\"\",\"summary\":\"\",\"publicationDate\":\"2020-02-20T17:42:00+01:00\",\"duration\":\"00:19:27.444\",\"poster\":\"https:\\\/\\\/www.reisetagebuch-podcast.de\\\/wordpress\\\/podlove\\\/image\\\/687474703a2f2f7777772e726569736574616765627563682d706f64636173742e64652f776f726470726573732f77702d636f6e74656e742f75706c6f6164732f323031362f30352f4c6f676f30312d4b6f7069652d313430302e706e67\\\/500\\\/0\\\/0\\\/reisetagebuch-podcast\",\"link\":\"https:\\\/\\\/www.reisetagebuch-podcast.de\\\/wordpress\\\/2020\\\/02\\\/20\\\/rb083-sco-go-to-inverness-2019-07-21\\\/\",\"chapters\":[],\"audio\":[{\"url\":\"https:\\\/\\\/www.reisetagebuch-podcast.de\\\/wordpress\\\/podlove\\\/file\\\/745\\\/s\\\/webplayer\\\/c\\\/website\\\/rb083---sco---go-to-inverness---2019-07-21.m4a\",\"size\":\"12822088\",\"title\":\"MPEG-4 AAC Audio (m4a)\",\"mimeType\":\"audio\\\/mp4\"},{\"url\":\"https:\\\/\\\/www.reisetagebuch-podcast.de\\\/wordpress\\\/podlove\\\/file\\\/743\\\/s\\\/webplayer\\\/c\\\/website\\\/rb083---sco---go-to-inverness---2019-07-21.mp3\",\"size\":\"16501765\",\"title\":\"MP3 Audio (mp3)\",\"mimeType\":\"audio\\\/mpeg\"},{\"url\":\"https:\\\/\\\/www.reisetagebuch-podcast.de\\\/wordpress\\\/podlove\\\/file\\\/744\\\/s\\\/webplayer\\\/c\\\/website\\\/rb083---sco---go-to-inverness---2019-07-21.opus\",\"size\":\"9640190\",\"title\":\"Opus Audio (opus)\",\"mimeType\":\"audio\\\/ogg;codecs=opus\"}],\"files\":[{\"url\":\"https:\\\/\\\/www.reisetagebuch-podcast.de\\\/wordpress\\\/podlove\\\/file\\\/743\\\/s\\\/webplayer\\\/rb083---sco---go-to-inverness---2019-07-21.mp3\",\"size\":\"16501765\",\"title\":\"MP3 Audio\",\"mimeType\":\"audio\\\/mpeg\"},{\"url\":\"https:\\\/\\\/www.reisetagebuch-podcast.de\\\/wordpress\\\/podlove\\\/file\\\/745\\\/s\\\/webplayer\\\/rb083---sco---go-to-inverness---2019-07-21.m4a\",\"size\":\"12822088\",\"title\":\"MPEG-4 AAC Audio\",\"mimeType\":\"audio\\\/mp4\"},{\"url\":\"https:\\\/\\\/www.reisetagebuch-podcast.de\\\/wordpress\\\/podlove\\\/file\\\/744\\\/s\\\/webplayer\\\/rb083---sco---go-to-inverness---2019-07-21.opus\",\"size\":\"9640190\",\"title\":\"Opus Audio\",\"mimeType\":\"audio\\\/ogg;codecs=opus\"}],\"contributors\":[{\"id\":\"1\",\"name\":\"Mario\",\"avatar\":\"https:\\\/\\\/www.reisetagebuch-podcast.de\\\/wordpress\\\/wp-content\\\/cache\\\/podlove\\\/29\\\/298393e55dac6e4e5f09e48b0d6a4d\\\/mario_150x150.jpg\",\"role\":null,\"group\":null,\"comment\":null}]}}, {\"url\":\"https:\\\/\\\/www.reisetagebuch-podcast.de\\\/wordpress\\\/wp-json\\\/podlove-web-player\\\/shortcode\\\/config\\\/default\\\/theme\\\/default\",\"data\":{\"activeTab\":\"chapters\",\"subscribe-button\":null,\"share\":{\"channels\":[\"facebook\",\"twitter\",\"whats-app\",\"linkedin\",\"pinterest\",\"xing\",\"mail\",\"link\"],\"outlet\":\"https:\\\/\\\/www.reisetagebuch-podcast.de\\\/wordpress\\\/wp-content\\\/plugins\\\/podlove-web-player\\\/web-player\\\/share.html\",\"sharePlaytime\":true},\"related-episodes\":{\"source\":\"disabled\",\"value\":null},\"version\":5,\"theme\":{\"tokens\":{\"brand\":\"#E64415\",\"brandDark\":\"#235973\",\"brandDarkest\":\"#1A3A4A\",\"brandLightest\":\"#E9F1F5\",\"shadeDark\":\"#807E7C\",\"shadeBase\":\"#807E7C\",\"contrast\":\"#000\",\"alt\":\"#fff\"},\"fonts\":{\"ci\":{\"name\":\"ci\",\"family\":[\"-apple-system\",\"BlinkMacSystemFont\",\"Segoe UI\",\"Roboto\",\"Helvetica\",\"Arial\",\"sans-serif\",\"Apple Color Emoji\",\"Segoe UI Emoji\\\", \\\"Segoe UI Symbol\"],\"src\":[],\"weight\":800},\"regular\":{\"name\":\"regular\",\"family\":[\"-apple-system\",\"BlinkMacSystemFont\",\"Segoe UI\",\"Roboto\",\"Helvetica\",\"Arial\",\"sans-serif\",\"Apple Color Emoji\",\"Segoe UI Emoji\\\", \\\"Segoe UI Symbol\"],\"src\":[],\"weight\":300},\"bold\":{\"name\":\"bold\",\"family\":[\"-apple-system\",\"BlinkMacSystemFont\",\"Segoe UI\",\"Roboto\",\"Helvetica\",\"Arial\",\"sans-serif\",\"Apple Color Emoji\",\"Segoe UI Emoji\\\", \\\"Segoe UI Symbol\"],\"src\":[],\"weight\":700}}},\"base\":\"https:\\\/\\\/www.reisetagebuch-podcast.de\\\/wordpress\\\/wp-content\\\/plugins\\\/podlove-web-player\\\/web-player\\\/\"}}]);\n                podlovePlayer(player, \"https:\/\/www.reisetagebuch-podcast.de\/wordpress\/wp-json\/podlove-web-player\/shortcode\/publisher\/957\", \"https:\/\/www.reisetagebuch-podcast.de\/wordpress\/wp-json\/podlove-web-player\/shortcode\/config\/default\/theme\/default\").then(function() {\n                  player && player.classList.remove(\"podlove-web-player-loading\");\n                });\n              });\n            <\/script>\n            <style>\n              .podlove-web-player.podlove-web-player-loading {\n                opacity: 0;\n              }\n            <\/style>\n        \n\t\n\t\t<form action=\"#\"><div class=\"episode_downloads\"><input type=\"hidden\" name=\"ptm_source\" value=\"download\" \/><input type=\"hidden\" name=\"ptm_context\" value=\"select-button\" \/><select name=\"download_media_file\"><option value=\"743\" data-raw-url=\"https:\/\/www.reisetagebuch-podcast.de\/wordpress\/podlove\/file\/743\/s\/download\/c\/select-show\/rb083---sco---go-to-inverness---2019-07-21.mp3\">MP3 Audio [16 MB]<\/option><option value=\"745\" data-raw-url=\"https:\/\/www.reisetagebuch-podcast.de\/wordpress\/podlove\/file\/745\/s\/download\/c\/select-show\/rb083---sco---go-to-inverness---2019-07-21.m4a\">MPEG-4 AAC Audio [12 MB]<\/option><option value=\"744\" data-raw-url=\"https:\/\/www.reisetagebuch-podcast.de\/wordpress\/podlove\/file\/744\/s\/download\/c\/select-show\/rb083---sco---go-to-inverness---2019-07-21.opus\">Opus Audio [9 MB]<\/option><\/select><button class=\"podlove-download-primary\">Download<\/button><button class=\"podlove-download-secondary\">Show URL<\/button><\/div><\/form><script>\nfunction podlove_document_ready(fn) {\n  if (document.readyState != 'loading'){\n    fn();\n  } else {\n    document.addEventListener('DOMContentLoaded', fn);\n  }\n}\n\npodlove_document_ready(function() {\n\tdocument.querySelectorAll(\".episode_downloads\").forEach(function(item) {\n        var selectEl = item.querySelector(\"select\");\n\n        item.querySelector(\"button.podlove-download-secondary\").addEventListener(\"click\", function(e) {\n\t\t\te.preventDefault();\n            var optionEl = selectEl.querySelector(\"option[value='\"+ selectEl.value +\"']\")\n            let url = optionEl.dataset.rawUrl;\n\t\t\tprompt(\"Feel free to copy and paste this URL\", url);\n\t\t\treturn false;\n\t\t})\n\t});\n});\n<\/script>\n\n<p>Jetzt sind wir schon eine ganze Weile in Schottland unterwegs und so langsam muss man leider an den R\u00fcckweg denken. So grob steht der Plan ja immer, nur die Zeit die wir wo verbringen ist flexibel. Also Wetter App befragen und mal grob rechnen wie lange wir noch da sind, wie das Wetter wo sein\/werden kann und dann mal los.<\/p>\n\n\n\n<p>Inverness muss eigentlich immer sein, seit meine Frau hier in der Gegend gelebt hat, hat es mir die Gegend angetan und so schlecht ist die Black Isle auch nicht \ud83d\ude09<\/p>\n\n\n\n<div class=\"wp-block-image\"><figure class=\"aligncenter size-large\"><img loading=\"lazy\" decoding=\"async\" width=\"1000\" height=\"750\" src=\"http:\/\/www.reisetagebuch-podcast.de\/wordpress\/wp-content\/uploads\/2020\/02\/Ullapool-und-Highlands-mit-Wolkenband.jpg\" alt=\"Ullapool und Highlands mit Wolkenband\" class=\"wp-image-955\" srcset=\"https:\/\/www.reisetagebuch-podcast.de\/wordpress\/wp-content\/uploads\/2020\/02\/Ullapool-und-Highlands-mit-Wolkenband.jpg 1000w, https:\/\/www.reisetagebuch-podcast.de\/wordpress\/wp-content\/uploads\/2020\/02\/Ullapool-und-Highlands-mit-Wolkenband-300x225.jpg 300w, https:\/\/www.reisetagebuch-podcast.de\/wordpress\/wp-content\/uploads\/2020\/02\/Ullapool-und-Highlands-mit-Wolkenband-768x576.jpg 768w\" sizes=\"auto, (max-width: 1000px) 100vw, 1000px\" \/><figcaption>Ullapool und Highlands mit Wolkenband<\/figcaption><\/figure><\/div>\n\n\n\n<p>Ullapool entl\u00e4sst uns mit wieder einem sch\u00f6nen Postkartenausblick. Da will man ja eigentlich gar nicht weg. Dazu auch noch, das ich dieses mal gar nicht hier zum Golf spielen gekommen bin &#8211; leider. Das muss ich unbedingt mal nachholen&#8230;.<\/p>\n\n\n\n<p>Der Weg nach Inverness ist ja altbekannt und so alles packen und im Auto verstauen und zum Abschluss weinte der Himmel auch noch, als wir alles verladen hatten.<\/p>\n\n\n\n<p>Nach 1,5 Stunden waren wir auch schon auf dem Bunchrew Caravan Zeltplatz und hier sind wir quasi Stammg\u00e4ste. Und, ein Stopp hier ist Pflicht und von den Kindern auch so bestellt. Warum, das h\u00f6rt ihr sicher in dieser Folge. Wenn nicht, dann garantiert in der n\u00e4chsten.<\/p>\n\n\n\n<div class=\"wp-block-image\"><figure class=\"aligncenter size-large\"><img loading=\"lazy\" decoding=\"async\" width=\"1000\" height=\"750\" src=\"http:\/\/www.reisetagebuch-podcast.de\/wordpress\/wp-content\/uploads\/2020\/02\/Bunchrew-Zeltplatz-im-Abendlicht.jpg\" alt=\"Bunchrew Zeltplatz im Abendlicht\" class=\"wp-image-956\" srcset=\"https:\/\/www.reisetagebuch-podcast.de\/wordpress\/wp-content\/uploads\/2020\/02\/Bunchrew-Zeltplatz-im-Abendlicht.jpg 1000w, https:\/\/www.reisetagebuch-podcast.de\/wordpress\/wp-content\/uploads\/2020\/02\/Bunchrew-Zeltplatz-im-Abendlicht-300x225.jpg 300w, https:\/\/www.reisetagebuch-podcast.de\/wordpress\/wp-content\/uploads\/2020\/02\/Bunchrew-Zeltplatz-im-Abendlicht-768x576.jpg 768w\" sizes=\"auto, (max-width: 1000px) 100vw, 1000px\" \/><figcaption>Bunchrew Zeltplatz im Abendlicht<\/figcaption><\/figure><\/div>\n\n\n\n<p>Der Zeltplatz ist unser Lieblingsplatz. Er liegt ein paar km Westlich von Inverness in Richtung Beauly aber sch\u00f6n am Morray Firth gelegen und man sieht auch die Highlands wenn das Wetter stimmt.<\/p>\n\n\n\n<div class=\"wp-block-image\"><figure class=\"aligncenter size-large\"><img loading=\"lazy\" decoding=\"async\" width=\"1000\" height=\"667\" src=\"http:\/\/www.reisetagebuch-podcast.de\/wordpress\/wp-content\/uploads\/2020\/02\/Regenwolken.jpg\" alt=\"Regenwolken\" class=\"wp-image-954\" srcset=\"https:\/\/www.reisetagebuch-podcast.de\/wordpress\/wp-content\/uploads\/2020\/02\/Regenwolken.jpg 1000w, https:\/\/www.reisetagebuch-podcast.de\/wordpress\/wp-content\/uploads\/2020\/02\/Regenwolken-300x200.jpg 300w, https:\/\/www.reisetagebuch-podcast.de\/wordpress\/wp-content\/uploads\/2020\/02\/Regenwolken-768x512.jpg 768w\" sizes=\"auto, (max-width: 1000px) 100vw, 1000px\" \/><figcaption>Regenwolken<\/figcaption><\/figure><\/div>\n\n\n\n<p>Und wie das mit dem Wetter ist, mal regnet es und mal scheint die Sonne. Generell w\u00fcrde ich aber von diesem Jahr sagen, es war in weiten Teilen auch in Schottland viel zu trocken. Manche Fl\u00fcsse hatten echt nur noch Rinnsale als Wasserlauf und auch auf Wanderungen war von &#8222;Bog Factor IV&#8220; nichts zu merken, das war nicht mal Stufe I gewesen&#8230;.<\/p>\n\n\n\n<ul class=\"wp-block-list\"><li>Openstreetmap &#8211; <a href=\"https:\/\/www.openstreetmap.org\/?mlat=57.4822&amp;mlon=-4.3062#map=14\/57.4822\/-4.3062\">https:\/\/www.openstreetmap.org\/?mlat=57.4822&amp;mlon=-4.3062#map=14\/57.4822\/-4.3062<\/a><\/li><li> The Camping Directory  &#8211; <a href=\"http:\/\/www.camping-directory.uk\/camping_caravanning\/scotland\/inverness_shire\/2252\">http:\/\/www.camping-directory.uk\/camping_caravanning\/scotland\/inverness_shire\/2252<\/a><\/li><li>Camping.info &#8211; <a href=\"https:\/\/www.camping.info\/de\/campingplatz\/bunchrew-car-camp-park\">https:\/\/www.camping.info\/de\/campingplatz\/bunchrew-car-camp-park<\/a><\/li><li>Der Zeltplatz ist nicht gerade billig aber auch nicht unversch\u00e4mt teuer. Die N\u00e4he zu Inverness ist super und auch wenn man in die Gegend will, kommt man gut weg. Ja, man muss zum Teil durch Inverness fahren aber ich mag die Stadt und daher ist das f\u00fcr mich eher kein Problem.<\/li><\/ul>\n","protected":false},"author":1,"featured_media":956,"comment_status":"open","ping_status":"open","template":"","meta":{"activitypub_content_warning":"","activitypub_content_visibility":"","activitypub_max_image_attachments":3,"activitypub_interaction_policy_quote":"anyone","activitypub_status":"","footnotes":""},"tags":[420,102,61,205,126,409,406,371,146,404,81,401,39,17,402,6,410,70,419,118,5,60,54],"class_list":["post-957","podcast","type-podcast","status-publish","has-post-thumbnail","hentry","tag-broomfield","tag-bunchrew","tag-camping","tag-camping-caravan-podcast","tag-caravan","tag-einkaufen","tag-fidden","tag-highlands","tag-holiday-park","tag-insel","tag-inverness","tag-isle-of-mull","tag-kinder","tag-meer","tag-ocean","tag-reise","tag-sonnenuntergang","tag-strand","tag-tellerkopfschraube","tag-ullapool","tag-urlaub","tag-zelt","tag-zeltplatz","post"],"_links":{"self":[{"href":"https:\/\/www.reisetagebuch-podcast.de\/wordpress\/wp-json\/wp\/v2\/episodes\/957","targetHints":{"allow":["GET"]}}],"collection":[{"href":"https:\/\/www.reisetagebuch-podcast.de\/wordpress\/wp-json\/wp\/v2\/episodes"}],"about":[{"href":"https:\/\/www.reisetagebuch-podcast.de\/wordpress\/wp-json\/wp\/v2\/types\/podcast"}],"author":[{"embeddable":true,"href":"https:\/\/www.reisetagebuch-podcast.de\/wordpress\/wp-json\/wp\/v2\/users\/1"}],"replies":[{"embeddable":true,"href":"https:\/\/www.reisetagebuch-podcast.de\/wordpress\/wp-json\/wp\/v2\/comments?post=957"}],"version-history":[{"count":3,"href":"https:\/\/www.reisetagebuch-podcast.de\/wordpress\/wp-json\/wp\/v2\/episodes\/957\/revisions"}],"predecessor-version":[{"id":961,"href":"https:\/\/www.reisetagebuch-podcast.de\/wordpress\/wp-json\/wp\/v2\/episodes\/957\/revisions\/961"}],"wp:featuredmedia":[{"embeddable":true,"href":"https:\/\/www.reisetagebuch-podcast.de\/wordpress\/wp-json\/wp\/v2\/media\/956"}],"wp:attachment":[{"href":"https:\/\/www.reisetagebuch-podcast.de\/wordpress\/wp-json\/wp\/v2\/media?parent=957"}],"wp:term":[{"taxonomy":"post_tag","embeddable":true,"href":"https:\/\/www.reisetagebuch-podcast.de\/wordpress\/wp-json\/wp\/v2\/tags?post=957"}],"curies":[{"name":"wp","href":"https:\/\/api.w.org\/{rel}","templated":true}]}}